{"id":4662,"date":"2023-11-23T17:55:00","date_gmt":"2023-11-23T16:55:00","guid":{"rendered":"https:\/\/teguioenbarcelona.com\/rutes\/"},"modified":"2024-01-29T11:00:23","modified_gmt":"2024-01-29T10:00:23","slug":"rutas","status":"publish","type":"page","link":"https:\/\/teguioenbarcelona.com\/ca\/rutas\/","title":{"rendered":"Rutes"},"content":{"rendered":"<p>[et_pb_section fb_built=&#8221;1&#8243; _builder_version=&#8221;4.22.2&#8243; _module_preset=&#8221;default&#8221; background_color=&#8221;rgba(24,31,39,0.41)&#8221; background_image=&#8221;https:\/\/teguioenbarcelona.com\/wp-content\/uploads\/2023\/07\/slider-rutas.webp&#8221; background_blend=&#8221;multiply&#8221; height=&#8221;450px&#8221; custom_padding=&#8221;100px||||false|false&#8221; global_colors_info=&#8221;{}&#8221;][et_pb_row _builder_version=&#8221;4.22.2&#8243; _module_preset=&#8221;default&#8221; custom_margin=&#8221;0px||||false|false&#8221; custom_padding=&#8221;0px||0px||true|false&#8221; global_colors_info=&#8221;{}&#8221;][et_pb_column type=&#8221;4_4&#8243; _builder_version=&#8221;4.21.0&#8243; _module_preset=&#8221;default&#8221; global_colors_info=&#8221;{}&#8221;][et_pb_text _builder_version=&#8221;4.23.1&#8243; _module_preset=&#8221;default&#8221; text_font=&#8221;|300|||||||&#8221; text_text_color=&#8221;#FFFFFF&#8221; text_font_size=&#8221;25px&#8221; header_font=&#8221;|300|||||||&#8221; header_text_color=&#8221;#FFFFFF&#8221; header_font_size=&#8221;27px&#8221; header_letter_spacing=&#8221;-1px&#8221; text_orientation=&#8221;center&#8221; custom_margin=&#8221;||0px||false|false&#8221; global_colors_info=&#8221;{}&#8221;]<\/p>\n<h1>Totes les nostres rutes privades<\/h1>\n<p>[\/et_pb_text][et_pb_text _builder_version=&#8221;4.23.1&#8243; _module_preset=&#8221;default&#8221; text_font=&#8221;|600|||||||&#8221; text_text_color=&#8221;#FFFFFF&#8221; text_font_size=&#8221;40px&#8221; text_line_height=&#8221;1em&#8221; text_orientation=&#8221;center&#8221; custom_margin=&#8221;|10%||10%|false|true&#8221; custom_margin_tablet=&#8221;|0%||0%|false|true&#8221; custom_margin_phone=&#8221;|0%||0%|false|true&#8221; custom_margin_last_edited=&#8221;on|tablet&#8221; text_font_size_tablet=&#8221;35px&#8221; text_font_size_phone=&#8221;30px&#8221; text_font_size_last_edited=&#8221;on|phone&#8221; global_colors_info=&#8221;{}&#8221;]<\/p>\n<p class=\"p1\"><span class=\"s1\">Coneix Barcelona amb Guia Oficial en exclusiva per a vosaltres<\/span><\/p>\n<p>[\/et_pb_text][\/et_pb_column][\/et_pb_row][\/et_pb_section][et_pb_section fb_built=&#8221;1&#8243; _builder_version=&#8221;4.21.0&#8243; _module_preset=&#8221;default&#8221; custom_padding=&#8221;30px||30px||true|false&#8221; global_colors_info=&#8221;{}&#8221;][et_pb_row _builder_version=&#8221;4.23.1&#8243; _module_preset=&#8221;default&#8221; custom_padding=&#8221;0px||0px||true|false&#8221; hover_enabled=&#8221;0&#8243; global_colors_info=&#8221;{}&#8221; custom_margin=&#8221;20px||||false|false&#8221; sticky_enabled=&#8221;0&#8243;][et_pb_column type=&#8221;4_4&#8243; _builder_version=&#8221;4.21.0&#8243; _module_preset=&#8221;default&#8221; global_colors_info=&#8221;{}&#8221;][et_pb_text _builder_version=&#8221;4.23.1&#8243; _module_preset=&#8221;default&#8221; text_font=&#8221;|300|||||||&#8221; header_4_font=&#8221;Playfair Display||on||||||&#8221; header_4_text_color=&#8221;#181F27&#8243; header_4_font_size=&#8221;25px&#8221; text_orientation=&#8221;center&#8221; hover_enabled=&#8221;0&#8243; global_colors_info=&#8221;{}&#8221; sticky_enabled=&#8221;0&#8243; custom_padding=&#8221;2px|||||&#8221; header_4_line_height=&#8221;1.2em&#8221;]<\/p>\n<h4 class=\"p1\"><span class=\"s1\">Podeu triar entre una d&#8217;aquestes rutes, o podem preparar una<strong> <span style=\"color: #9c0069;\">a mida<\/span> dels vostres interessos i disponibilitat hor\u00e0ria<\/strong>.<\/span><\/h4>\n<p>&nbsp;<\/p>\n<p class=\"p1\"><span class=\"s1\">Comen\u00e7arem la visita <strong>des d&#8217;un lloc c\u00e8ntric de Barcelona<\/strong>, o podrem recollir-vos algun altre lloc. Ens despla\u00e7arem caminant, en transport p\u00fablic o en vehicle privat; dep\u00e8n de vosaltres. L&#8217;hora d&#8217;inici i la durada s&#8217;adaptar\u00e0 a les vostres prefer\u00e8ncies.<\/span><\/p>\n<p>[\/et_pb_text][et_pb_code _builder_version=&#8221;4.22.2&#8243; _module_preset=&#8221;default&#8221; global_colors_info=&#8221;{}&#8221;]<pee><ul class=\"filtro-categorias\"><li id=\"2-hores\"><a href=\"https:\/\/teguioenbarcelona.com\/ca\/category\/2-hores\/\">2 hores<\/a><\/li><li id=\"4-hores\"><a href=\"https:\/\/teguioenbarcelona.com\/ca\/category\/4-hores\/\">4 hores<\/a><\/li><li id=\"8-hores\"><a href=\"https:\/\/teguioenbarcelona.com\/ca\/category\/8-hores\/\">8 hores<\/a><\/li><li id=\"gastro-ca\"><a href=\"https:\/\/teguioenbarcelona.com\/ca\/category\/gastro-ca\/\">Gastro<\/a><\/li><li id=\"gaudi-ca\"><a href=\"https:\/\/teguioenbarcelona.com\/ca\/category\/gaudi-ca\/\">Gaud\u00ed<\/a><\/li><li id=\"mes-venudes\"><a href=\"https:\/\/teguioenbarcelona.com\/ca\/category\/mes-venudes\/\">M\u00e9s venudes<\/a><\/li><li id=\"totes\"><a href=\"https:\/\/teguioenbarcelona.com\/ca\/category\/totes\/\">Totes<\/a><\/li><\/ul><ul class=\"grid-rutas\"><li class=\"2-hores gaudi-ca mes-venudes totes \"><a href=\"https:\/\/teguioenbarcelona.com\/ca\/rutas\/r15-sagrada-familia-sin-colas\/\"><span style=\"background-image:url('https:\/\/teguioenbarcelona.com\/wp-content\/uploads\/2023\/09\/R15-Grande-1024x768.webp');\"><\/span><p class=\"titulo\">R15\u2013Sagrada Fam\u00edlia, visita guiada<\/p><p class=\"extracto\">La Sagrada Fam\u00edlia, obra mestra de Gaud\u00ed, \u00e9s el s\u00edmbol de Barcelona.<\/p><p class=\"boton\">M\u00e9s informaci\u00f3<\/p><\/a><\/li><li class=\"2-hores mes-venudes totes \"><a href=\"https:\/\/teguioenbarcelona.com\/ca\/rutas\/r11-curiosidades-y-leyendas-de-barcelona-ruta-nocturna\/\"><span style=\"background-image:url('https:\/\/teguioenbarcelona.com\/wp-content\/uploads\/2023\/09\/R11-Grande-1024x568.jpg');\"><\/span><p class=\"titulo\">R11 \u2013 Curiositats i llegendes de Barcelona 1 \u2013 El G\u00f2tic<\/p><p class=\"extracto\">Coneix les curiositats, an\u00e8cdotes i llegendes de la ciutat de Barcelona.<\/p><p class=\"boton\">M\u00e9s informaci\u00f3<\/p><\/a><\/li><li class=\"4-hores mes-venudes totes \"><a href=\"https:\/\/teguioenbarcelona.com\/ca\/rutas\/r24-barcelona-als-teus-peus\/\"><span style=\"background-image:url('https:\/\/teguioenbarcelona.com\/wp-content\/uploads\/2023\/09\/rambla.jpg');\"><\/span><p class=\"titulo\">R24 \u2013 Barcelona als teus peus<\/p><p class=\"extracto\"><p>Per a viatgers amb energia, disposats a caminar 4 hores per Barcelona.<\/p>\n<\/p><p class=\"boton\">M\u00e9s informaci\u00f3<\/p><\/a><\/li><li class=\"4-hores gaudi-ca totes \"><a href=\"https:\/\/teguioenbarcelona.com\/ca\/rutas\/r05-gaudi-patrimonio-de-la-humanidad\/\"><span style=\"background-image:url('https:\/\/teguioenbarcelona.com\/wp-content\/uploads\/2023\/09\/Sagrada-familia-1024x341.webp');\"><\/span><p class=\"titulo\">R05 \u2013 Gaudi. Patrimoni de la humanitat<\/p><p class=\"extracto\">Coneix les m\u00e9s conegudes obres de Gaud\u00ed a Barcelona, declarades Patrimoni de la Humanitat.<\/p><p class=\"boton\">M\u00e9s informaci\u00f3<\/p><\/a><\/li><li class=\"2-hores totes \"><a href=\"https:\/\/teguioenbarcelona.com\/ca\/rutas\/r12-curiosidades-y-leyendas-de-barcelona-2-el-born-ruta-nocturna\/\"><span style=\"background-image:url('https:\/\/teguioenbarcelona.com\/wp-content\/uploads\/2023\/09\/interior-born-1024x768.jpg');\"><\/span><p class=\"titulo\">R12 \u2013 Curiositats i llegendes de Barcelona 2: El Born<\/p><p class=\"extracto\">El barri del Born est\u00e0 ple d&#8217;hist\u00f2ries curioses, racons m\u00e0gics i vestigis arqueol\u00f2gics<\/p><p class=\"boton\">M\u00e9s informaci\u00f3<\/p><\/a><\/li><li class=\"2-hores mes-venudes totes \"><a href=\"https:\/\/teguioenbarcelona.com\/ca\/rutas\/r20-conoce-barcelona-en-familia-especial-para-ninos\/\"><span style=\"background-image:url('https:\/\/teguioenbarcelona.com\/wp-content\/uploads\/2023\/09\/familia-en-ruta-medieval-1-1024x768.jpg');\"><\/span><p class=\"titulo\">R20 \u2013 Coneix Barcelona en fam\u00edlia. (Especial amb nens)<\/p><p class=\"extracto\">G\u00e0rgoles, bufons, pedres ocultes i els \u00e0ngels acusetes de la Catedral ens ensenyaran Barcelona per a fam\u00edlies.<\/p><p class=\"boton\">M\u00e9s informaci\u00f3<\/p><\/a><\/li><li class=\"8-hores totes \"><a href=\"https:\/\/teguioenbarcelona.com\/ca\/rutas\/r21-1-dia-a-barcelona\/\"><span style=\"background-image:url('https:\/\/teguioenbarcelona.com\/wp-content\/uploads\/2023\/12\/R21-Grande-1024x576.webp');\"><\/span><p class=\"titulo\">R21 \u2013 1 Dia a Barcelona<\/p><p class=\"extracto\">Si nom\u00e9s tens un dia per a con\u00e8ixer Barcelona, aquesta \u00e9s la Ruta que et proposem.<\/p><p class=\"boton\">M\u00e9s informaci\u00f3<\/p><\/a><\/li><li class=\"4-hores gastro-ca mes-venudes totes \"><a href=\"https:\/\/teguioenbarcelona.com\/ca\/rutas\/barcelona-de-tapas\/\"><span style=\"background-image:url('https:\/\/teguioenbarcelona.com\/wp-content\/uploads\/2023\/09\/R32-Grande-1024x595.jpg');\"><\/span><p class=\"titulo\">R32 &#8211; Barcelona de Tapes<\/p><p class=\"extracto\">Una experi\u00e8ncia gastron\u00f2mica basada en tapes i vins aix\u00ed com una oportunitat de con\u00e8ixer la hist\u00f2ria i la cultura de la ciutat.<\/p><p class=\"boton\">M\u00e9s informaci\u00f3<\/p><\/a><\/li><li class=\"2-hores totes \"><a href=\"https:\/\/teguioenbarcelona.com\/ca\/rutas\/r13-la-catedral-del-mar\/\"><span style=\"background-image:url('https:\/\/teguioenbarcelona.com\/wp-content\/uploads\/2023\/09\/R13-Grande.jpg');\"><\/span><p class=\"titulo\">R13 \u2013 La Catedral de la Mar (basada en el llibre d&#8217;Ildefonso Falcones)<\/p><p class=\"extracto\">Un homenatge als comerciants, artesans i mercaders que van configurar la Barcelona medieval dels segles XII, XIII i XIV.<\/p><p class=\"boton\">M\u00e9s informaci\u00f3<\/p><\/a><\/li><li class=\"2-hores totes \"><a href=\"https:\/\/teguioenbarcelona.com\/ca\/rutas\/r14-la-mort-a-la-historia-de-barcelona\/\"><span style=\"background-image:url('https:\/\/teguioenbarcelona.com\/wp-content\/uploads\/2023\/09\/R14-Grande-1024x612.jpg');\"><\/span><p class=\"titulo\">R14 \u2013 La mort a la hist\u00f2ria de Barcelona<\/p><p class=\"extracto\">Gaudeix una altra mirada de l&#8217;antiga Barcelona: cementiris mil\u00b7lenaris, convents desapareguts, assassines en s\u00e8rie&#8230;<\/p><p class=\"boton\">M\u00e9s informaci\u00f3<\/p><\/a><\/li><li class=\"2-hores totes \"><a href=\"https:\/\/teguioenbarcelona.com\/ca\/rutas\/el-origen-de-la-ciudad\/\"><span style=\"background-image:url('https:\/\/teguioenbarcelona.com\/wp-content\/uploads\/2023\/09\/R01-Barcino-1024x341.webp');\"><\/span><p class=\"titulo\">R01 \u2013 Barcino. l&#8217;origen rom\u00e0 de la ciutat<\/p><p class=\"extracto\">Farem un recorregut a peu per Barcino, descobrint l&#8217;origen de la Ciutat, el seu creixement i apogeu.<\/p><p class=\"boton\">M\u00e9s informaci\u00f3<\/p><\/a><\/li><li class=\"2-hores totes \"><a href=\"https:\/\/teguioenbarcelona.com\/ca\/rutas\/de-barcino-a-barchinona-ciudad-medieval\/\"><span style=\"background-image:url('https:\/\/teguioenbarcelona.com\/wp-content\/uploads\/2023\/09\/R02-Ciudad-medieval-1024x341.webp');\"><\/span><p class=\"titulo\">R02 \u2013 De Barcino a Barchinona. Ciutat medieval<\/p><p class=\"extracto\">En el S.XIII la ciutat canvia la seva fesomia en el camp urban\u00edstic i arquitect\u00f2nic, creixent en expansi\u00f3 i habitants.<\/p><p class=\"boton\">M\u00e9s informaci\u00f3<\/p><\/a><\/li><li class=\"2-hores gaudi-ca mes-venudes totes \"><a href=\"https:\/\/teguioenbarcelona.com\/ca\/rutas\/barcelona-crece-modernismo-gaudi-y-ensanche\/\"><span style=\"background-image:url('https:\/\/teguioenbarcelona.com\/wp-content\/uploads\/2023\/06\/Modernista-1024x341.webp');\"><\/span><p class=\"titulo\">R03 &#8211; La Barcelona Modernista. El Quadrat d&#8217;Or<\/p><p class=\"extracto\">El Quadrat D\u2019Or on Gaud\u00ed, Dom\u00e8nech i Montaner i Puig i Cadafalch, entre altres, van fer de Barcelona la capital mundial del Modernisme.<\/p><p class=\"boton\">M\u00e9s informaci\u00f3<\/p><\/a><\/li><li class=\"2-hores totes \"><a href=\"https:\/\/teguioenbarcelona.com\/ca\/rutas\/la-guerra-de-succesion-de-la-barcelona-austracista-a-la-borbonica\/\"><span style=\"background-image:url('https:\/\/teguioenbarcelona.com\/wp-content\/uploads\/2023\/09\/La-guerra-de-Sucesion-1024x341.webp');\"><\/span><p class=\"titulo\">R04 \u2013 La guerra de Successi\u00f3. 11 set. 1714. (inclou visita al Born CCM)<\/p><p class=\"extracto\">Coneix la Guerra de successi\u00f3 de 1714 amb una immersi\u00f3 hist\u00f2rica pels barris on va tenir lloc el setge.<\/p><p class=\"boton\">M\u00e9s informaci\u00f3<\/p><\/a><\/li><li class=\"2-hores totes \"><a href=\"https:\/\/teguioenbarcelona.com\/ca\/rutas\/r41-barcelona-de-cine\/\"><span style=\"background-image:url('https:\/\/teguioenbarcelona.com\/wp-content\/uploads\/2023\/09\/R41-\u2013-Barcelona-de-cine.jpg');\"><\/span><p class=\"titulo\">R41 \u2013 Barcelona de cinema<\/p><p class=\"extracto\"><p>Barcelona ha estat i \u00e9s el plat\u00f3 triat en el rodatge de multitud de pel\u00b7l\u00edcules, que han ensenyat Barcelona al m\u00f3n.<\/p>\n<\/p><p class=\"boton\">M\u00e9s informaci\u00f3<\/p><\/a><\/li><\/ul><\/pee>[\/et_pb_code][\/et_pb_column][\/et_pb_row][\/et_pb_section]<\/p>\n","protected":false},"excerpt":{"rendered":"<p>Barcelona ha estat i \u00e9s el plat\u00f3 triat en el rodatge de multitud de pel\u00b7l\u00edcules, que han ensenyat Barcelona al m\u00f3n.<\/p>\n","protected":false},"author":4,"featured_media":605,"parent":0,"menu_order":0,"comment_status":"closed","ping_status":"closed","template":"","meta":{"_acf_changed":false,"_et_pb_use_builder":"on","_et_pb_old_content":"","_et_gb_content_width":"","footnotes":""},"class_list":["post-4662","page","type-page","status-publish","has-post-thumbnail","hentry"],"acf":[],"yoast_head":"<!-- This site is optimized with the Yoast SEO plugin v27.5 - https:\/\/yoast.com\/product\/yoast-seo-wordpress\/ -->\n<title>Rutes - TeGuioEnBarcelona<\/title>\n<meta name=\"description\" content=\"Et presentem totes les nostres rutes per tipologies. Descobreix Barcelona amb una ruta privada a mida. Contacta&#039;ns!\" \/>\n<meta name=\"robots\" content=\"index, follow, max-snippet:-1, max-image-preview:large, max-video-preview:-1\" \/>\n<link rel=\"canonical\" href=\"https:\/\/teguioenbarcelona.com\/ca\/rutas\/\" \/>\n<meta property=\"og:locale\" content=\"ca_ES\" \/>\n<meta property=\"og:type\" content=\"article\" \/>\n<meta property=\"og:title\" content=\"Rutes - TeGuioEnBarcelona\" \/>\n<meta property=\"og:description\" content=\"Et presentem totes les nostres rutes per tipologies. Descobreix Barcelona amb una ruta privada a mida. Contacta&#039;ns!\" \/>\n<meta property=\"og:url\" content=\"https:\/\/teguioenbarcelona.com\/ca\/rutas\/\" \/>\n<meta property=\"og:site_name\" content=\"TeGuioEnBarcelona\" \/>\n<meta property=\"article:modified_time\" content=\"2024-01-29T10:00:23+00:00\" \/>\n<meta property=\"og:image\" content=\"https:\/\/teguioenbarcelona.com\/wp-content\/uploads\/2023\/07\/teguio-logo-pagina.png\" \/>\n\t<meta property=\"og:image:width\" content=\"600\" \/>\n\t<meta property=\"og:image:height\" content=\"269\" \/>\n\t<meta property=\"og:image:type\" content=\"image\/png\" \/>\n<meta name=\"twitter:card\" content=\"summary_large_image\" \/>\n<meta name=\"twitter:label1\" content=\"Temps estimat de lectura\" \/>\n\t<meta name=\"twitter:data1\" content=\"1 minut\" \/>\n<script type=\"application\/ld+json\" class=\"yoast-schema-graph\">{\"@context\":\"https:\\\/\\\/schema.org\",\"@graph\":[{\"@type\":\"WebPage\",\"@id\":\"https:\\\/\\\/teguioenbarcelona.com\\\/ca\\\/rutas\\\/\",\"url\":\"https:\\\/\\\/teguioenbarcelona.com\\\/ca\\\/rutas\\\/\",\"name\":\"Rutes - TeGuioEnBarcelona\",\"isPartOf\":{\"@id\":\"https:\\\/\\\/teguioenbarcelona.com\\\/#website\"},\"primaryImageOfPage\":{\"@id\":\"https:\\\/\\\/teguioenbarcelona.com\\\/ca\\\/rutas\\\/#primaryimage\"},\"image\":{\"@id\":\"https:\\\/\\\/teguioenbarcelona.com\\\/ca\\\/rutas\\\/#primaryimage\"},\"thumbnailUrl\":\"https:\\\/\\\/teguioenbarcelona.com\\\/wp-content\\\/uploads\\\/2023\\\/07\\\/teguio-logo-pagina.png\",\"datePublished\":\"2023-11-23T16:55:00+00:00\",\"dateModified\":\"2024-01-29T10:00:23+00:00\",\"description\":\"Et presentem totes les nostres rutes per tipologies. Descobreix Barcelona amb una ruta privada a mida. Contacta'ns!\",\"breadcrumb\":{\"@id\":\"https:\\\/\\\/teguioenbarcelona.com\\\/ca\\\/rutas\\\/#breadcrumb\"},\"inLanguage\":\"ca\",\"potentialAction\":[{\"@type\":\"ReadAction\",\"target\":[\"https:\\\/\\\/teguioenbarcelona.com\\\/ca\\\/rutas\\\/\"]}]},{\"@type\":\"ImageObject\",\"inLanguage\":\"ca\",\"@id\":\"https:\\\/\\\/teguioenbarcelona.com\\\/ca\\\/rutas\\\/#primaryimage\",\"url\":\"https:\\\/\\\/teguioenbarcelona.com\\\/wp-content\\\/uploads\\\/2023\\\/07\\\/teguio-logo-pagina.png\",\"contentUrl\":\"https:\\\/\\\/teguioenbarcelona.com\\\/wp-content\\\/uploads\\\/2023\\\/07\\\/teguio-logo-pagina.png\",\"width\":600,\"height\":269,\"caption\":\"TeGuioEnBarcelona\"},{\"@type\":\"BreadcrumbList\",\"@id\":\"https:\\\/\\\/teguioenbarcelona.com\\\/ca\\\/rutas\\\/#breadcrumb\",\"itemListElement\":[{\"@type\":\"ListItem\",\"position\":1,\"name\":\"Portada\",\"item\":\"https:\\\/\\\/teguioenbarcelona.com\\\/\"},{\"@type\":\"ListItem\",\"position\":2,\"name\":\"Rutes\"}]},{\"@type\":\"WebSite\",\"@id\":\"https:\\\/\\\/teguioenbarcelona.com\\\/#website\",\"url\":\"https:\\\/\\\/teguioenbarcelona.com\\\/\",\"name\":\"TeGuioEnBarcelona\",\"description\":\"Visita Barcelona con Gu\u00eda Oficial\",\"potentialAction\":[{\"@type\":\"SearchAction\",\"target\":{\"@type\":\"EntryPoint\",\"urlTemplate\":\"https:\\\/\\\/teguioenbarcelona.com\\\/?s={search_term_string}\"},\"query-input\":{\"@type\":\"PropertyValueSpecification\",\"valueRequired\":true,\"valueName\":\"search_term_string\"}}],\"inLanguage\":\"ca\"}]}<\/script>\n<!-- \/ Yoast SEO plugin. -->","yoast_head_json":{"title":"Rutes - TeGuioEnBarcelona","description":"Et presentem totes les nostres rutes per tipologies. Descobreix Barcelona amb una ruta privada a mida. Contacta'ns!","robots":{"index":"index","follow":"follow","max-snippet":"max-snippet:-1","max-image-preview":"max-image-preview:large","max-video-preview":"max-video-preview:-1"},"canonical":"https:\/\/teguioenbarcelona.com\/ca\/rutas\/","og_locale":"ca_ES","og_type":"article","og_title":"Rutes - TeGuioEnBarcelona","og_description":"Et presentem totes les nostres rutes per tipologies. Descobreix Barcelona amb una ruta privada a mida. Contacta'ns!","og_url":"https:\/\/teguioenbarcelona.com\/ca\/rutas\/","og_site_name":"TeGuioEnBarcelona","article_modified_time":"2024-01-29T10:00:23+00:00","og_image":[{"width":600,"height":269,"url":"https:\/\/teguioenbarcelona.com\/wp-content\/uploads\/2023\/07\/teguio-logo-pagina.png","type":"image\/png"}],"twitter_card":"summary_large_image","twitter_misc":{"Temps estimat de lectura":"1 minut"},"schema":{"@context":"https:\/\/schema.org","@graph":[{"@type":"WebPage","@id":"https:\/\/teguioenbarcelona.com\/ca\/rutas\/","url":"https:\/\/teguioenbarcelona.com\/ca\/rutas\/","name":"Rutes - TeGuioEnBarcelona","isPartOf":{"@id":"https:\/\/teguioenbarcelona.com\/#website"},"primaryImageOfPage":{"@id":"https:\/\/teguioenbarcelona.com\/ca\/rutas\/#primaryimage"},"image":{"@id":"https:\/\/teguioenbarcelona.com\/ca\/rutas\/#primaryimage"},"thumbnailUrl":"https:\/\/teguioenbarcelona.com\/wp-content\/uploads\/2023\/07\/teguio-logo-pagina.png","datePublished":"2023-11-23T16:55:00+00:00","dateModified":"2024-01-29T10:00:23+00:00","description":"Et presentem totes les nostres rutes per tipologies. Descobreix Barcelona amb una ruta privada a mida. Contacta'ns!","breadcrumb":{"@id":"https:\/\/teguioenbarcelona.com\/ca\/rutas\/#breadcrumb"},"inLanguage":"ca","potentialAction":[{"@type":"ReadAction","target":["https:\/\/teguioenbarcelona.com\/ca\/rutas\/"]}]},{"@type":"ImageObject","inLanguage":"ca","@id":"https:\/\/teguioenbarcelona.com\/ca\/rutas\/#primaryimage","url":"https:\/\/teguioenbarcelona.com\/wp-content\/uploads\/2023\/07\/teguio-logo-pagina.png","contentUrl":"https:\/\/teguioenbarcelona.com\/wp-content\/uploads\/2023\/07\/teguio-logo-pagina.png","width":600,"height":269,"caption":"TeGuioEnBarcelona"},{"@type":"BreadcrumbList","@id":"https:\/\/teguioenbarcelona.com\/ca\/rutas\/#breadcrumb","itemListElement":[{"@type":"ListItem","position":1,"name":"Portada","item":"https:\/\/teguioenbarcelona.com\/"},{"@type":"ListItem","position":2,"name":"Rutes"}]},{"@type":"WebSite","@id":"https:\/\/teguioenbarcelona.com\/#website","url":"https:\/\/teguioenbarcelona.com\/","name":"TeGuioEnBarcelona","description":"Visita Barcelona con Gu\u00eda Oficial","potentialAction":[{"@type":"SearchAction","target":{"@type":"EntryPoint","urlTemplate":"https:\/\/teguioenbarcelona.com\/?s={search_term_string}"},"query-input":{"@type":"PropertyValueSpecification","valueRequired":true,"valueName":"search_term_string"}}],"inLanguage":"ca"}]}},"_links":{"self":[{"href":"https:\/\/teguioenbarcelona.com\/ca\/wp-json\/wp\/v2\/pages\/4662","targetHints":{"allow":["GET"]}}],"collection":[{"href":"https:\/\/teguioenbarcelona.com\/ca\/wp-json\/wp\/v2\/pages"}],"about":[{"href":"https:\/\/teguioenbarcelona.com\/ca\/wp-json\/wp\/v2\/types\/page"}],"author":[{"embeddable":true,"href":"https:\/\/teguioenbarcelona.com\/ca\/wp-json\/wp\/v2\/users\/4"}],"replies":[{"embeddable":true,"href":"https:\/\/teguioenbarcelona.com\/ca\/wp-json\/wp\/v2\/comments?post=4662"}],"version-history":[{"count":13,"href":"https:\/\/teguioenbarcelona.com\/ca\/wp-json\/wp\/v2\/pages\/4662\/revisions"}],"predecessor-version":[{"id":5661,"href":"https:\/\/teguioenbarcelona.com\/ca\/wp-json\/wp\/v2\/pages\/4662\/revisions\/5661"}],"wp:featuredmedia":[{"embeddable":true,"href":"https:\/\/teguioenbarcelona.com\/ca\/wp-json\/wp\/v2\/media\/605"}],"wp:attachment":[{"href":"https:\/\/teguioenbarcelona.com\/ca\/wp-json\/wp\/v2\/media?parent=4662"}],"curies":[{"name":"wp","href":"https:\/\/api.w.org\/{rel}","templated":true}]}}