{"id":4652,"date":"2023-11-23T17:39:13","date_gmt":"2023-11-23T16:39:13","guid":{"rendered":"https:\/\/teguioenbarcelona.com\/escoles\/"},"modified":"2025-12-21T14:55:47","modified_gmt":"2025-12-21T13:55:47","slug":"colegios","status":"publish","type":"page","link":"https:\/\/teguioenbarcelona.com\/ca\/colegios\/","title":{"rendered":"Escoles"},"content":{"rendered":"<p>[et_pb_section fb_built=&#8221;1&#8243; disabled_on=&#8221;on|on|off&#8221; _builder_version=&#8221;4.22.2&#8243; _module_preset=&#8221;default&#8221; use_background_color_gradient=&#8221;on&#8221; background_color_gradient_direction=&#8221;45deg&#8221; background_color_gradient_stops=&#8221;#9c0069 0%|#ff6237 100%&#8221; background_image=&#8221;https:\/\/teguioenbarcelona.com\/wp-content\/uploads\/2023\/09\/escuelas-sin6.webp&#8221; background_size=&#8221;initial&#8221; background_position=&#8221;top_right&#8221; background_blend=&#8221;multiply&#8221; height=&#8221;470px&#8221; custom_padding=&#8221;20px||0px||false|false&#8221; background_last_edited=&#8221;on|desktop&#8221; background_position_phone=&#8221;bottom_center&#8221; background_vertical_offset_phone=&#8221;0%&#8221; background_blend_phone=&#8221;multiply&#8221; global_colors_info=&#8221;{}&#8221;][et_pb_row _builder_version=&#8221;4.22.2&#8243; _module_preset=&#8221;default&#8221; custom_margin=&#8221;|auto||auto|false|false&#8221; custom_margin_tablet=&#8221;76px|auto||auto||&#8221; custom_margin_phone=&#8221;40px||||false|false&#8221; custom_margin_last_edited=&#8221;off|desktop&#8221; custom_padding=&#8221;0px||0px||true|false&#8221; global_colors_info=&#8221;{}&#8221;][et_pb_column type=&#8221;4_4&#8243; _builder_version=&#8221;4.21.0&#8243; _module_preset=&#8221;default&#8221; global_colors_info=&#8221;{}&#8221;][et_pb_text _builder_version=&#8221;4.23.1&#8243; _module_preset=&#8221;default&#8221; header_font=&#8221;|700|||||||&#8221; header_text_color=&#8221;#ff8563&#8243; header_font_size=&#8221;23px&#8221; custom_margin=&#8221;0px||0px||false|false&#8221; custom_padding=&#8221;||0px||false|false&#8221; locked=&#8221;off&#8221; global_colors_info=&#8221;{}&#8221;]<\/p>\n<h1>Sortides escolars<\/h1>\n<p>[\/et_pb_text][et_pb_text _builder_version=&#8221;4.21.0&#8243; _module_preset=&#8221;default&#8221; header_font=&#8221;|300|||||||&#8221; header_text_color=&#8221;#FFFFFF&#8221; header_font_size=&#8221;48px&#8221; custom_margin_tablet=&#8221;&#8221; custom_margin_phone=&#8221;||10px||false|false&#8221; custom_margin_last_edited=&#8221;on|phone&#8221; custom_padding=&#8221;|40%|||false|false&#8221; custom_padding_tablet=&#8221;|20%|||false|false&#8221; custom_padding_phone=&#8221;|5%|||false|false&#8221; custom_padding_last_edited=&#8221;on|desktop&#8221; header_font_size_tablet=&#8221;40px&#8221; header_font_size_phone=&#8221;35px&#8221; header_font_size_last_edited=&#8221;on|tablet&#8221; inline_fonts=&#8221;Playfair Display&#8221; global_colors_info=&#8221;{}&#8221;]<\/p>\n<h1>Excursions culturals per a <strong><em><span style=\"font-family: 'Playfair Display';\">escoles<\/span><\/em><\/strong> a<strong> Barcelona<\/strong><\/h1>\n<p>[\/et_pb_text][et_pb_button button_url=&#8221;#formulari&#8221; button_text=&#8221;M&#8217;interessa&#8221; _builder_version=&#8221;4.23.1&#8243; _module_preset=&#8221;default&#8221; custom_button=&#8221;on&#8221; button_text_size=&#8221;22px&#8221; button_text_color=&#8221;#000000&#8243; button_bg_color=&#8221;#FFFFFF&#8221; button_icon=&#8221;&#x35;||divi||400&#8243; button_on_hover=&#8221;off&#8221; custom_margin=&#8221;||||false|false&#8221; custom_padding=&#8221;|||29px|false|false&#8221; button_text_size_tablet=&#8221;20px&#8221; button_text_size_phone=&#8221;18px&#8221; button_text_size_last_edited=&#8221;on|phone&#8221; global_colors_info=&#8221;{}&#8221;][\/et_pb_button][\/et_pb_column][\/et_pb_row][\/et_pb_section][et_pb_section fb_built=&#8221;1&#8243; disabled_on=&#8221;off|off|on&#8221; _builder_version=&#8221;4.21.2&#8243; _module_preset=&#8221;default&#8221; use_background_color_gradient=&#8221;on&#8221; background_color_gradient_direction=&#8221;45deg&#8221; background_color_gradient_stops=&#8221;#9c0069 0%|#ff6237 100%&#8221; background_image=&#8221;https:\/\/teguioenbarcelona.com\/wp-content\/uploads\/2023\/09\/escuelas-2.webp&#8221; background_size=&#8221;initial&#8221; background_position=&#8221;top_right&#8221; background_blend=&#8221;multiply&#8221; custom_padding=&#8221;40px||0px||false|false&#8221; background_last_edited=&#8221;on|desktop&#8221; background_size_phone=&#8221;cover&#8221; background_position_phone=&#8221;bottom_center&#8221; background_vertical_offset_phone=&#8221;0%&#8221; background_blend_phone=&#8221;multiply&#8221; global_colors_info=&#8221;{}&#8221;][et_pb_row _builder_version=&#8221;4.21.0&#8243; _module_preset=&#8221;default&#8221; custom_margin=&#8221;-3px|auto||auto|false|false&#8221; custom_margin_tablet=&#8221;76px|auto||auto||&#8221; custom_margin_phone=&#8221;40px||||false|false&#8221; custom_margin_last_edited=&#8221;on|phone&#8221; custom_padding=&#8221;||90px||false|false&#8221; global_colors_info=&#8221;{}&#8221;][et_pb_column type=&#8221;4_4&#8243; _builder_version=&#8221;4.21.0&#8243; _module_preset=&#8221;default&#8221; global_colors_info=&#8221;{}&#8221;][et_pb_text _builder_version=&#8221;4.23.1&#8243; _module_preset=&#8221;default&#8221; header_font=&#8221;|700|||||||&#8221; header_text_color=&#8221;#ff8563&#8243; header_font_size=&#8221;21px&#8221; custom_margin=&#8221;0px||0px||false|false&#8221; custom_padding=&#8221;||0px||false|false&#8221; header_text_color_tablet=&#8221;#FFFFFF&#8221; header_text_color_phone=&#8221;#FFFFFF&#8221; header_text_color_last_edited=&#8221;off|desktop&#8221; locked=&#8221;off&#8221; global_colors_info=&#8221;{}&#8221;]<\/p>\n<h1>Sortides escolars<\/h1>\n<p>[\/et_pb_text][et_pb_text _builder_version=&#8221;4.21.0&#8243; _module_preset=&#8221;default&#8221; header_font=&#8221;|300|||||||&#8221; header_text_color=&#8221;#FFFFFF&#8221; header_font_size=&#8221;48px&#8221; custom_margin_tablet=&#8221;&#8221; custom_margin_phone=&#8221;||10px||false|false&#8221; custom_margin_last_edited=&#8221;on|phone&#8221; custom_padding=&#8221;|40%|||false|false&#8221; custom_padding_tablet=&#8221;|20%|||false|false&#8221; custom_padding_phone=&#8221;|5%|||false|false&#8221; custom_padding_last_edited=&#8221;on|desktop&#8221; header_font_size_tablet=&#8221;40px&#8221; header_font_size_phone=&#8221;35px&#8221; header_font_size_last_edited=&#8221;on|tablet&#8221; inline_fonts=&#8221;Playfair Display&#8221; global_colors_info=&#8221;{}&#8221;]<\/p>\n<h1>Excursions culturals per a <strong><em><span style=\"font-family: 'Playfair Display';\">escoles<\/span><\/em><\/strong> a<strong> Barcelona<\/strong><\/h1>\n<p>[\/et_pb_text][et_pb_button button_url=&#8221;#formulari&#8221; button_text=&#8221;M&#8217;interessa&#8221; _builder_version=&#8221;4.23.1&#8243; _module_preset=&#8221;default&#8221; custom_button=&#8221;on&#8221; button_text_size=&#8221;22px&#8221; button_text_color=&#8221;#000000&#8243; button_bg_color=&#8221;#FFFFFF&#8221; button_icon=&#8221;&#x35;||divi||400&#8243; button_on_hover=&#8221;off&#8221; custom_margin=&#8221;||||false|false&#8221; custom_padding=&#8221;|||29px|false|false&#8221; button_text_size_tablet=&#8221;20px&#8221; button_text_size_phone=&#8221;18px&#8221; button_text_size_last_edited=&#8221;on|phone&#8221; global_colors_info=&#8221;{}&#8221;][\/et_pb_button][\/et_pb_column][\/et_pb_row][\/et_pb_section][et_pb_section fb_built=&#8221;1&#8243; _builder_version=&#8221;4.21.0&#8243; _module_preset=&#8221;default&#8221; min_height=&#8221;3783.3px&#8221; custom_padding=&#8221;20px||20px||true|false&#8221; global_colors_info=&#8221;{}&#8221;][et_pb_row column_structure=&#8221;1_2,1_2&#8243; custom_padding_last_edited=&#8221;on|phone&#8221; _builder_version=&#8221;4.21.0&#8243; _module_preset=&#8221;default&#8221; custom_margin=&#8221;||-13px||false|false&#8221; custom_padding_tablet=&#8221;&#8221; custom_padding_phone=&#8221;0px||||false|false&#8221; global_colors_info=&#8221;{}&#8221;][et_pb_column type=&#8221;1_2&#8243; _builder_version=&#8221;4.21.0&#8243; _module_preset=&#8221;default&#8221; global_colors_info=&#8221;{}&#8221;][et_pb_image src=&#8221;https:\/\/teguioenbarcelona.com\/wp-content\/uploads\/2023\/07\/colegios-intro.webp&#8221; alt=&#8221;escoles-intro&#8221; title_text=&#8221;escoles-intro&#8221; src_tablet=&#8221;https:\/\/teguioenbarcelona.com\/wp-content\/uploads\/2023\/07\/empresa-intro.webp&#8221; src_phone=&#8221;https:\/\/teguioenbarcelona.com\/wp-content\/uploads\/2023\/07\/empresa-intro.webp&#8221; src_last_edited=&#8221;off|desktop&#8221; align_tablet=&#8221;&#8221; align_phone=&#8221;left&#8221; align_last_edited=&#8221;on|phone&#8221; _builder_version=&#8221;4.21.0&#8243; _module_preset=&#8221;default&#8221; width_tablet=&#8221;&#8221; width_phone=&#8221;100%&#8221; width_last_edited=&#8221;on|phone&#8221; custom_margin=&#8221;|||27px|false|false&#8221; custom_margin_tablet=&#8221;|||27px|false|false&#8221; custom_margin_phone=&#8221;|||0px|false|false&#8221; custom_margin_last_edited=&#8221;on|phone&#8221; border_radii=&#8221;on|22px|22px|22px|22px&#8221; global_colors_info=&#8221;{}&#8221;][\/et_pb_image][et_pb_image src=&#8221;https:\/\/teguioenbarcelona.com\/wp-content\/uploads\/2023\/07\/guia-oficial-turismo-calidad.svg&#8221; alt=&#8221;Guia Oficial, turisme de qualitat&#8221; title_text=&#8221;Guia Oficial, turisme de qualitat&#8221; _builder_version=&#8221;4.21.0&#8243; _module_preset=&#8221;default&#8221; width=&#8221;30%&#8221; width_tablet=&#8221;30%&#8221; width_phone=&#8221;41%&#8221; width_last_edited=&#8221;on|phone&#8221; custom_margin=&#8221;-170px||||false|false&#8221; custom_margin_tablet=&#8221;-170px||||false|false&#8221; custom_margin_phone=&#8221;-113px||||false|false&#8221; custom_margin_last_edited=&#8221;on|phone&#8221; global_colors_info=&#8221;{}&#8221;][\/et_pb_image][\/et_pb_column][et_pb_column type=&#8221;1_2&#8243; _builder_version=&#8221;4.21.0&#8243; _module_preset=&#8221;default&#8221; global_colors_info=&#8221;{}&#8221;][et_pb_text _builder_version=&#8221;4.21.0&#8243; _module_preset=&#8221;default&#8221; text_font=&#8221;|300|||||||&#8221; text_font_size=&#8221;21px&#8221; text_line_height=&#8221;1.1em&#8221; global_colors_info=&#8221;{}&#8221;]<\/p>\n<p>Tant si sou de Barcelona com si teniu previst fer-nos una visita, us oferim realitzar una Ruta per la Ciutat, amb Guia Oficial de Turisme, Llicenciada\/o en Hist\u00f2ria.<\/p>\n<p>[\/et_pb_text][et_pb_text _builder_version=&#8221;4.21.0&#8243; _module_preset=&#8221;default&#8221; text_font=&#8221;|300|||||||&#8221; custom_margin=&#8221;-15px||||false|false&#8221; global_colors_info=&#8221;{}&#8221;]<\/p>\n<p>S\u00f3n itineraris adaptats al curr\u00edculum, dissenyats per al desenvolupament de les compet\u00e8ncies art\u00edstica i cultural, coneixement i interacci\u00f3 amb el m\u00f3n f\u00edsic i compet\u00e8ncia social i ciutadana.<\/p>\n<p>En funci\u00f3 de l&#8217;edat, el nivell, aix\u00ed com els diferents treballs de recerca que s&#8217;estiguin elaborant en classe, el guia-historiador adaptar\u00e0 l&#8217;itinerari a mida, ajudant a l&#8217;alumnat a la formaci\u00f3 del pensament, el desenvolupament de la consci\u00e8ncia i la preservaci\u00f3 de la Mem\u00f2ria i del Patrimoni Hist\u00f2ric.<\/p>\n<p>[\/et_pb_text][et_pb_button button_url=&#8221;#formulari&#8221; button_text=&#8221;M&#8217;interessa&#8221; _builder_version=&#8221;4.23.1&#8243; _module_preset=&#8221;default&#8221; custom_button=&#8221;on&#8221; button_text_size=&#8221;22px&#8221; button_text_color=&#8221;#FFFFFF&#8221; button_bg_color=&#8221;#FF6237&#8243; button_icon=&#8221;&#x35;||divi||400&#8243; button_on_hover=&#8221;off&#8221; custom_margin=&#8221;||||false|false&#8221; custom_padding=&#8221;|||29px|false|false&#8221; button_text_size_tablet=&#8221;20px&#8221; button_text_size_phone=&#8221;18px&#8221; button_text_size_last_edited=&#8221;on|phone&#8221; locked=&#8221;off&#8221; global_colors_info=&#8221;{}&#8221;][\/et_pb_button][\/et_pb_column][\/et_pb_row][et_pb_row _builder_version=&#8221;4.21.0&#8243; _module_preset=&#8221;default&#8221; custom_margin=&#8221;0px||||false|false&#8221; locked=&#8221;off&#8221; global_colors_info=&#8221;{}&#8221;][et_pb_column type=&#8221;4_4&#8243; _builder_version=&#8221;4.21.0&#8243; _module_preset=&#8221;default&#8221; global_colors_info=&#8221;{}&#8221;][et_pb_text _builder_version=&#8221;4.21.0&#8243; _module_preset=&#8221;default&#8221; text_font=&#8221;|700|||||||&#8221; header_2_font=&#8221;|600||on|||||&#8221; header_2_text_align=&#8221;center&#8221; header_2_text_color=&#8221;#FF6237&#8243; header_2_font_size=&#8221;19px&#8221; header_2_letter_spacing=&#8221;2px&#8221; header_2_line_height=&#8221;1.2em&#8221; custom_margin=&#8221;0px||0px||false|false&#8221; custom_padding=&#8221;0px||0px||false|false&#8221; header_2_font_size_tablet=&#8221;19px&#8221; header_2_font_size_phone=&#8221;16px&#8221; header_2_font_size_last_edited=&#8221;on|phone&#8221; global_colors_info=&#8221;{}&#8221;]<\/p>\n<h2>aprenentatge vivencial de la hist\u00f2ria<\/h2>\n<p>[\/et_pb_text][et_pb_text _builder_version=&#8221;4.21.0&#8243; _module_preset=&#8221;default&#8221; text_font=&#8221;|300|||||||&#8221; text_font_size=&#8221;40px&#8221; text_letter_spacing=&#8221;-1px&#8221; text_line_height=&#8221;1.1em&#8221; header_3_font_size=&#8221;19px&#8221; text_orientation=&#8221;center&#8221; custom_margin=&#8221;2px||||false|false&#8221; text_font_size_tablet=&#8221;40px&#8221; text_font_size_phone=&#8221;35px&#8221; text_font_size_last_edited=&#8221;on|phone&#8221; inline_fonts=&#8221;Playfair Display,Poppins&#8221; global_colors_info=&#8221;{}&#8221;]<\/p>\n<p>\u00bfQue\u00a0<em><span style=\"font-family: Playfair Display;\"><strong>t&#8217;oferim<\/strong>?<\/span><\/em><\/p>\n<p>[\/et_pb_text][\/et_pb_column][\/et_pb_row][et_pb_row column_structure=&#8221;1_3,1_3,1_3&#8243; _builder_version=&#8221;4.21.0&#8243; _module_preset=&#8221;default&#8221; custom_padding=&#8221;30px||30px||true|false&#8221; global_colors_info=&#8221;{}&#8221;][et_pb_column type=&#8221;1_3&#8243; _builder_version=&#8221;4.21.0&#8243; _module_preset=&#8221;default&#8221; global_colors_info=&#8221;{}&#8221;][et_pb_image src=&#8221;https:\/\/teguioenbarcelona.com\/wp-content\/uploads\/2023\/07\/guia-oficial.svg&#8221; alt=&#8221;servei-empreses&#8221; title_text=&#8221;guia-oficial&#8221; _builder_version=&#8221;4.21.0&#8243; _module_preset=&#8221;default&#8221; background_color=&#8221;RGBA(255,255,255,0)&#8221; width=&#8221;250px&#8221; width_tablet=&#8221;240px&#8221; width_phone=&#8221;220px&#8221; width_last_edited=&#8221;on|phone&#8221; module_alignment=&#8221;left&#8221; custom_margin=&#8221;0px|||0px|false|false&#8221; custom_padding=&#8221;|||0px|false|false&#8221; locked=&#8221;off&#8221; global_colors_info=&#8221;{}&#8221;][\/et_pb_image][et_pb_text _builder_version=&#8221;4.21.0&#8243; _module_preset=&#8221;default&#8221; text_font=&#8221;|700|||||||&#8221; text_text_color=&#8221;#FF6237&#8243; header_3_font=&#8221;|700|||||||&#8221; header_3_font_size=&#8221;19px&#8221; background_color=&#8221;#FFFFFF&#8221; z_index=&#8221;10&#8243; width=&#8221;130px&#8221; width_tablet=&#8221;131px&#8221; width_phone=&#8221;128px&#8221; width_last_edited=&#8221;on|tablet&#8221; custom_margin=&#8221;|||0px|false|false&#8221; locked=&#8221;off&#8221; global_colors_info=&#8221;{}&#8221;]<\/p>\n<h3>Guia-oficial<\/h3>\n<p>[\/et_pb_text][et_pb_divider _builder_version=&#8221;4.21.0&#8243; _module_preset=&#8221;default&#8221; background_color=&#8221;RGBA(255,255,255,0)&#8221; z_index=&#8221;1&#8243; custom_margin=&#8221;-52px||0px||false|false&#8221; custom_margin_tablet=&#8221;-51px|63px|0px|63px|false|true&#8221; custom_margin_phone=&#8221;-48px||0px||false|false&#8221; custom_margin_last_edited=&#8221;on|tablet&#8221; custom_padding=&#8221;0px|0px|0px|0px|false|false&#8221; locked=&#8221;off&#8221; global_colors_info=&#8221;{}&#8221;][\/et_pb_divider][et_pb_text _builder_version=&#8221;4.21.0&#8243; _module_preset=&#8221;default&#8221; text_font=&#8221;Bitter||on||||||&#8221; custom_margin=&#8221;|35px||0px|false|false&#8221; custom_padding=&#8221;10px||0px||false|false&#8221; locked=&#8221;off&#8221; global_colors_info=&#8221;{}&#8221;]<\/p>\n<p>Guies Oficials de Turisme de Catalunya, amb \u00e0mplia experi\u00e8ncia en Gesti\u00f3 de Grups en Edat Escolar.<\/p>\n<p>[\/et_pb_text][\/et_pb_column][et_pb_column type=&#8221;1_3&#8243; _builder_version=&#8221;4.21.0&#8243; _module_preset=&#8221;default&#8221; global_colors_info=&#8221;{}&#8221;][et_pb_image src=&#8221;https:\/\/teguioenbarcelona.com\/wp-content\/uploads\/2023\/07\/somos-flexibles.svg&#8221; alt=&#8221;som-flexibles&#8221; title_text=&#8221;som-flexibles&#8221; _builder_version=&#8221;4.21.0&#8243; _module_preset=&#8221;default&#8221; background_color=&#8221;RGBA(255,255,255,0)&#8221; width=&#8221;293px&#8221; width_tablet=&#8221;220px&#8221; width_phone=&#8221;270px&#8221; width_last_edited=&#8221;on|phone&#8221; module_alignment=&#8221;left&#8221; custom_margin=&#8221;12px|||0px|false|false&#8221; custom_margin_tablet=&#8221;30px|||0px|false|false&#8221; custom_margin_phone=&#8221;30px|||0px|false|false&#8221; custom_margin_last_edited=&#8221;on|tablet&#8221; custom_padding=&#8221;|||0px|false|false&#8221; locked=&#8221;off&#8221; global_colors_info=&#8221;{}&#8221;][\/et_pb_image][et_pb_text _builder_version=&#8221;4.21.0&#8243; _module_preset=&#8221;default&#8221; text_font=&#8221;|700|||||||&#8221; text_text_color=&#8221;#FF6237&#8243; header_3_font=&#8221;|700|||||||&#8221; header_3_font_size=&#8221;19px&#8221; background_color=&#8221;#FFFFFF&#8221; z_index=&#8221;10&#8243; width=&#8221;161px&#8221; width_tablet=&#8221;169px&#8221; width_phone=&#8221;161px&#8221; width_last_edited=&#8221;on|phone&#8221; custom_margin=&#8221;0px|||0px|false|false&#8221; custom_padding=&#8221;0px||3px||false|false&#8221; locked=&#8221;off&#8221; global_colors_info=&#8221;{}&#8221;]<\/p>\n<h3>Som flexibles<\/h3>\n<p>[\/et_pb_text][et_pb_divider _builder_version=&#8221;4.21.0&#8243; _module_preset=&#8221;default&#8221; background_color=&#8221;RGBA(255,255,255,0)&#8221; z_index=&#8221;1&#8243; custom_margin=&#8221;-52px||0px||false|false&#8221; custom_margin_tablet=&#8221;-51px|63px|0px|63px|false|true&#8221; custom_margin_phone=&#8221;-48px||0px||false|false&#8221; custom_margin_last_edited=&#8221;on|tablet&#8221; custom_padding=&#8221;0px|0px|0px|0px|false|false&#8221; locked=&#8221;off&#8221; global_colors_info=&#8221;{}&#8221;][\/et_pb_divider][et_pb_text _builder_version=&#8221;4.21.0&#8243; _module_preset=&#8221;default&#8221; text_font=&#8221;Bitter||on||||||&#8221; custom_margin=&#8221;|35px||0px|false|false&#8221; custom_padding=&#8221;10px||0px||false|false&#8221; locked=&#8221;off&#8221; global_colors_info=&#8221;{}&#8221;]<\/p>\n<p>Adaptem la ruta a l&#8217;edat del grup i la seva evoluci\u00f3 curricular, introduint algun punt d&#8217;inter\u00e8s especial que ens pugueu proposar.<\/p>\n<p>[\/et_pb_text][\/et_pb_column][et_pb_column type=&#8221;1_3&#8243; _builder_version=&#8221;4.21.0&#8243; _module_preset=&#8221;default&#8221; global_colors_info=&#8221;{}&#8221;][et_pb_image src=&#8221;https:\/\/teguioenbarcelona.com\/wp-content\/uploads\/2023\/07\/pausa-para-comer.svg&#8221; alt=&#8221;pausa-per a-menjar&#8221; title_text=&#8221;pausa-per a-menjar&#8221; _builder_version=&#8221;4.21.0&#8243; _module_preset=&#8221;default&#8221; background_color=&#8221;RGBA(255,255,255,0)&#8221; width=&#8221;250px&#8221; width_tablet=&#8221;240px&#8221; width_phone=&#8221;220px&#8221; width_last_edited=&#8221;on|phone&#8221; module_alignment=&#8221;left&#8221; custom_margin=&#8221;25px|||0px|false|false&#8221; custom_padding=&#8221;|||0px|false|false&#8221; locked=&#8221;off&#8221; global_colors_info=&#8221;{}&#8221;][\/et_pb_image][et_pb_text content_tablet=&#8221;<\/p>\n<h3>Pausa-per a-menjar<\/h3>\n<p>&#8221; content_phone=&#8221;<\/p>\n<h3>Pausa-per a-menjar<\/h3>\n<p>&#8221; content_last_edited=&#8221;on|tablet&#8221; _builder_version=&#8221;4.21.0&#8243; _module_preset=&#8221;default&#8221; text_font=&#8221;|700|||||||&#8221; text_text_color=&#8221;#FF6237&#8243; header_3_font=&#8221;|700|||||||&#8221; header_3_font_size=&#8221;19px&#8221; background_color=&#8221;#FFFFFF&#8221; z_index=&#8221;10&#8243; width=&#8221;187px&#8221; width_tablet=&#8221;194px&#8221; width_phone=&#8221;189px&#8221; width_last_edited=&#8221;on|phone&#8221; custom_margin=&#8221;0px|||0px|false|false&#8221; custom_padding=&#8221;0px||3px||false|false&#8221; locked=&#8221;off&#8221; global_colors_info=&#8221;{}&#8221;]<\/p>\n<h3>Pausa-per a-menjar<\/h3>\n<p>[\/et_pb_text][et_pb_divider _builder_version=&#8221;4.21.0&#8243; _module_preset=&#8221;default&#8221; background_color=&#8221;RGBA(255,255,255,0)&#8221; z_index=&#8221;1&#8243; custom_margin=&#8221;-52px||0px||false|false&#8221; custom_margin_tablet=&#8221;-51px|63px|0px|63px|false|true&#8221; custom_margin_phone=&#8221;-48px||0px||false|false&#8221; custom_margin_last_edited=&#8221;on|tablet&#8221; custom_padding=&#8221;0px|0px|0px|0px|false|false&#8221; locked=&#8221;off&#8221; global_colors_info=&#8221;{}&#8221;][\/et_pb_divider][et_pb_text _builder_version=&#8221;4.21.0&#8243; _module_preset=&#8221;default&#8221; text_font=&#8221;Bitter||on||||||&#8221; custom_margin=&#8221;|35px||0px|false|false&#8221; custom_padding=&#8221;10px||0px||false|false&#8221; locked=&#8221;off&#8221; global_colors_info=&#8221;{}&#8221;]<\/p>\n<p>Planificarem la ruta perqu\u00e8 a l&#8217;hora de menjar puguem estar en un parc on puguem menjar c\u00f2modament.<\/p>\n<p>[\/et_pb_text][\/et_pb_column][\/et_pb_row][et_pb_row _builder_version=&#8221;4.21.0&#8243; _module_preset=&#8221;default&#8221; custom_margin=&#8221;19px||||false|false&#8221; locked=&#8221;off&#8221; global_colors_info=&#8221;{}&#8221;][et_pb_column type=&#8221;4_4&#8243; _builder_version=&#8221;4.21.0&#8243; _module_preset=&#8221;default&#8221; global_colors_info=&#8221;{}&#8221;][et_pb_text _builder_version=&#8221;4.21.0&#8243; _module_preset=&#8221;default&#8221; text_font=&#8221;|700|||||||&#8221; header_2_font=&#8221;|600||on|||||&#8221; header_2_text_align=&#8221;center&#8221; header_2_text_color=&#8221;#FF6237&#8243; header_2_font_size=&#8221;19px&#8221; header_2_letter_spacing=&#8221;2px&#8221; header_2_line_height=&#8221;1.2em&#8221; text_orientation=&#8221;center&#8221; custom_margin=&#8221;0px||0px||false|false&#8221; custom_padding=&#8221;0px||0px||false|false&#8221; header_2_font_size_tablet=&#8221;19px&#8221; header_2_font_size_phone=&#8221;16px&#8221; header_2_font_size_last_edited=&#8221;on|phone&#8221; global_colors_info=&#8221;{}&#8221;]<\/p>\n<h2>experi\u00e8ncies educatives \u00faniques<\/h2>\n<p>[\/et_pb_text][et_pb_text _builder_version=&#8221;4.21.0&#8243; _module_preset=&#8221;default&#8221; text_font=&#8221;|300|||||||&#8221; text_font_size=&#8221;40px&#8221; text_letter_spacing=&#8221;-1px&#8221; text_line_height=&#8221;1em&#8221; header_3_font_size=&#8221;19px&#8221; text_orientation=&#8221;center&#8221; custom_margin=&#8221;2px||||false|false&#8221; text_font_size_tablet=&#8221;40px&#8221; text_font_size_phone=&#8221;35px&#8221; text_font_size_last_edited=&#8221;on|phone&#8221; inline_fonts=&#8221;Playfair Display,Poppins&#8221; global_colors_info=&#8221;{}&#8221;]<\/p>\n<p>Aquestes s\u00f3n les <strong><em><span style=\"font-family: Playfair Display;\">rutes <\/span><\/em><\/strong>que hem preparat<\/p>\n<p>[\/et_pb_text][\/et_pb_column][\/et_pb_row][et_pb_row column_structure=&#8221;1_3,1_3,1_3&#8243; _builder_version=&#8221;4.21.0&#8243; _module_preset=&#8221;default&#8221; custom_padding=&#8221;||0px||false|false&#8221; global_colors_info=&#8221;{}&#8221;][et_pb_column type=&#8221;1_3&#8243; _builder_version=&#8221;4.21.0&#8243; _module_preset=&#8221;default&#8221; global_colors_info=&#8221;{}&#8221;][et_pb_image src=&#8221;https:\/\/teguioenbarcelona.com\/wp-content\/uploads\/2023\/12\/plaza-rei-colegio2.webp&#8221; alt=&#8221;Barcelona medieval&#8221; title_text=&#8221;Barcelona medieval&#8221; _builder_version=&#8221;4.23.1&#8243; _module_preset=&#8221;default&#8221; border_radii=&#8221;on|9px|9px|9px|9px&#8221; global_colors_info=&#8221;{}&#8221;][\/et_pb_image][et_pb_text _builder_version=&#8221;4.23.1&#8243; _module_preset=&#8221;default&#8221; text_font=&#8221;|700|||||||&#8221; text_font_size=&#8221;21px&#8221; text_line_height=&#8221;1em&#8221; custom_margin=&#8221;0px||12px||false|false&#8221; custom_padding=&#8221;0px||0px||false|false&#8221; text_orientation_tablet=&#8221;&#8221; text_orientation_phone=&#8221;&#8221; text_orientation_last_edited=&#8221;on|desktop&#8221; global_colors_info=&#8221;{}&#8221;]<\/p>\n<p>C01 &#8211; Barcelona Romana, Medieval i moderna<\/p>\n<p>[\/et_pb_text][et_pb_text _builder_version=&#8221;4.21.0&#8243; _module_preset=&#8221;default&#8221; global_colors_info=&#8221;{}&#8221;]<\/p>\n<p>Un recorregut per l&#8217;evoluci\u00f3 de la ciutat.<\/p>\n<p>[\/et_pb_text][et_pb_button button_url=&#8221;#c01&#8243; button_text=&#8221;Saber m\u00e9s&#8221; button_alignment=&#8221;left&#8221; _builder_version=&#8221;4.23.1&#8243; _module_preset=&#8221;default&#8221; custom_button=&#8221;on&#8221; button_text_size=&#8221;19px&#8221; button_text_color=&#8221;#FFFFFF&#8221; button_bg_color=&#8221;#FF6237&#8243; button_border_width=&#8221;0px&#8221; button_border_color=&#8221;RGBA(255,255,255,0)&#8221; button_border_radius=&#8221;50px&#8221; button_icon=&#8221;&#x35;||divi||400&#8243; button_icon_color=&#8221;#FFFFFF&#8221; button_on_hover=&#8221;off&#8221; custom_margin=&#8221;-5px||55px|0px|false|false&#8221; custom_padding=&#8221;6px|34px|6px|34px|true|true&#8221; locked=&#8221;off&#8221; global_colors_info=&#8221;{}&#8221;][\/et_pb_button][\/et_pb_column][et_pb_column type=&#8221;1_3&#8243; _builder_version=&#8221;4.21.0&#8243; _module_preset=&#8221;default&#8221; global_colors_info=&#8221;{}&#8221;][et_pb_image src=&#8221;https:\/\/teguioenbarcelona.com\/wp-content\/uploads\/2023\/12\/Barcelona-modernista.webp&#8221; alt=&#8221;Barcelona modernista&#8221; title_text=&#8221;Barcelona modernista&#8221; _builder_version=&#8221;4.23.1&#8243; _module_preset=&#8221;default&#8221; border_radii=&#8221;on|9px|9px|9px|9px&#8221; global_colors_info=&#8221;{}&#8221;][\/et_pb_image][et_pb_text _builder_version=&#8221;4.23.1&#8243; _module_preset=&#8221;default&#8221; text_font=&#8221;|700|||||||&#8221; text_font_size=&#8221;21px&#8221; text_line_height=&#8221;1em&#8221; custom_margin=&#8221;0px||12px||false|false&#8221; custom_padding=&#8221;0px||0px||false|false&#8221; global_colors_info=&#8221;{}&#8221;]<\/p>\n<p>C02 &#8211; Barcelona Modernista<\/p>\n<p>[\/et_pb_text][et_pb_text _builder_version=&#8221;4.21.0&#8243; _module_preset=&#8221;default&#8221; global_colors_info=&#8221;{}&#8221;]<\/p>\n<p>Barcelona s&#8217;expandeix, la burgesia aprofita el moment i construeix grans edificis s\u00edmbol del seu estatus i posici\u00f3.<\/p>\n<p>[\/et_pb_text][et_pb_button button_url=&#8221;#c02&#8243; button_text=&#8221;Saber m\u00e9s&#8221; button_alignment=&#8221;left&#8221; _builder_version=&#8221;4.23.1&#8243; _module_preset=&#8221;default&#8221; custom_button=&#8221;on&#8221; button_text_size=&#8221;19px&#8221; button_text_color=&#8221;#FFFFFF&#8221; button_bg_color=&#8221;#FF6237&#8243; button_border_width=&#8221;0px&#8221; button_border_color=&#8221;RGBA(255,255,255,0)&#8221; button_border_radius=&#8221;50px&#8221; button_icon=&#8221;&#x35;||divi||400&#8243; button_icon_color=&#8221;#FFFFFF&#8221; button_on_hover=&#8221;off&#8221; custom_margin=&#8221;-5px||55px|0px|false|false&#8221; custom_padding=&#8221;6px|34px|6px|34px|true|true&#8221; locked=&#8221;off&#8221; global_colors_info=&#8221;{}&#8221;][\/et_pb_button][\/et_pb_column][et_pb_column type=&#8221;1_3&#8243; _builder_version=&#8221;4.21.0&#8243; _module_preset=&#8221;default&#8221; global_colors_info=&#8221;{}&#8221;][et_pb_image src=&#8221;https:\/\/teguioenbarcelona.com\/wp-content\/uploads\/2023\/12\/tardes-con-teresa.webp&#8221; alt=&#8221;tardes con teresa&#8221; title_text=&#8221;tardes con teresa&#8221; _builder_version=&#8221;4.23.1&#8243; _module_preset=&#8221;default&#8221; border_radii=&#8221;on|9px|9px|9px|9px&#8221; global_colors_info=&#8221;{}&#8221;][\/et_pb_image][et_pb_text _builder_version=&#8221;4.23.1&#8243; _module_preset=&#8221;default&#8221; text_font=&#8221;|700|||||||&#8221; text_font_size=&#8221;21px&#8221; text_line_height=&#8221;1em&#8221; custom_margin=&#8221;0px||12px||false|false&#8221; custom_padding=&#8221;0px||0px||false|false&#8221; global_colors_info=&#8221;{}&#8221;]<\/p>\n<p>C03 &#8211; &#8220;\u00daltimas tardes con Teresa&#8221;<\/p>\n<p>[\/et_pb_text][et_pb_text _builder_version=&#8221;4.21.0&#8243; _module_preset=&#8221;default&#8221; global_colors_info=&#8221;{}&#8221;]<\/p>\n<p>Les diferents Barcelones dels anys 50-60 del s.XX.: La burgesa, l&#8217;obrera i la interclassista.<\/p>\n<p>[\/et_pb_text][et_pb_button button_url=&#8221;#c03&#8243; button_text=&#8221;Saber m\u00e9s&#8221; button_alignment=&#8221;left&#8221; _builder_version=&#8221;4.23.1&#8243; _module_preset=&#8221;default&#8221; custom_button=&#8221;on&#8221; button_text_size=&#8221;19px&#8221; button_text_color=&#8221;#FFFFFF&#8221; button_bg_color=&#8221;#FF6237&#8243; button_border_width=&#8221;0px&#8221; button_border_color=&#8221;RGBA(255,255,255,0)&#8221; button_border_radius=&#8221;50px&#8221; button_icon=&#8221;&#x35;||divi||400&#8243; button_icon_color=&#8221;#FFFFFF&#8221; button_on_hover=&#8221;off&#8221; custom_margin=&#8221;-5px||55px|0px|false|false&#8221; custom_padding=&#8221;6px|34px|6px|34px|true|true&#8221; locked=&#8221;off&#8221; global_colors_info=&#8221;{}&#8221;][\/et_pb_button][\/et_pb_column][\/et_pb_row][et_pb_row column_structure=&#8221;1_3,1_3,1_3&#8243; _builder_version=&#8221;4.21.0&#8243; _module_preset=&#8221;default&#8221; custom_padding=&#8221;0px||||false|false&#8221; global_colors_info=&#8221;{}&#8221;][et_pb_column type=&#8221;1_3&#8243; _builder_version=&#8221;4.21.0&#8243; _module_preset=&#8221;default&#8221; global_colors_info=&#8221;{}&#8221;][et_pb_image src=&#8221;https:\/\/teguioenbarcelona.com\/wp-content\/uploads\/2023\/12\/modernism-passeig-de-gracia.webp&#8221; alt=&#8221;modernism passeig de gracia&#8221; title_text=&#8221;modernism passeig de gracia&#8221; _builder_version=&#8221;4.23.1&#8243; _module_preset=&#8221;default&#8221; border_radii=&#8221;on|9px|9px|9px|9px&#8221; locked=&#8221;off&#8221; global_colors_info=&#8221;{}&#8221;][\/et_pb_image][et_pb_text _builder_version=&#8221;4.23.1&#8243; _module_preset=&#8221;default&#8221; text_font=&#8221;|700|||||||&#8221; text_font_size=&#8221;21px&#8221; text_line_height=&#8221;1em&#8221; custom_margin=&#8221;0px||12px||false|false&#8221; custom_padding=&#8221;0px||0px||false|false&#8221; locked=&#8221;off&#8221; global_colors_info=&#8221;{}&#8221;]<\/p>\n<p>C04 &#8211; Modernisme en Passeig de Gr\u00e0cia i Barri G\u00f2tic<\/p>\n<p>[\/et_pb_text][et_pb_text _builder_version=&#8221;4.21.0&#8243; _module_preset=&#8221;default&#8221; locked=&#8221;off&#8221; global_colors_info=&#8221;{}&#8221;]<\/p>\n<p>Recorrerem a peu el Passeig de Gr\u00e0cia, per a contemplar des de l&#8217;exterior alguns dels edificis modernistes m\u00e9s significatius de la ciutat.<\/p>\n<p>[\/et_pb_text][et_pb_button button_url=&#8221;#c04&#8243; button_text=&#8221;Saber m\u00e9s&#8221; button_alignment=&#8221;left&#8221; _builder_version=&#8221;4.23.1&#8243; _module_preset=&#8221;default&#8221; custom_button=&#8221;on&#8221; button_text_size=&#8221;19px&#8221; button_text_color=&#8221;#FFFFFF&#8221; button_bg_color=&#8221;#FF6237&#8243; button_border_width=&#8221;0px&#8221; button_border_color=&#8221;RGBA(255,255,255,0)&#8221; button_border_radius=&#8221;50px&#8221; button_icon=&#8221;&#x35;||divi||400&#8243; button_icon_color=&#8221;#FFFFFF&#8221; button_on_hover=&#8221;off&#8221; custom_margin=&#8221;-5px||55px|0px|false|false&#8221; custom_padding=&#8221;6px|34px|6px|34px|true|true&#8221; locked=&#8221;off&#8221; global_colors_info=&#8221;{}&#8221;][\/et_pb_button][\/et_pb_column][et_pb_column type=&#8221;1_3&#8243; _builder_version=&#8221;4.21.0&#8243; _module_preset=&#8221;default&#8221; global_colors_info=&#8221;{}&#8221;][et_pb_image src=&#8221;https:\/\/teguioenbarcelona.com\/wp-content\/uploads\/2023\/12\/Ruta-panoramica-gotic.webp&#8221; alt=&#8221;Ruta panoramica gotic&#8221; title_text=&#8221;Ruta panoramica gotic&#8221; _builder_version=&#8221;4.23.1&#8243; _module_preset=&#8221;default&#8221; border_radii=&#8221;on|9px|9px|9px|9px&#8221; locked=&#8221;off&#8221; global_colors_info=&#8221;{}&#8221;][\/et_pb_image][et_pb_text _builder_version=&#8221;4.23.1&#8243; _module_preset=&#8221;default&#8221; text_font=&#8221;|700|||||||&#8221; text_font_size=&#8221;21px&#8221; text_line_height=&#8221;1em&#8221; custom_margin=&#8221;0px||12px||false|false&#8221; custom_padding=&#8221;0px||0px||false|false&#8221; global_colors_info=&#8221;{}&#8221;]<\/p>\n<p>C05 &#8211; Ruta panor\u00e0mica i Barri G\u00f2tic<\/p>\n<p>[\/et_pb_text][et_pb_text _builder_version=&#8221;4.23.1&#8243; _module_preset=&#8221;default&#8221; global_colors_info=&#8221;{}&#8221;]<\/p>\n<p>Us proposem comen\u00e7ar la ruta amb un recorregut panor\u00e0mic de 2 hores en autocar.<\/p>\n<p>[\/et_pb_text][et_pb_button button_url=&#8221;#c05&#8243; button_text=&#8221;Saber m\u00e9s&#8221; button_alignment=&#8221;left&#8221; _builder_version=&#8221;4.23.1&#8243; _module_preset=&#8221;default&#8221; custom_button=&#8221;on&#8221; button_text_size=&#8221;19px&#8221; button_text_color=&#8221;#FFFFFF&#8221; button_bg_color=&#8221;#FF6237&#8243; button_border_width=&#8221;0px&#8221; button_border_color=&#8221;RGBA(255,255,255,0)&#8221; button_border_radius=&#8221;50px&#8221; button_icon=&#8221;&#x35;||divi||400&#8243; button_icon_color=&#8221;#FFFFFF&#8221; button_on_hover=&#8221;off&#8221; custom_margin=&#8221;-5px||55px|0px|false|false&#8221; custom_padding=&#8221;6px|34px|6px|34px|true|true&#8221; locked=&#8221;off&#8221; global_colors_info=&#8221;{}&#8221;][\/et_pb_button][\/et_pb_column][et_pb_column type=&#8221;1_3&#8243; _builder_version=&#8221;4.21.0&#8243; _module_preset=&#8221;default&#8221; global_colors_info=&#8221;{}&#8221;][et_pb_image src=&#8221;https:\/\/teguioenbarcelona.com\/wp-content\/uploads\/2023\/12\/Sagrada-familia-gotic.webp&#8221; alt=&#8221;Sagrada familia gotic&#8221; title_text=&#8221;Sagrada familia gotic&#8221; _builder_version=&#8221;4.23.1&#8243; _module_preset=&#8221;default&#8221; border_radii=&#8221;on|9px|9px|9px|9px&#8221; locked=&#8221;off&#8221; global_colors_info=&#8221;{}&#8221;][\/et_pb_image][et_pb_text _builder_version=&#8221;4.23.1&#8243; _module_preset=&#8221;default&#8221; text_font=&#8221;|700|||||||&#8221; text_font_size=&#8221;21px&#8221; text_line_height=&#8221;1em&#8221; custom_margin=&#8221;0px||12px||false|false&#8221; custom_padding=&#8221;0px||0px||false|false&#8221; global_colors_info=&#8221;{}&#8221;]<\/p>\n<p>C06 &#8211; Sagrada Fam\u00edlia, mini-panor\u00e0mic en Passeig de Gr\u00e0cia i Barri G\u00f2tic<\/p>\n<p>[\/et_pb_text][et_pb_text _builder_version=&#8221;4.23.1&#8243; _module_preset=&#8221;default&#8221; global_colors_info=&#8221;{}&#8221;]<\/p>\n<p>Visitarem l&#8217;interior del temple de la Sagrada Fam\u00edlia per a despr\u00e9s pujar-nos a un autocar i rec\u00f3rrer Passeig de Gr\u00e0cia.<\/p>\n<p>[\/et_pb_text][et_pb_button button_url=&#8221;#c06&#8243; button_text=&#8221;Saber m\u00e9s&#8221; button_alignment=&#8221;left&#8221; _builder_version=&#8221;4.23.1&#8243; _module_preset=&#8221;default&#8221; custom_button=&#8221;on&#8221; button_text_size=&#8221;19px&#8221; button_text_color=&#8221;#FFFFFF&#8221; button_bg_color=&#8221;#FF6237&#8243; button_border_width=&#8221;0px&#8221; button_border_color=&#8221;RGBA(255,255,255,0)&#8221; button_border_radius=&#8221;50px&#8221; button_icon=&#8221;&#x35;||divi||400&#8243; button_icon_color=&#8221;#FFFFFF&#8221; button_on_hover=&#8221;off&#8221; custom_margin=&#8221;-5px||55px|0px|false|false&#8221; custom_padding=&#8221;6px|34px|6px|34px|true|true&#8221; locked=&#8221;off&#8221; global_colors_info=&#8221;{}&#8221;][\/et_pb_button][\/et_pb_column][\/et_pb_row][et_pb_row _builder_version=&#8221;4.21.0&#8243; _module_preset=&#8221;default&#8221; custom_margin=&#8221;0px||0px||false|false&#8221; custom_padding=&#8221;0px||0px||false|false&#8221; global_colors_info=&#8221;{}&#8221;][et_pb_column type=&#8221;4_4&#8243; _builder_version=&#8221;4.21.0&#8243; _module_preset=&#8221;default&#8221; global_colors_info=&#8221;{}&#8221;][et_pb_divider _builder_version=&#8221;4.21.0&#8243; _module_preset=&#8221;default&#8221; global_colors_info=&#8221;{}&#8221;][\/et_pb_divider][\/et_pb_column][\/et_pb_row][et_pb_row column_structure=&#8221;1_2,1_2&#8243; module_id=&#8221;formulario&#8221; _builder_version=&#8221;4.23.1&#8243; _module_preset=&#8221;default&#8221; background_color=&#8221;RGBA(255,255,255,0)&#8221; width_tablet=&#8221;&#8221; width_phone=&#8221;100%&#8221; width_last_edited=&#8221;on|phone&#8221; custom_margin=&#8221;0px|auto|0px|auto|false|false&#8221; custom_padding=&#8221;24px||10px||false|false&#8221; border_radii=&#8221;on|22px|22px|22px|22px&#8221; border_radii_tablet=&#8221;on|22px|22px|22px|22px&#8221; border_radii_phone=&#8221;on|0px|0px|0px|0px&#8221; border_radii_last_edited=&#8221;on|phone&#8221; locked=&#8221;off&#8221; global_colors_info=&#8221;{}&#8221;][et_pb_column type=&#8221;1_2&#8243; _builder_version=&#8221;4.21.0&#8243; _module_preset=&#8221;default&#8221; global_colors_info=&#8221;{}&#8221;][et_pb_text _builder_version=&#8221;4.21.0&#8243; _module_preset=&#8221;default&#8221; text_font=&#8221;Poppins|||on|||||&#8221; text_font_size=&#8221;19px&#8221; text_orientation=&#8221;center&#8221; min_height=&#8221;18.2px&#8221; custom_margin=&#8221;0px||10px||false|false&#8221; custom_padding=&#8221;0px||0px||false|false&#8221; text_font_size_tablet=&#8221;20px&#8221; text_font_size_phone=&#8221;20px&#8221; text_font_size_last_edited=&#8221;on|tablet&#8221; global_colors_info=&#8221;{}&#8221;]<\/p>\n<p>necessites una altra ruta?<\/p>\n<p>[\/et_pb_text][et_pb_text content_tablet=&#8221;<\/p>\n<p style=%22text-align: center;%22><strong><span style=%22font-size: xx-large;%22>+34<\/span> 636 99 10 16<\/strong><\/p>\n<p>&#8221; content_phone=&#8221;<\/p>\n<p style=%22text-align: center;%22><strong><span style=%22font-size: xx-large;%22>+34<\/span> 636 99 10 16<\/strong><\/p>\n<p>&#8221; content_last_edited=&#8221;off|desktop&#8221; _builder_version=&#8221;4.21.0&#8243; _module_preset=&#8221;default&#8221; text_font=&#8221;|700|||||||&#8221; text_text_color=&#8221;#000000&#8243; text_font_size=&#8221;30px&#8221; text_line_height=&#8221;1.1em&#8221; link_text_color=&#8221;#FFFFFF&#8221; text_orientation=&#8221;center&#8221; min_height=&#8221;18.2px&#8221; custom_margin=&#8221;0px||16px||false|false&#8221; custom_padding=&#8221;0px||9px||false|false&#8221; text_font_phone=&#8221;|700|||||||&#8221; text_font_last_edited=&#8221;off|phone&#8221; text_font_size_tablet=&#8221;27px&#8221; text_font_size_phone=&#8221;25px&#8221; text_font_size_last_edited=&#8221;on|phone&#8221; global_colors_info=&#8221;{}&#8221;]<\/p>\n<p>Ens adaptem al vostre inter\u00e8s curricular<\/p>\n<p>[\/et_pb_text][et_pb_button button_url=&#8221;https:\/\/api.whatsapp.com\/send?phone=34636991016&#038;text=Quiero%20conocer%20m\u00e1s%20sobre%20TeGuioEnBarcelona&#8221; button_text=&#8221;Saber m\u00e9s&#8221; button_alignment=&#8221;center&#8221; _builder_version=&#8221;4.21.0&#8243; _module_preset=&#8221;default&#8221; custom_button=&#8221;on&#8221; button_text_size=&#8221;20px&#8221; button_text_color=&#8221;#FFFFFF&#8221; button_bg_color=&#8221;#FF6237&#8243; button_icon=&#8221;&#x35;||divi||400&#8243; button_on_hover=&#8221;off&#8221; custom_margin=&#8221;||||false|false&#8221; custom_padding=&#8221;|||29px|false|false&#8221; button_text_size_tablet=&#8221;20px&#8221; button_text_size_phone=&#8221;18px&#8221; button_text_size_last_edited=&#8221;on|phone&#8221; locked=&#8221;off&#8221; global_colors_info=&#8221;{}&#8221;][\/et_pb_button][\/et_pb_column][et_pb_column type=&#8221;1_2&#8243; _builder_version=&#8221;4.21.0&#8243; _module_preset=&#8221;default&#8221; global_colors_info=&#8221;{}&#8221;][et_pb_text _builder_version=&#8221;4.21.0&#8243; _module_preset=&#8221;default&#8221; text_font=&#8221;Poppins|300|||||||&#8221; text_font_size=&#8221;18px&#8221; custom_margin=&#8221;33px|60px||0px|false|false&#8221; custom_margin_tablet=&#8221;-4px|0px||0px|false|true&#8221; custom_margin_phone=&#8221;|||24px|false|false&#8221; custom_margin_last_edited=&#8221;on|phone&#8221; custom_padding=&#8221;|0px|||false|false&#8221; text_font_size_tablet=&#8221;20px&#8221; text_font_size_phone=&#8221;18px&#8221; text_font_size_last_edited=&#8221;on|tablet&#8221; border_width_left=&#8221;0px&#8221; border_radii_tablet=&#8221;&#8221; border_radii_phone=&#8221;&#8221; border_radii_last_edited=&#8221;on|phone&#8221; global_colors_info=&#8221;{}&#8221;]<\/p>\n<p>Per a moltes escoles, principalment de fora de Barcelona, els preparem visites una mica m\u00e9s tur\u00edstiques, incloent-hi recorreguts panor\u00e0mics, visites a Sagrada Fam\u00edlia, al Park G\u00fcell, \u201cla Pedrera\u201d.<\/p>\n<p>[\/et_pb_text][\/et_pb_column][\/et_pb_row][et_pb_row _builder_version=&#8221;4.21.0&#8243; _module_preset=&#8221;default&#8221; global_colors_info=&#8221;{}&#8221;][et_pb_column type=&#8221;4_4&#8243; _builder_version=&#8221;4.21.0&#8243; _module_preset=&#8221;default&#8221; global_colors_info=&#8221;{}&#8221;][et_pb_divider _builder_version=&#8221;4.21.0&#8243; _module_preset=&#8221;default&#8221; global_colors_info=&#8221;{}&#8221;][\/et_pb_divider][\/et_pb_column][\/et_pb_row][et_pb_row column_structure=&#8221;1_2,1_2&#8243; custom_padding_last_edited=&#8221;on|desktop&#8221; module_id=&#8221;formulario&#8221; _builder_version=&#8221;4.21.0&#8243; _module_preset=&#8221;default&#8221; background_color=&#8221;#FF6237&#8243; width_tablet=&#8221;&#8221; width_phone=&#8221;100%&#8221; width_last_edited=&#8221;on|phone&#8221; max_width=&#8221;100%&#8221; custom_margin=&#8221;0px|auto|0px|auto|false|false&#8221; custom_padding=&#8221;40px|30px|50px||false|false&#8221; custom_padding_tablet=&#8221;40px|30px|50px||false|false&#8221; custom_padding_phone=&#8221;40px|0px|50px|0px|false|false&#8221; border_radii=&#8221;on|22px|22px|22px|22px&#8221; border_radii_tablet=&#8221;on|22px|22px|22px|22px&#8221; border_radii_phone=&#8221;on|0px|0px|0px|0px&#8221; border_radii_last_edited=&#8221;on|phone&#8221; locked=&#8221;off&#8221; global_colors_info=&#8221;{}&#8221;][et_pb_column type=&#8221;1_2&#8243; _builder_version=&#8221;4.21.0&#8243; _module_preset=&#8221;default&#8221; global_colors_info=&#8221;{}&#8221;][et_pb_image src=&#8221;https:\/\/teguioenbarcelona.com\/wp-content\/uploads\/2023\/07\/recurso-polaroid-1.webp&#8221; alt=&#8221;escoles&#8221; title_text=&#8221;escoles&#8221; align=&#8221;center&#8221; _builder_version=&#8221;4.21.0&#8243; _module_preset=&#8221;default&#8221; background_color=&#8221;RGBA(255,255,255,0)&#8221; width=&#8221;500px&#8221; width_tablet=&#8221;500px&#8221; width_phone=&#8221;400px&#8221; width_last_edited=&#8221;on|tablet&#8221; module_alignment=&#8221;center&#8221; custom_margin=&#8221;0px||0px||false|false&#8221; custom_margin_tablet=&#8221;0px||0px||false|false&#8221; custom_margin_phone=&#8221;0px|0px|0px|12px|false|false&#8221; custom_margin_last_edited=&#8221;on|phone&#8221; custom_padding=&#8221;0px|0px|0px|0px|false|false&#8221; border_radii=&#8221;on|37px|37px|37px|37px&#8221; global_colors_info=&#8221;{}&#8221;][\/et_pb_image][et_pb_text _builder_version=&#8221;4.21.0&#8243; _module_preset=&#8221;default&#8221; text_font=&#8221;|700|||||||&#8221; text_font_size=&#8221;22px&#8221; text_orientation=&#8221;center&#8221; min_height=&#8221;18.2px&#8221; custom_margin=&#8221;0px||10px||false|false&#8221; custom_padding=&#8221;0px||0px||false|false&#8221; text_font_size_tablet=&#8221;20px&#8221; text_font_size_phone=&#8221;20px&#8221; text_font_size_last_edited=&#8221;on|tablet&#8221; global_colors_info=&#8221;{}&#8221;]<\/p>\n<p>Ens truques?<\/p>\n<p>[\/et_pb_text][et_pb_text content_tablet=&#8221;<\/p>\n<p style=%22text-align: center;%22><strong><span style=%22font-size: xx-large;%22>+34<\/span> 636 99 10 16<\/strong><\/p>\n<p>&#8221; content_phone=&#8221;<\/p>\n<p style=%22text-align: center;%22><strong><span style=%22font-size: xx-large;%22>+34<\/span> 636 99 10 16<\/strong><\/p>\n<p>&#8221; content_last_edited=&#8221;off|desktop&#8221; _builder_version=&#8221;4.23.1&#8243; _module_preset=&#8221;default&#8221; text_font=&#8221;|600|||||||&#8221; text_text_color=&#8221;#FFFFFF&#8221; text_font_size=&#8221;42px&#8221; text_line_height=&#8221;1.1em&#8221; link_text_color=&#8221;#FFFFFF&#8221; text_orientation=&#8221;center&#8221; min_height=&#8221;18.2px&#8221; custom_margin=&#8221;0px||16px||false|false&#8221; custom_padding=&#8221;0px||0px||false|false&#8221; link_option_url_new_window=&#8221;on&#8221; text_font_phone=&#8221;|700|||||||&#8221; text_font_last_edited=&#8221;off|phone&#8221; text_font_size_tablet=&#8221;40px&#8221; text_font_size_phone=&#8221;35px&#8221; text_font_size_last_edited=&#8221;on|tablet&#8221; global_colors_info=&#8221;{}&#8221;]<\/p>\n<p>+34 636 99 10 16<\/p>\n<p>[\/et_pb_text][et_pb_text _builder_version=&#8221;4.21.0&#8243; _module_preset=&#8221;default&#8221; text_font=&#8221;|700|||||||&#8221; text_font_size=&#8221;22px&#8221; text_orientation=&#8221;center&#8221; min_height=&#8221;18.2px&#8221; custom_margin=&#8221;0px||10px||false|false&#8221; custom_padding=&#8221;0px||0px||false|false&#8221; text_font_size_tablet=&#8221;20px&#8221; text_font_size_phone=&#8221;20px&#8221; text_font_size_last_edited=&#8221;on|tablet&#8221; locked=&#8221;off&#8221; global_colors_info=&#8221;{}&#8221;]<\/p>\n<p>Ens escrius?<\/p>\n<p>[\/et_pb_text][et_pb_text _builder_version=&#8221;4.23.1&#8243; _module_preset=&#8221;default&#8221; text_font=&#8221;|700|||on||||&#8221; text_text_color=&#8221;#FFFFFF&#8221; text_font_size=&#8221;26px&#8221; text_orientation=&#8221;center&#8221; min_height=&#8221;18.2px&#8221; custom_margin=&#8221;||37px||false|false&#8221; custom_padding=&#8221;||0px||false|false&#8221; link_option_url=&#8221;mailto:info@teguioenbarcelona.com&#8221; link_option_url_new_window=&#8221;on&#8221; text_font_size_tablet=&#8221;24px&#8221; text_font_size_phone=&#8221;19px&#8221; text_font_size_last_edited=&#8221;on|phone&#8221; locked=&#8221;off&#8221; global_colors_info=&#8221;{}&#8221;]<\/p>\n<p>info@teguioenbarcelona.com<strong><br \/><\/strong><\/p>\n<p>[\/et_pb_text][et_pb_button button_url=&#8221;https:\/\/api.whatsapp.com\/send?phone=34636991016&#038;text=Hola&#8221; url_new_window=&#8221;on&#8221; button_text=&#8221;Envia WhatsApp&#8221; button_alignment=&#8221;center&#8221; _builder_version=&#8221;4.23.1&#8243; _module_preset=&#8221;default&#8221; custom_button=&#8221;on&#8221; button_text_size=&#8221;22px&#8221; button_text_color=&#8221;#FFFFFF&#8221; button_bg_color=&#8221;#000000&#8243; button_icon=&#8221;&#x35;||divi||400&#8243; button_on_hover=&#8221;off&#8221; custom_margin=&#8221;||||false|false&#8221; custom_padding=&#8221;|||29px|false|false&#8221; button_text_size_tablet=&#8221;20px&#8221; button_text_size_phone=&#8221;18px&#8221; button_text_size_last_edited=&#8221;on|phone&#8221; locked=&#8221;off&#8221; global_colors_info=&#8221;{}&#8221;][\/et_pb_button][\/et_pb_column][et_pb_column type=&#8221;1_2&#8243; _builder_version=&#8221;4.21.0&#8243; _module_preset=&#8221;default&#8221; global_colors_info=&#8221;{}&#8221;][et_pb_text _builder_version=&#8221;4.21.0&#8243; _module_preset=&#8221;default&#8221; text_font=&#8221;|700|||||||&#8221; text_font_size=&#8221;22px&#8221; custom_margin=&#8221;11px||||false|false&#8221; custom_margin_tablet=&#8221;11px|30px||30px|false|true&#8221; custom_margin_phone=&#8221;|||24px|false|false&#8221; custom_margin_last_edited=&#8221;on|phone&#8221; text_font_size_tablet=&#8221;20px&#8221; text_font_size_phone=&#8221;20px&#8221; text_font_size_last_edited=&#8221;on|tablet&#8221; global_colors_info=&#8221;{}&#8221;]<\/p>\n<p>Completa el seg\u00fcent formulari i ens posarem en contacte amb tu:<\/p>\n<p>[\/et_pb_text][dvppl_cf7_styler form_bg=&#8221;RGBA(255,255,255,0)&#8221; form_padding=&#8221;10px|0px|10px||true|false&#8221; use_form_button_fullwidth=&#8221;on&#8221; cf7=&#8221;2834&#8243; form_field_height=&#8221;55px&#8221; form_field_padding=&#8221;5px|20px|5px|20px|true|false&#8221; form_background_color=&#8221;#FFFFFF&#8221; form_field_active_color=&#8221;#FFFFFF&#8221; form_field_spacing=&#8221;0px&#8221; form_label_spacing=&#8221;-6px&#8221; _builder_version=&#8221;4.23.1&#8243; _module_preset=&#8221;default&#8221; form_field_font_font=&#8221;Poppins||||||||&#8221; form_field_font_text_color=&#8221;#181F27&#8243; form_field_font_font_size=&#8221;15px&#8221; labels_font=&#8221;Poppins||||||||&#8221; labels_text_align=&#8221;left&#8221; labels_font_size=&#8221;14px&#8221; placeholder_text_color=&#8221;#181F27&#8243; placeholder_font_size=&#8221;15px&#8221; custom_submit_button=&#8221;on&#8221; submit_button_text_color=&#8221;#FFFFFF&#8221; submit_button_bg_color=&#8221;#181F27&#8243; submit_button_border_width=&#8221;0px&#8221; submit_button_border_color=&#8221;RGBA(255,255,255,0)&#8221; submit_button_font=&#8221;Poppins||||||||&#8221; submit_button_custom_padding=&#8221;10px|30px|10px|30px|true|true&#8221; global_colors_info=&#8221;{}&#8221;][\/dvppl_cf7_styler][\/et_pb_column][\/et_pb_row][et_pb_row _builder_version=&#8221;4.21.0&#8243; _module_preset=&#8221;default&#8221; custom_margin=&#8221;19px||||false|false&#8221; locked=&#8221;off&#8221; global_colors_info=&#8221;{}&#8221;][et_pb_column type=&#8221;4_4&#8243; _builder_version=&#8221;4.21.0&#8243; _module_preset=&#8221;default&#8221; global_colors_info=&#8221;{}&#8221;][et_pb_text _builder_version=&#8221;4.21.0&#8243; _module_preset=&#8221;default&#8221; text_font=&#8221;|700|||||||&#8221; header_2_font=&#8221;|600||on|||||&#8221; header_2_text_align=&#8221;center&#8221; header_2_text_color=&#8221;#FF6237&#8243; header_2_font_size=&#8221;19px&#8221; header_2_letter_spacing=&#8221;2px&#8221; header_2_line_height=&#8221;1.2em&#8221; text_orientation=&#8221;center&#8221; custom_margin=&#8221;0px||0px||false|false&#8221; custom_padding=&#8221;0px||0px||false|false&#8221; header_2_font_size_tablet=&#8221;19px&#8221; header_2_font_size_phone=&#8221;16px&#8221; header_2_font_size_last_edited=&#8221;on|phone&#8221; global_colors_info=&#8221;{}&#8221;]<\/p>\n<h2>hem acompanyat a aquestes escoles, universitats i centres educatius<\/h2>\n<p>[\/et_pb_text][et_pb_text _builder_version=&#8221;4.21.0&#8243; _module_preset=&#8221;default&#8221; text_font=&#8221;|300|||||||&#8221; text_font_size=&#8221;40px&#8221; text_letter_spacing=&#8221;-1px&#8221; text_line_height=&#8221;1em&#8221; header_3_font_size=&#8221;19px&#8221; text_orientation=&#8221;center&#8221; custom_margin=&#8221;2px||||false|false&#8221; text_font_size_tablet=&#8221;40px&#8221; text_font_size_phone=&#8221;35px&#8221; text_font_size_last_edited=&#8221;on|phone&#8221; inline_fonts=&#8221;Playfair Display,Poppins&#8221; global_colors_info=&#8221;{}&#8221;]<\/p>\n<p>Aprenentatge <strong><em><span style=\"font-family: Playfair Display;\">vivencial <\/span><\/em><\/strong>de la hist\u00f2ria<\/p>\n<p>[\/et_pb_text][\/et_pb_column][\/et_pb_row][et_pb_row column_structure=&#8221;1_6,1_6,1_6,1_6,1_6,1_6&#8243; _builder_version=&#8221;4.21.0&#8243; _module_preset=&#8221;default&#8221; width_tablet=&#8221;&#8221; width_phone=&#8221;40%&#8221; width_last_edited=&#8221;on|phone&#8221; max_width=&#8221;1201px&#8221; global_colors_info=&#8221;{}&#8221;][et_pb_column type=&#8221;1_6&#8243; _builder_version=&#8221;4.21.0&#8243; _module_preset=&#8221;default&#8221; global_colors_info=&#8221;{}&#8221;][et_pb_image src=&#8221;https:\/\/teguioenbarcelona.com\/wp-content\/uploads\/2023\/07\/treball-de-vida.jpg&#8221; alt=&#8221;treball-de-vida&#8221; title_text=&#8221;treball-de-vida&#8221; _builder_version=&#8221;4.21.0&#8243; _module_preset=&#8221;default&#8221; global_colors_info=&#8221;{}&#8221;][\/et_pb_image][\/et_pb_column][et_pb_column type=&#8221;1_6&#8243; _builder_version=&#8221;4.21.0&#8243; _module_preset=&#8221;default&#8221; global_colors_info=&#8221;{}&#8221;][et_pb_image src=&#8221;https:\/\/teguioenbarcelona.com\/wp-content\/uploads\/2023\/07\/EP-DO-INFANTE.jpg&#8221; alt=&#8221;EP-DO-INFANTE&#8221; title_text=&#8221;EP-DO-INFANTE&#8221; _builder_version=&#8221;4.21.0&#8243; _module_preset=&#8221;default&#8221; global_colors_info=&#8221;{}&#8221;][\/et_pb_image][\/et_pb_column][et_pb_column type=&#8221;1_6&#8243; _builder_version=&#8221;4.21.0&#8243; _module_preset=&#8221;default&#8221; global_colors_info=&#8221;{}&#8221;][et_pb_image src=&#8221;https:\/\/teguioenbarcelona.com\/wp-content\/uploads\/2023\/07\/logo-chevreullestonnac.jpg&#8221; alt=&#8221;chevreullestonnac&#8221; title_text=&#8221;chevreullestonnac&#8221; _builder_version=&#8221;4.21.0&#8243; _module_preset=&#8221;default&#8221; global_colors_info=&#8221;{}&#8221;][\/et_pb_image][\/et_pb_column][et_pb_column type=&#8221;1_6&#8243; _builder_version=&#8221;4.21.0&#8243; _module_preset=&#8221;default&#8221; global_colors_info=&#8221;{}&#8221;][et_pb_image src=&#8221;https:\/\/teguioenbarcelona.com\/wp-content\/uploads\/2023\/07\/ies-canada-de-la-encina.jpg&#8221; alt=&#8221;ies-canada-de-la-encina&#8221; title_text=&#8221;ies-canada-de-la-encina&#8221; _builder_version=&#8221;4.21.0&#8243; _module_preset=&#8221;default&#8221; global_colors_info=&#8221;{}&#8221;][\/et_pb_image][\/et_pb_column][et_pb_column type=&#8221;1_6&#8243; _builder_version=&#8221;4.21.0&#8243; _module_preset=&#8221;default&#8221; global_colors_info=&#8221;{}&#8221;][et_pb_image src=&#8221;https:\/\/teguioenbarcelona.com\/wp-content\/uploads\/2023\/07\/gymnasium-oberaargau.jpg&#8221; alt=&#8221;gymnasium-oberaargau&#8221; title_text=&#8221;gymnasium-oberaargau&#8221; _builder_version=&#8221;4.21.0&#8243; _module_preset=&#8221;default&#8221; global_colors_info=&#8221;{}&#8221;][\/et_pb_image][\/et_pb_column][et_pb_column type=&#8221;1_6&#8243; _builder_version=&#8221;4.21.0&#8243; _module_preset=&#8221;default&#8221; global_colors_info=&#8221;{}&#8221;][et_pb_image src=&#8221;https:\/\/teguioenbarcelona.com\/wp-content\/uploads\/2023\/07\/val-do-tea1.jpg&#8221; alt=&#8221;val-do-tea1&#8243; title_text=&#8221;val-do-tea1&#8243; _builder_version=&#8221;4.21.0&#8243; _module_preset=&#8221;default&#8221; global_colors_info=&#8221;{}&#8221;][\/et_pb_image][\/et_pb_column][\/et_pb_row][et_pb_row column_structure=&#8221;1_6,1_6,1_6,1_6,1_6,1_6&#8243; _builder_version=&#8221;4.21.0&#8243; _module_preset=&#8221;default&#8221; width_tablet=&#8221;&#8221; width_phone=&#8221;40%&#8221; width_last_edited=&#8221;on|phone&#8221; max_width=&#8221;1201px&#8221; global_colors_info=&#8221;{}&#8221;][et_pb_column type=&#8221;1_6&#8243; _builder_version=&#8221;4.21.0&#8243; _module_preset=&#8221;default&#8221; global_colors_info=&#8221;{}&#8221;][et_pb_image src=&#8221;https:\/\/teguioenbarcelona.com\/wp-content\/uploads\/2023\/07\/IES-JA-PEREZ-MERCADER.jpg&#8221; alt=&#8221;IES-JA-PEREZ-MERCADER&#8221; title_text=&#8221;IES-JA-PEREZ-MERCADER&#8221; _builder_version=&#8221;4.21.0&#8243; _module_preset=&#8221;default&#8221; global_colors_info=&#8221;{}&#8221;][\/et_pb_image][\/et_pb_column][et_pb_column type=&#8221;1_6&#8243; _builder_version=&#8221;4.21.0&#8243; _module_preset=&#8221;default&#8221; global_colors_info=&#8221;{}&#8221;][et_pb_image src=&#8221;https:\/\/teguioenbarcelona.com\/wp-content\/uploads\/2023\/07\/logo_aetm.jpg&#8221; alt=&#8221;logo_aetm&#8221; title_text=&#8221;logo_aetm&#8221; _builder_version=&#8221;4.21.0&#8243; _module_preset=&#8221;default&#8221; global_colors_info=&#8221;{}&#8221;][\/et_pb_image][\/et_pb_column][et_pb_column type=&#8221;1_6&#8243; _builder_version=&#8221;4.21.0&#8243; _module_preset=&#8221;default&#8221; global_colors_info=&#8221;{}&#8221;][et_pb_image src=&#8221;https:\/\/teguioenbarcelona.com\/wp-content\/uploads\/2023\/07\/pau-vila-sabadell.jpg&#8221; alt=&#8221;pau-vila-sabadell&#8221; title_text=&#8221;pau-vila-sabadell&#8221; _builder_version=&#8221;4.21.0&#8243; _module_preset=&#8221;default&#8221; global_colors_info=&#8221;{}&#8221;][\/et_pb_image][\/et_pb_column][et_pb_column type=&#8221;1_6&#8243; _builder_version=&#8221;4.21.0&#8243; _module_preset=&#8221;default&#8221; global_colors_info=&#8221;{}&#8221;][et_pb_image src=&#8221;https:\/\/teguioenbarcelona.com\/wp-content\/uploads\/2023\/07\/lasalle-benicarlo1.jpg&#8221; alt=&#8221;lasalle-benicarlo1&#8243; title_text=&#8221;lasalle-benicarlo1&#8243; _builder_version=&#8221;4.21.0&#8243; _module_preset=&#8221;default&#8221; global_colors_info=&#8221;{}&#8221;][\/et_pb_image][\/et_pb_column][et_pb_column type=&#8221;1_6&#8243; _builder_version=&#8221;4.21.0&#8243; _module_preset=&#8221;default&#8221; global_colors_info=&#8221;{}&#8221;][et_pb_image src=&#8221;https:\/\/teguioenbarcelona.com\/wp-content\/uploads\/2023\/07\/garbi.jpg&#8221; alt=&#8221;garbi&#8221; title_text=&#8221;garbi&#8221; _builder_version=&#8221;4.21.0&#8243; _module_preset=&#8221;default&#8221; global_colors_info=&#8221;{}&#8221;][\/et_pb_image][\/et_pb_column][et_pb_column type=&#8221;1_6&#8243; _builder_version=&#8221;4.21.0&#8243; _module_preset=&#8221;default&#8221; global_colors_info=&#8221;{}&#8221;][et_pb_image src=&#8221;https:\/\/teguioenbarcelona.com\/wp-content\/uploads\/2023\/07\/rutas-cientificas-artisticas-y-literarias.jpg&#8221; alt=&#8221;rutas-cientificas-artisticas-y-literarias&#8221; title_text=&#8221;rutas-cientificas-artisticas-y-literarias&#8221; _builder_version=&#8221;4.21.0&#8243; _module_preset=&#8221;default&#8221; global_colors_info=&#8221;{}&#8221;][\/et_pb_image][\/et_pb_column][\/et_pb_row][et_pb_row column_structure=&#8221;1_6,1_6,1_6,1_6,1_6,1_6&#8243; disabled_on=&#8221;on|off|off&#8221; _builder_version=&#8221;4.21.0&#8243; _module_preset=&#8221;default&#8221; width_tablet=&#8221;&#8221; width_phone=&#8221;40%&#8221; width_last_edited=&#8221;on|phone&#8221; max_width=&#8221;1201px&#8221; global_colors_info=&#8221;{}&#8221;][et_pb_column type=&#8221;1_6&#8243; _builder_version=&#8221;4.21.0&#8243; _module_preset=&#8221;default&#8221; global_colors_info=&#8221;{}&#8221;][et_pb_image src=&#8221;https:\/\/teguioenbarcelona.com\/wp-content\/uploads\/2023\/07\/dorea.jpg&#8221; alt=&#8221;dorea&#8221; title_text=&#8221;dorea&#8221; _builder_version=&#8221;4.21.0&#8243; _module_preset=&#8221;default&#8221; global_colors_info=&#8221;{}&#8221;][\/et_pb_image][\/et_pb_column][et_pb_column type=&#8221;1_6&#8243; _builder_version=&#8221;4.21.0&#8243; _module_preset=&#8221;default&#8221; global_colors_info=&#8221;{}&#8221;][et_pb_image src=&#8221;https:\/\/teguioenbarcelona.com\/wp-content\/uploads\/2023\/07\/centroestudiosdelta.jpg&#8221; alt=&#8221;centroestudiosdelta&#8221; title_text=&#8221;centroestudiosdelta&#8221; _builder_version=&#8221;4.21.0&#8243; _module_preset=&#8221;default&#8221; global_colors_info=&#8221;{}&#8221;][\/et_pb_image][\/et_pb_column][et_pb_column type=&#8221;1_6&#8243; _builder_version=&#8221;4.21.0&#8243; _module_preset=&#8221;default&#8221; global_colors_info=&#8221;{}&#8221;][et_pb_image src=&#8221;https:\/\/teguioenbarcelona.com\/wp-content\/uploads\/2023\/07\/val-do-tea.jpg&#8221; alt=&#8221;val-do-tea&#8221; title_text=&#8221;val-do-tea&#8221; _builder_version=&#8221;4.21.0&#8243; _module_preset=&#8221;default&#8221; global_colors_info=&#8221;{}&#8221;][\/et_pb_image][\/et_pb_column][et_pb_column type=&#8221;1_6&#8243; _builder_version=&#8221;4.21.0&#8243; _module_preset=&#8221;default&#8221; global_colors_info=&#8221;{}&#8221;][et_pb_image src=&#8221;https:\/\/teguioenbarcelona.com\/wp-content\/uploads\/2023\/07\/PidelBurgar.jpg&#8221; alt=&#8221;PidelBurgar&#8221; title_text=&#8221;PidelBurgar&#8221; _builder_version=&#8221;4.21.0&#8243; _module_preset=&#8221;default&#8221; global_colors_info=&#8221;{}&#8221;][\/et_pb_image][\/et_pb_column][et_pb_column type=&#8221;1_6&#8243; _builder_version=&#8221;4.21.0&#8243; _module_preset=&#8221;default&#8221; global_colors_info=&#8221;{}&#8221;][et_pb_image src=&#8221;https:\/\/teguioenbarcelona.com\/wp-content\/uploads\/2023\/07\/Jaume-Almera.jpg&#8221; alt=&#8221;Jaume-Almera&#8221; title_text=&#8221;Jaume-Almera&#8221; _builder_version=&#8221;4.21.0&#8243; _module_preset=&#8221;default&#8221; global_colors_info=&#8221;{}&#8221;][\/et_pb_image][\/et_pb_column][et_pb_column type=&#8221;1_6&#8243; _builder_version=&#8221;4.21.0&#8243; _module_preset=&#8221;default&#8221; global_colors_info=&#8221;{}&#8221;][et_pb_image src=&#8221;https:\/\/teguioenbarcelona.com\/wp-content\/uploads\/2023\/07\/escola-sobirans.jpg&#8221; alt=&#8221;sobirans&#8221; title_text=&#8221;sobirans&#8221; _builder_version=&#8221;4.21.0&#8243; _module_preset=&#8221;default&#8221; global_colors_info=&#8221;{}&#8221;][\/et_pb_image][\/et_pb_column][\/et_pb_row][et_pb_row column_structure=&#8221;1_6,1_6,1_6,1_6,1_6,1_6&#8243; disabled_on=&#8221;on|on|off&#8221; _builder_version=&#8221;4.21.0&#8243; _module_preset=&#8221;default&#8221; width_tablet=&#8221;&#8221; width_phone=&#8221;40%&#8221; width_last_edited=&#8221;on|phone&#8221; max_width=&#8221;1201px&#8221; global_colors_info=&#8221;{}&#8221;][et_pb_column type=&#8221;1_6&#8243; _builder_version=&#8221;4.21.0&#8243; _module_preset=&#8221;default&#8221; global_colors_info=&#8221;{}&#8221;][et_pb_image src=&#8221;https:\/\/teguioenbarcelona.com\/wp-content\/uploads\/2023\/07\/CEI-Jarama_25aniversario.jpg&#8221; alt=&#8221;CEI-Jarama&#8221; title_text=&#8221;CEI-Jarama&#8221; _builder_version=&#8221;4.21.0&#8243; _module_preset=&#8221;default&#8221; global_colors_info=&#8221;{}&#8221;][\/et_pb_image][\/et_pb_column][et_pb_column type=&#8221;1_6&#8243; _builder_version=&#8221;4.21.0&#8243; _module_preset=&#8221;default&#8221; global_colors_info=&#8221;{}&#8221;][et_pb_image src=&#8221;https:\/\/teguioenbarcelona.com\/wp-content\/uploads\/2023\/07\/IES-Alejandria.jpg&#8221; alt=&#8221;IES-Alejandria&#8221; title_text=&#8221;IES-Alejandria&#8221; _builder_version=&#8221;4.21.0&#8243; _module_preset=&#8221;default&#8221; global_colors_info=&#8221;{}&#8221;][\/et_pb_image][\/et_pb_column][et_pb_column type=&#8221;1_6&#8243; _builder_version=&#8221;4.21.0&#8243; _module_preset=&#8221;default&#8221; global_colors_info=&#8221;{}&#8221;][et_pb_image src=&#8221;https:\/\/teguioenbarcelona.com\/wp-content\/uploads\/2023\/07\/colegio-santiago-apostol-vigo.jpg&#8221; alt=&#8221;colegio-santiago-apostol-vigo&#8221; title_text=&#8221;colegio-santiago-apostol-vigo&#8221; _builder_version=&#8221;4.21.0&#8243; _module_preset=&#8221;default&#8221; global_colors_info=&#8221;{}&#8221;][\/et_pb_image][\/et_pb_column][et_pb_column type=&#8221;1_6&#8243; _builder_version=&#8221;4.21.0&#8243; _module_preset=&#8221;default&#8221; global_colors_info=&#8221;{}&#8221;][et_pb_image src=&#8221;https:\/\/teguioenbarcelona.com\/wp-content\/uploads\/2023\/07\/alcade-jimenez-ruiz.jpg&#8221; alt=&#8221;alcade-jimenez-ruiz&#8221; title_text=&#8221;alcade-jimenez-ruiz&#8221; _builder_version=&#8221;4.21.0&#8243; _module_preset=&#8221;default&#8221; global_colors_info=&#8221;{}&#8221;][\/et_pb_image][\/et_pb_column][et_pb_column type=&#8221;1_6&#8243; _builder_version=&#8221;4.21.0&#8243; _module_preset=&#8221;default&#8221; global_colors_info=&#8221;{}&#8221;][et_pb_image src=&#8221;https:\/\/teguioenbarcelona.com\/wp-content\/uploads\/2023\/07\/atalaya-santander.jpg&#8221; alt=&#8221;atalaya-santander&#8221; title_text=&#8221;atalaya-santander&#8221; _builder_version=&#8221;4.21.0&#8243; _module_preset=&#8221;default&#8221; global_colors_info=&#8221;{}&#8221;][\/et_pb_image][\/et_pb_column][et_pb_column type=&#8221;1_6&#8243; _builder_version=&#8221;4.21.0&#8243; _module_preset=&#8221;default&#8221; global_colors_info=&#8221;{}&#8221;][et_pb_image src=&#8221;https:\/\/teguioenbarcelona.com\/wp-content\/uploads\/2023\/07\/euroaula.jpg&#8221; alt=&#8221;euroaula&#8221; title_text=&#8221;euroaula&#8221; _builder_version=&#8221;4.21.0&#8243; _module_preset=&#8221;default&#8221; global_colors_info=&#8221;{}&#8221;][\/et_pb_image][\/et_pb_column][\/et_pb_row][et_pb_row column_structure=&#8221;1_6,1_6,1_6,1_6,1_6,1_6&#8243; disabled_on=&#8221;on|on|off&#8221; _builder_version=&#8221;4.21.0&#8243; _module_preset=&#8221;default&#8221; width_tablet=&#8221;&#8221; width_phone=&#8221;40%&#8221; width_last_edited=&#8221;on|phone&#8221; max_width=&#8221;1201px&#8221; global_colors_info=&#8221;{}&#8221;][et_pb_column type=&#8221;1_6&#8243; _builder_version=&#8221;4.21.0&#8243; _module_preset=&#8221;default&#8221; global_colors_info=&#8221;{}&#8221;][et_pb_image src=&#8221;https:\/\/teguioenbarcelona.com\/wp-content\/uploads\/2023\/07\/bruguers-gava.jpg&#8221; alt=&#8221;bruguers-gava&#8221; title_text=&#8221;bruguers-gava&#8221; _builder_version=&#8221;4.21.0&#8243; _module_preset=&#8221;default&#8221; global_colors_info=&#8221;{}&#8221;][\/et_pb_image][\/et_pb_column][et_pb_column type=&#8221;1_6&#8243; _builder_version=&#8221;4.21.0&#8243; _module_preset=&#8221;default&#8221; global_colors_info=&#8221;{}&#8221;][et_pb_image src=&#8221;https:\/\/teguioenbarcelona.com\/wp-content\/uploads\/2023\/07\/altocastillo.jpg&#8221; alt=&#8221;altocastillo&#8221; title_text=&#8221;altocastillo&#8221; _builder_version=&#8221;4.21.0&#8243; _module_preset=&#8221;default&#8221; global_colors_info=&#8221;{}&#8221;][\/et_pb_image][\/et_pb_column][et_pb_column type=&#8221;1_6&#8243; _builder_version=&#8221;4.21.0&#8243; _module_preset=&#8221;default&#8221; global_colors_info=&#8221;{}&#8221;][et_pb_image src=&#8221;https:\/\/teguioenbarcelona.com\/wp-content\/uploads\/2023\/07\/insmontsia.jpg&#8221; alt=&#8221;insmontsia&#8221; title_text=&#8221;insmontsia&#8221; _builder_version=&#8221;4.21.0&#8243; _module_preset=&#8221;default&#8221; global_colors_info=&#8221;{}&#8221;][\/et_pb_image][\/et_pb_column][et_pb_column type=&#8221;1_6&#8243; _builder_version=&#8221;4.21.0&#8243; _module_preset=&#8221;default&#8221; global_colors_info=&#8221;{}&#8221;][et_pb_image src=&#8221;https:\/\/teguioenbarcelona.com\/wp-content\/uploads\/2023\/07\/Pineda_Logo.jpg&#8221; alt=&#8221;Pineda&#8221; title_text=&#8221;Pineda&#8221; _builder_version=&#8221;4.21.0&#8243; _module_preset=&#8221;default&#8221; global_colors_info=&#8221;{}&#8221;][\/et_pb_image][\/et_pb_column][et_pb_column type=&#8221;1_6&#8243; _builder_version=&#8221;4.21.0&#8243; _module_preset=&#8221;default&#8221; global_colors_info=&#8221;{}&#8221;][et_pb_image src=&#8221;https:\/\/teguioenbarcelona.com\/wp-content\/uploads\/2023\/07\/santa-maria-de-salta.jpg&#8221; alt=&#8221;santa-maria-de-salta&#8221; title_text=&#8221;santa-maria-de-salta&#8221; _builder_version=&#8221;4.21.0&#8243; _module_preset=&#8221;default&#8221; global_colors_info=&#8221;{}&#8221;][\/et_pb_image][\/et_pb_column][et_pb_column type=&#8221;1_6&#8243; _builder_version=&#8221;4.21.0&#8243; _module_preset=&#8221;default&#8221; global_colors_info=&#8221;{}&#8221;][et_pb_image src=&#8221;https:\/\/teguioenbarcelona.com\/wp-content\/uploads\/2023\/07\/rutgers.jpg&#8221; alt=&#8221;rutgers&#8221; title_text=&#8221;rutgers&#8221; _builder_version=&#8221;4.21.0&#8243; _module_preset=&#8221;default&#8221; global_colors_info=&#8221;{}&#8221;][\/et_pb_image][\/et_pb_column][\/et_pb_row][et_pb_row column_structure=&#8221;1_6,1_6,1_6,1_6,1_6,1_6&#8243; disabled_on=&#8221;on|on|off&#8221; _builder_version=&#8221;4.21.0&#8243; _module_preset=&#8221;default&#8221; width_tablet=&#8221;&#8221; width_phone=&#8221;40%&#8221; width_last_edited=&#8221;on|phone&#8221; max_width=&#8221;1201px&#8221; global_colors_info=&#8221;{}&#8221;][et_pb_column type=&#8221;1_6&#8243; _builder_version=&#8221;4.21.0&#8243; _module_preset=&#8221;default&#8221; global_colors_info=&#8221;{}&#8221;][et_pb_image src=&#8221;https:\/\/teguioenbarcelona.com\/wp-content\/uploads\/2023\/07\/IES-MIRAFLORES-DE-LOS-ANGELES.jpg&#8221; alt=&#8221;IES-MIRAFLORES-DE-LOS-ANGELES&#8221; title_text=&#8221;IES-MIRAFLORES-DE-LOS-ANGELES&#8221; _builder_version=&#8221;4.21.0&#8243; _module_preset=&#8221;default&#8221; global_colors_info=&#8221;{}&#8221;][\/et_pb_image][\/et_pb_column][et_pb_column type=&#8221;1_6&#8243; _builder_version=&#8221;4.21.0&#8243; _module_preset=&#8221;default&#8221; global_colors_info=&#8221;{}&#8221;][et_pb_image src=&#8221;https:\/\/teguioenbarcelona.com\/wp-content\/uploads\/2023\/07\/HERMINIO-ALMENDROS.jpg&#8221; alt=&#8221;HERMINIO-ALMENDROS&#8221; title_text=&#8221;HERMINIO-ALMENDROS&#8221; _builder_version=&#8221;4.21.0&#8243; _module_preset=&#8221;default&#8221; global_colors_info=&#8221;{}&#8221;][\/et_pb_image][\/et_pb_column][et_pb_column type=&#8221;1_6&#8243; _builder_version=&#8221;4.21.0&#8243; _module_preset=&#8221;default&#8221; global_colors_info=&#8221;{}&#8221;][et_pb_image src=&#8221;https:\/\/teguioenbarcelona.com\/wp-content\/uploads\/2023\/07\/CRA-de-Aseujo.jpg&#8221; alt=&#8221;CRA-de-Aseujo&#8221; title_text=&#8221;CRA-de-Aseujo&#8221; _builder_version=&#8221;4.21.0&#8243; _module_preset=&#8221;default&#8221; global_colors_info=&#8221;{}&#8221;][\/et_pb_image][\/et_pb_column][et_pb_column type=&#8221;1_6&#8243; _builder_version=&#8221;4.21.0&#8243; _module_preset=&#8221;default&#8221; global_colors_info=&#8221;{}&#8221;][et_pb_image src=&#8221;https:\/\/teguioenbarcelona.com\/wp-content\/uploads\/2023\/07\/jesusymariavedruna.jpg&#8221; alt=&#8221;jesusymariavedruna&#8221; title_text=&#8221;jesusymariavedruna&#8221; _builder_version=&#8221;4.21.0&#8243; _module_preset=&#8221;default&#8221; global_colors_info=&#8221;{}&#8221;][\/et_pb_image][\/et_pb_column][et_pb_column type=&#8221;1_6&#8243; _builder_version=&#8221;4.21.0&#8243; _module_preset=&#8221;default&#8221; global_colors_info=&#8221;{}&#8221;][et_pb_image src=&#8221;https:\/\/teguioenbarcelona.com\/wp-content\/uploads\/2023\/07\/IES-Ramon-J-Sender.jpg&#8221; alt=&#8221;IES-Ramon-J-Sender&#8221; title_text=&#8221;IES-Ramon-J-Sender&#8221; _builder_version=&#8221;4.21.0&#8243; _module_preset=&#8221;default&#8221; global_colors_info=&#8221;{}&#8221;][\/et_pb_image][\/et_pb_column][et_pb_column type=&#8221;1_6&#8243; _builder_version=&#8221;4.21.0&#8243; _module_preset=&#8221;default&#8221; global_colors_info=&#8221;{}&#8221;][et_pb_image src=&#8221;https:\/\/teguioenbarcelona.com\/wp-content\/uploads\/2023\/07\/sagrado-corazon-don-benito.jpg&#8221; alt=&#8221;sagrado-corazon-don-benito&#8221; title_text=&#8221;sagrado-corazon-don-benito&#8221; _builder_version=&#8221;4.21.0&#8243; _module_preset=&#8221;default&#8221; global_colors_info=&#8221;{}&#8221;][\/et_pb_image][\/et_pb_column][\/et_pb_row][et_pb_row column_structure=&#8221;1_6,1_6,1_6,1_6,1_6,1_6&#8243; disabled_on=&#8221;on|on|off&#8221; _builder_version=&#8221;4.21.0&#8243; _module_preset=&#8221;default&#8221; width_tablet=&#8221;&#8221; width_phone=&#8221;40%&#8221; width_last_edited=&#8221;on|phone&#8221; max_width=&#8221;1201px&#8221; global_colors_info=&#8221;{}&#8221;][et_pb_column type=&#8221;1_6&#8243; _builder_version=&#8221;4.21.0&#8243; _module_preset=&#8221;default&#8221; global_colors_info=&#8221;{}&#8221;][et_pb_image src=&#8221;https:\/\/teguioenbarcelona.com\/wp-content\/uploads\/2023\/07\/andoain-ikastola.jpg&#8221; alt=&#8221;andoain-ikastola&#8221; title_text=&#8221;andoain-ikastola&#8221; _builder_version=&#8221;4.21.0&#8243; _module_preset=&#8221;default&#8221; global_colors_info=&#8221;{}&#8221;][\/et_pb_image][\/et_pb_column][et_pb_column type=&#8221;1_6&#8243; _builder_version=&#8221;4.21.0&#8243; _module_preset=&#8221;default&#8221; global_colors_info=&#8221;{}&#8221;][et_pb_image src=&#8221;https:\/\/teguioenbarcelona.com\/wp-content\/uploads\/2023\/07\/sagrado-corazon-miajadas.jpg&#8221; alt=&#8221;sagrado-corazo\u0301n-miajadas&#8221; title_text=&#8221;sagrado-corazo\u0301n-miajadas&#8221; _builder_version=&#8221;4.21.0&#8243; _module_preset=&#8221;default&#8221; global_colors_info=&#8221;{}&#8221;][\/et_pb_image][\/et_pb_column][et_pb_column type=&#8221;1_6&#8243; _builder_version=&#8221;4.21.0&#8243; _module_preset=&#8221;default&#8221; global_colors_info=&#8221;{}&#8221;][et_pb_image src=&#8221;https:\/\/teguioenbarcelona.com\/wp-content\/uploads\/2023\/07\/colegio-telleri-alde.jpg&#8221; alt=&#8221;colegio-telleri-alde&#8221; title_text=&#8221;colegio-telleri-alde&#8221; _builder_version=&#8221;4.21.0&#8243; _module_preset=&#8221;default&#8221; global_colors_info=&#8221;{}&#8221;][\/et_pb_image][\/et_pb_column][et_pb_column type=&#8221;1_6&#8243; _builder_version=&#8221;4.21.0&#8243; _module_preset=&#8221;default&#8221; global_colors_info=&#8221;{}&#8221;][et_pb_image src=&#8221;https:\/\/teguioenbarcelona.com\/wp-content\/uploads\/2023\/07\/institutdelebre.jpg&#8221; alt=&#8221;institutdelebre&#8221; title_text=&#8221;institutdelebre&#8221; _builder_version=&#8221;4.21.0&#8243; _module_preset=&#8221;default&#8221; global_colors_info=&#8221;{}&#8221;][\/et_pb_image][\/et_pb_column][et_pb_column type=&#8221;1_6&#8243; _builder_version=&#8221;4.21.0&#8243; _module_preset=&#8221;default&#8221; global_colors_info=&#8221;{}&#8221;][et_pb_image src=&#8221;https:\/\/teguioenbarcelona.com\/wp-content\/uploads\/2023\/07\/hobart_and_william_smith_colleges.jpg&#8221; alt=&#8221;hobart_and_william_smith_colleges&#8221; title_text=&#8221;hobart_and_william_smith_colleges&#8221; _builder_version=&#8221;4.21.0&#8243; _module_preset=&#8221;default&#8221; global_colors_info=&#8221;{}&#8221;][\/et_pb_image][\/et_pb_column][et_pb_column type=&#8221;1_6&#8243; _builder_version=&#8221;4.21.0&#8243; _module_preset=&#8221;default&#8221; global_colors_info=&#8221;{}&#8221;][et_pb_image src=&#8221;https:\/\/teguioenbarcelona.com\/wp-content\/uploads\/2023\/07\/escola-bellpuig.jpg&#8221; alt=&#8221;escola-bellpuig&#8221; title_text=&#8221;escola-bellpuig&#8221; _builder_version=&#8221;4.21.0&#8243; _module_preset=&#8221;default&#8221; global_colors_info=&#8221;{}&#8221;][\/et_pb_image][\/et_pb_column][\/et_pb_row][et_pb_row column_structure=&#8221;1_6,1_6,1_6,1_6,1_6,1_6&#8243; disabled_on=&#8221;on|on|off&#8221; _builder_version=&#8221;4.21.0&#8243; _module_preset=&#8221;default&#8221; width_tablet=&#8221;&#8221; width_phone=&#8221;40%&#8221; width_last_edited=&#8221;on|phone&#8221; max_width=&#8221;1201px&#8221; global_colors_info=&#8221;{}&#8221;][et_pb_column type=&#8221;1_6&#8243; _builder_version=&#8221;4.21.0&#8243; _module_preset=&#8221;default&#8221; global_colors_info=&#8221;{}&#8221;][et_pb_image src=&#8221;https:\/\/teguioenbarcelona.com\/wp-content\/uploads\/2023\/07\/roc-alabern.jpg&#8221; alt=&#8221;roc-alabern&#8221; title_text=&#8221;roc-alabern&#8221; _builder_version=&#8221;4.21.0&#8243; _module_preset=&#8221;default&#8221; global_colors_info=&#8221;{}&#8221;][\/et_pb_image][\/et_pb_column][et_pb_column type=&#8221;1_6&#8243; _builder_version=&#8221;4.21.0&#8243; _module_preset=&#8221;default&#8221; global_colors_info=&#8221;{}&#8221;][et_pb_image src=&#8221;https:\/\/teguioenbarcelona.com\/wp-content\/uploads\/2023\/07\/Logo_gymnazia_Dr._Josefa_Pekare.jpg&#8221; alt=&#8221;gymnazia&#8221; title_text=&#8221;gymnazia&#8221; _builder_version=&#8221;4.21.0&#8243; _module_preset=&#8221;default&#8221; global_colors_info=&#8221;{}&#8221;][\/et_pb_image][\/et_pb_column][et_pb_column type=&#8221;1_6&#8243; _builder_version=&#8221;4.21.0&#8243; _module_preset=&#8221;default&#8221; global_colors_info=&#8221;{}&#8221;][et_pb_image src=&#8221;https:\/\/teguioenbarcelona.com\/wp-content\/uploads\/2023\/07\/Alcalingua.png&#8221; alt=&#8221;Alcalingua&#8221; title_text=&#8221;Alcalingua&#8221; _builder_version=&#8221;4.21.0&#8243; _module_preset=&#8221;default&#8221; global_colors_info=&#8221;{}&#8221;][\/et_pb_image][\/et_pb_column][et_pb_column type=&#8221;1_6&#8243; _builder_version=&#8221;4.21.0&#8243; _module_preset=&#8221;default&#8221; global_colors_info=&#8221;{}&#8221;][et_pb_image src=&#8221;https:\/\/teguioenbarcelona.com\/wp-content\/uploads\/2023\/07\/HVSA.jpg&#8221; alt=&#8221;HVSA&#8221; title_text=&#8221;HVSA&#8221; _builder_version=&#8221;4.21.0&#8243; _module_preset=&#8221;default&#8221; global_colors_info=&#8221;{}&#8221;][\/et_pb_image][\/et_pb_column][et_pb_column type=&#8221;1_6&#8243; _builder_version=&#8221;4.21.0&#8243; _module_preset=&#8221;default&#8221; global_colors_info=&#8221;{}&#8221;][et_pb_image src=&#8221;https:\/\/teguioenbarcelona.com\/wp-content\/uploads\/2023\/07\/CAlfonsoXIJaen.jpg&#8221; alt=&#8221;CAlfonsoXIJaen&#8221; title_text=&#8221;CAlfonsoXIJaen&#8221; _builder_version=&#8221;4.21.0&#8243; _module_preset=&#8221;default&#8221; global_colors_info=&#8221;{}&#8221;][\/et_pb_image][\/et_pb_column][et_pb_column type=&#8221;1_6&#8243; _builder_version=&#8221;4.21.0&#8243; _module_preset=&#8221;default&#8221; global_colors_info=&#8221;{}&#8221;][et_pb_image src=&#8221;https:\/\/teguioenbarcelona.com\/wp-content\/uploads\/2023\/07\/corazonistas.jpg&#8221; alt=&#8221;corazonistas&#8221; title_text=&#8221;corazonistas&#8221; _builder_version=&#8221;4.21.0&#8243; _module_preset=&#8221;default&#8221; global_colors_info=&#8221;{}&#8221;][\/et_pb_image][\/et_pb_column][\/et_pb_row][et_pb_row column_structure=&#8221;1_6,1_6,1_6,1_6,1_6,1_6&#8243; disabled_on=&#8221;on|on|off&#8221; _builder_version=&#8221;4.21.0&#8243; _module_preset=&#8221;default&#8221; width_tablet=&#8221;&#8221; width_phone=&#8221;40%&#8221; width_last_edited=&#8221;on|phone&#8221; max_width=&#8221;1201px&#8221; global_colors_info=&#8221;{}&#8221;][et_pb_column type=&#8221;1_6&#8243; _builder_version=&#8221;4.21.0&#8243; _module_preset=&#8221;default&#8221; global_colors_info=&#8221;{}&#8221;][et_pb_image src=&#8221;https:\/\/teguioenbarcelona.com\/wp-content\/uploads\/2023\/07\/CEFA-Molino-de-viento.jpg&#8221; alt=&#8221;CEFA&#8221; title_text=&#8221;CEFA&#8221; _builder_version=&#8221;4.21.0&#8243; _module_preset=&#8221;default&#8221; global_colors_info=&#8221;{}&#8221;][\/et_pb_image][\/et_pb_column][et_pb_column type=&#8221;1_6&#8243; _builder_version=&#8221;4.21.0&#8243; _module_preset=&#8221;default&#8221; global_colors_info=&#8221;{}&#8221;][et_pb_image src=&#8221;https:\/\/teguioenbarcelona.com\/wp-content\/uploads\/2023\/07\/CBeauSoleil.jpg&#8221; alt=&#8221;CBeauSoleil&#8221; title_text=&#8221;CBeauSoleil&#8221; _builder_version=&#8221;4.21.0&#8243; _module_preset=&#8221;default&#8221; global_colors_info=&#8221;{}&#8221;][\/et_pb_image][\/et_pb_column][et_pb_column type=&#8221;1_6&#8243; _builder_version=&#8221;4.21.0&#8243; _module_preset=&#8221;default&#8221; global_colors_info=&#8221;{}&#8221;][et_pb_image src=&#8221;https:\/\/teguioenbarcelona.com\/wp-content\/uploads\/2023\/07\/CBAIlanguages.jpg&#8221; alt=&#8221;CBAIlanguages&#8221; title_text=&#8221;CBAIlanguages&#8221; _builder_version=&#8221;4.21.0&#8243; _module_preset=&#8221;default&#8221; global_colors_info=&#8221;{}&#8221;][\/et_pb_image][\/et_pb_column][et_pb_column type=&#8221;1_6&#8243; _builder_version=&#8221;4.21.0&#8243; _module_preset=&#8221;default&#8221; global_colors_info=&#8221;{}&#8221;][et_pb_image src=&#8221;https:\/\/teguioenbarcelona.com\/wp-content\/uploads\/2023\/07\/Cwiu.jpg&#8221; alt=&#8221;Cwiu&#8221; title_text=&#8221;Cwiu&#8221; _builder_version=&#8221;4.21.0&#8243; _module_preset=&#8221;default&#8221; global_colors_info=&#8221;{}&#8221;][\/et_pb_image][\/et_pb_column][et_pb_column type=&#8221;1_6&#8243; _builder_version=&#8221;4.21.0&#8243; _module_preset=&#8221;default&#8221; global_colors_info=&#8221;{}&#8221;][et_pb_image src=&#8221;https:\/\/teguioenbarcelona.com\/wp-content\/uploads\/2023\/07\/CColegioRomareda.jpg&#8221; alt=&#8221;CColegioRomareda&#8221; title_text=&#8221;CColegioRomareda&#8221; _builder_version=&#8221;4.21.0&#8243; _module_preset=&#8221;default&#8221; global_colors_info=&#8221;{}&#8221;][\/et_pb_image][\/et_pb_column][et_pb_column type=&#8221;1_6&#8243; _builder_version=&#8221;4.21.0&#8243; _module_preset=&#8221;default&#8221; global_colors_info=&#8221;{}&#8221;][et_pb_image src=&#8221;https:\/\/teguioenbarcelona.com\/wp-content\/uploads\/2023\/07\/Calonsodemadrigal.jpg&#8221; alt=&#8221;Calonsodemadrigal&#8221; title_text=&#8221;Calonsodemadrigal&#8221; _builder_version=&#8221;4.21.0&#8243; _module_preset=&#8221;default&#8221; global_colors_info=&#8221;{}&#8221;][\/et_pb_image][\/et_pb_column][\/et_pb_row][et_pb_row column_structure=&#8221;1_6,1_6,1_6,1_6,1_6,1_6&#8243; disabled_on=&#8221;on|on|off&#8221; _builder_version=&#8221;4.21.0&#8243; _module_preset=&#8221;default&#8221; width_tablet=&#8221;&#8221; width_phone=&#8221;40%&#8221; width_last_edited=&#8221;on|phone&#8221; max_width=&#8221;1201px&#8221; global_colors_info=&#8221;{}&#8221;][et_pb_column type=&#8221;1_6&#8243; _builder_version=&#8221;4.21.0&#8243; _module_preset=&#8221;default&#8221; global_colors_info=&#8221;{}&#8221;][et_pb_image src=&#8221;https:\/\/teguioenbarcelona.com\/wp-content\/uploads\/2023\/07\/Clogo-maria-auxiliadora-2.jpg&#8221; alt=&#8221;maria-auxiliadora&#8221; title_text=&#8221;maria-auxiliadora&#8221; _builder_version=&#8221;4.21.0&#8243; _module_preset=&#8221;default&#8221; global_colors_info=&#8221;{}&#8221;][\/et_pb_image][\/et_pb_column][et_pb_column type=&#8221;1_6&#8243; _builder_version=&#8221;4.21.0&#8243; _module_preset=&#8221;default&#8221; global_colors_info=&#8221;{}&#8221;][et_pb_image src=&#8221;https:\/\/teguioenbarcelona.com\/wp-content\/uploads\/2023\/07\/Cla-roda2.jpg&#8221; alt=&#8221;Cla-roda2&#8243; title_text=&#8221;Cla-roda2&#8243; _builder_version=&#8221;4.21.0&#8243; _module_preset=&#8221;default&#8221; global_colors_info=&#8221;{}&#8221;][\/et_pb_image][\/et_pb_column][et_pb_column type=&#8221;1_6&#8243; _builder_version=&#8221;4.21.0&#8243; _module_preset=&#8221;default&#8221; global_colors_info=&#8221;{}&#8221;][et_pb_image src=&#8221;https:\/\/teguioenbarcelona.com\/wp-content\/uploads\/2023\/07\/Cescola-ipse.jpg&#8221; alt=&#8221;Cescola-ipse&#8221; title_text=&#8221;Cescola-ipse&#8221; _builder_version=&#8221;4.21.0&#8243; _module_preset=&#8221;default&#8221; global_colors_info=&#8221;{}&#8221;][\/et_pb_image][\/et_pb_column][et_pb_column type=&#8221;1_6&#8243; _builder_version=&#8221;4.21.0&#8243; _module_preset=&#8221;default&#8221; global_colors_info=&#8221;{}&#8221;][et_pb_image src=&#8221;https:\/\/teguioenbarcelona.com\/wp-content\/uploads\/2023\/07\/CColegiLlicenciats.jpg&#8221; alt=&#8221;ColegiLlicenciats&#8221; title_text=&#8221;ColegiLlicenciats&#8221; _builder_version=&#8221;4.21.0&#8243; _module_preset=&#8221;default&#8221; global_colors_info=&#8221;{}&#8221;][\/et_pb_image][\/et_pb_column][et_pb_column type=&#8221;1_6&#8243; _builder_version=&#8221;4.21.0&#8243; _module_preset=&#8221;default&#8221; global_colors_info=&#8221;{}&#8221;][\/et_pb_column][et_pb_column type=&#8221;1_6&#8243; _builder_version=&#8221;4.21.0&#8243; _module_preset=&#8221;default&#8221; global_colors_info=&#8221;{}&#8221;][\/et_pb_column][\/et_pb_row][\/et_pb_section][et_pb_section fb_built=&#8221;1&#8243; module_id=&#8221;c01&#8243; _builder_version=&#8221;4.23.1&#8243; _module_preset=&#8221;default&#8221; custom_padding=&#8221;20px||20px||true|false&#8221; global_colors_info=&#8221;{}&#8221;][et_pb_row _builder_version=&#8221;4.21.0&#8243; _module_preset=&#8221;default&#8221; custom_padding=&#8221;||17px|||&#8221; global_colors_info=&#8221;{}&#8221;][et_pb_column type=&#8221;4_4&#8243; _builder_version=&#8221;4.21.0&#8243; _module_preset=&#8221;default&#8221; global_colors_info=&#8221;{}&#8221;][et_pb_text _builder_version=&#8221;4.21.0&#8243; _module_preset=&#8221;default&#8221; text_font=&#8221;|600|||||||&#8221; text_text_color=&#8221;#FF6237&#8243; text_font_size=&#8221;34px&#8221; header_2_font=&#8221;|700|||||||&#8221; header_2_text_align=&#8221;center&#8221; header_2_font_size=&#8221;37px&#8221; text_orientation=&#8221;center&#8221; text_line_height_tablet=&#8221;&#8221; text_line_height_phone=&#8221;0.8em&#8221; text_line_height_last_edited=&#8221;on|phone&#8221; header_2_font_size_tablet=&#8221;33px&#8221; header_2_font_size_phone=&#8221;28px&#8221; header_2_font_size_last_edited=&#8221;on|tablet&#8221; global_colors_info=&#8221;{}&#8221;]<\/p>\n<h2>C01 &#8211; Barcelona romana, medieval i moderna<\/h2>\n<p>[\/et_pb_text][\/et_pb_column][\/et_pb_row][et_pb_row column_structure=&#8221;1_4,1_4,1_4,1_4&#8243; make_equal=&#8221;on&#8221; _builder_version=&#8221;4.23.1&#8243; _module_preset=&#8221;default&#8221; background_color=&#8221;rgba(255,98,55,0.13)&#8221; width=&#8221;100%&#8221; width_tablet=&#8221;100%&#8221; width_phone=&#8221;100%&#8221; width_last_edited=&#8221;on|tablet&#8221; max_width=&#8221;90%&#8221; max_width_tablet=&#8221;100%&#8221; max_width_phone=&#8221;100%&#8221; max_width_last_edited=&#8221;on|tablet&#8221; custom_margin=&#8221;0px||0px||false|false&#8221; custom_padding=&#8221;0px||0px||true|false&#8221; locked=&#8221;off&#8221; global_colors_info=&#8221;{}&#8221;][et_pb_column type=&#8221;1_4&#8243; _builder_version=&#8221;4.21.0&#8243; _module_preset=&#8221;default&#8221; custom_padding=&#8221;30px|||40px|false|false&#8221; custom_padding_tablet=&#8221;30px|||40px|false|false&#8221; custom_padding_phone=&#8221;30px|||40px|false|false&#8221; custom_padding_last_edited=&#8221;on|phone&#8221; global_colors_info=&#8221;{}&#8221;][et_pb_image src=&#8221;https:\/\/teguioenbarcelona.com\/wp-content\/uploads\/2023\/07\/donde.svg&#8221; alt=&#8221;donde&#8221; title_text=&#8221;donde&#8221; _builder_version=&#8221;4.21.0&#8243; _module_preset=&#8221;default&#8221; width=&#8221;30px&#8221; width_tablet=&#8221;14%&#8221; width_phone=&#8221;10%&#8221; width_last_edited=&#8221;on|phone&#8221; custom_margin=&#8221;0px||13px||false|false&#8221; custom_padding=&#8221;0px||0px||false|false&#8221; global_colors_info=&#8221;{}&#8221;][\/et_pb_image][et_pb_text _builder_version=&#8221;4.23.1&#8243; _module_preset=&#8221;default&#8221; text_font=&#8221;|700|||||||&#8221; text_text_color=&#8221;#FF6237&#8243; text_font_size=&#8221;18px&#8221; background_color=&#8221;RGBA(255,255,255,0)&#8221; custom_margin=&#8221;0px||10px||false|false&#8221; custom_margin_tablet=&#8221;0px||9px|40px|false|false&#8221; custom_margin_phone=&#8221;0px||9px|40px|false|false&#8221; custom_margin_last_edited=&#8221;on|tablet&#8221; custom_padding=&#8221;0px||0px||false|false&#8221; global_colors_info=&#8221;{}&#8221;]On[\/et_pb_text][et_pb_text _builder_version=&#8221;4.23.1&#8243; _module_preset=&#8221;default&#8221; text_font=&#8221;Bitter|500|on||||||&#8221; text_text_color=&#8221;#000000&#8243; text_font_size=&#8221;18px&#8221; background_color=&#8221;RGBA(255,255,255,0)&#8221; custom_margin=&#8221;0px||0px||false|false&#8221; custom_padding=&#8221;0px||0px||false|false&#8221; global_colors_info=&#8221;{}&#8221;]Barri G\u00f2tic i Born (amb visita al BORN CC)[\/et_pb_text][\/et_pb_column][et_pb_column type=&#8221;1_4&#8243; _builder_version=&#8221;4.21.0&#8243; _module_preset=&#8221;default&#8221; custom_padding=&#8221;30px||||false|false&#8221; custom_padding_tablet=&#8221;30px||||false|false&#8221; custom_padding_phone=&#8221;0px||||false|false&#8221; custom_padding_last_edited=&#8221;on|phone&#8221; global_colors_info=&#8221;{}&#8221;][et_pb_image src=&#8221;https:\/\/teguioenbarcelona.com\/wp-content\/uploads\/2023\/07\/como.svg&#8221; alt=&#8221;como&#8221; title_text=&#8221;como&#8221; _builder_version=&#8221;4.21.0&#8243; _module_preset=&#8221;default&#8221; width=&#8221;40px&#8221; width_tablet=&#8221;41px&#8221; width_phone=&#8221;39px&#8221; width_last_edited=&#8221;on|phone&#8221; custom_margin=&#8221;0px||20px||false|false&#8221; custom_margin_tablet=&#8221;0px||20px||false|false&#8221; custom_margin_phone=&#8221;0px|30px|20px|40px|false|false&#8221; custom_margin_last_edited=&#8221;on|phone&#8221; custom_padding=&#8221;0px||0px||false|false&#8221; global_colors_info=&#8221;{}&#8221;][\/et_pb_image][et_pb_text _builder_version=&#8221;4.23.1&#8243; _module_preset=&#8221;default&#8221; text_font=&#8221;|700|||||||&#8221; text_text_color=&#8221;#FF6237&#8243; text_font_size=&#8221;18px&#8221; background_color=&#8221;RGBA(255,255,255,0)&#8221; custom_margin=&#8221;0px||10px||false|false&#8221; custom_margin_tablet=&#8221;0px||9px|40px|false|false&#8221; custom_margin_phone=&#8221;0px||9px|40px|false|false&#8221; custom_margin_last_edited=&#8221;on|tablet&#8221; custom_padding=&#8221;0px||0px||false|false&#8221; global_colors_info=&#8221;{}&#8221;]<\/p>\n<p>Com<\/p>\n<p>[\/et_pb_text][et_pb_text _builder_version=&#8221;4.23.1&#8243; _module_preset=&#8221;default&#8221; text_font=&#8221;Bitter|500|on||||||&#8221; text_text_color=&#8221;#000000&#8243; text_font_size=&#8221;18px&#8221; background_color=&#8221;RGBA(255,255,255,0)&#8221; custom_margin=&#8221;0px||20px||false|false&#8221; custom_margin_tablet=&#8221;0px||20px||false|false&#8221; custom_margin_phone=&#8221;0px|30px|0px|40px|false|false&#8221; custom_margin_last_edited=&#8221;on|phone&#8221; custom_padding=&#8221;0px||0px||false|false&#8221; global_colors_info=&#8221;{}&#8221;]Ruta a peu, no \u00e9s necessari cap transport durant la mateixa[\/et_pb_text][\/et_pb_column][et_pb_column type=&#8221;1_4&#8243; _builder_version=&#8221;4.21.0&#8243; _module_preset=&#8221;default&#8221; custom_padding=&#8221;30px||||false|false&#8221; custom_padding_tablet=&#8221;30px||||false|false&#8221; custom_padding_phone=&#8221;0px||||false|false&#8221; custom_padding_last_edited=&#8221;on|phone&#8221; global_colors_info=&#8221;{}&#8221;][et_pb_image src=&#8221;https:\/\/teguioenbarcelona.com\/wp-content\/uploads\/2023\/07\/duracion.svg&#8221; alt=&#8221;duracion&#8221; title_text=&#8221;duracion&#8221; _builder_version=&#8221;4.23.1&#8243; _module_preset=&#8221;default&#8221; width=&#8221;40px&#8221; width_tablet=&#8221;41px&#8221; width_phone=&#8221;39px&#8221; width_last_edited=&#8221;on|tablet&#8221; custom_margin=&#8221;0px||20px||false|false&#8221; custom_margin_tablet=&#8221;0px||9px|40px|false|false&#8221; custom_margin_phone=&#8221;||||false|false&#8221; custom_margin_last_edited=&#8221;on|tablet&#8221; custom_padding=&#8221;0px||0px||false|false&#8221; global_colors_info=&#8221;{}&#8221;][\/et_pb_image][et_pb_text _builder_version=&#8221;4.23.1&#8243; _module_preset=&#8221;default&#8221; text_font=&#8221;|700|||||||&#8221; text_text_color=&#8221;#FF6237&#8243; text_font_size=&#8221;18px&#8221; background_color=&#8221;RGBA(255,255,255,0)&#8221; custom_margin=&#8221;0px||10px||false|false&#8221; custom_margin_tablet=&#8221;0px||9px|40px|false|false&#8221; custom_margin_phone=&#8221;0px||9px|40px|false|false&#8221; custom_margin_last_edited=&#8221;on|tablet&#8221; custom_padding=&#8221;0px||0px||false|false&#8221; global_colors_info=&#8221;{}&#8221;]<\/p>\n<p>Durada<\/p>\n<p>[\/et_pb_text][et_pb_text _builder_version=&#8221;4.23.1&#8243; _module_preset=&#8221;default&#8221; text_font=&#8221;Bitter|500|on||||||&#8221; text_text_color=&#8221;#000000&#8243; text_font_size=&#8221;18px&#8221; background_color=&#8221;RGBA(255,255,255,0)&#8221; custom_margin=&#8221;0px||9px||false|false&#8221; custom_margin_tablet=&#8221;0px||9px|40px|false|false&#8221; custom_margin_phone=&#8221;|30px|||false|false&#8221; custom_margin_last_edited=&#8221;on|tablet&#8221; custom_padding=&#8221;0px||0px||false|false&#8221; global_colors_info=&#8221;{}&#8221;]Entre 3,5 i 4 hores. La Ruta comen\u00e7aria entre 9.30 i 10.00, i finalitzaria entre 13.30 i 14.00[\/et_pb_text][\/et_pb_column][et_pb_column type=&#8221;1_4&#8243; _builder_version=&#8221;4.23.1&#8243; _module_preset=&#8221;default&#8221; background_color=&#8221;#FF6237&#8243; custom_padding=&#8221;30px|15px|30px|15px|false|true&#8221; global_colors_info=&#8221;{}&#8221;][et_pb_text _builder_version=&#8221;4.27.4&#8243; _module_preset=&#8221;default&#8221; text_font=&#8221;Poppins|700|||||||&#8221; text_text_color=&#8221;#000000&#8243; text_font_size=&#8221;60px&#8221; text_line_height=&#8221;1.1em&#8221; background_color=&#8221;RGBA(255,255,255,0)&#8221; text_orientation=&#8221;center&#8221; custom_margin=&#8221;0px||0px||false|false&#8221; custom_padding=&#8221;0px||0px||false|false&#8221; hover_enabled=&#8221;0&#8243; global_colors_info=&#8221;{}&#8221; sticky_enabled=&#8221;0&#8243;]<\/p>\n<p>315\u20ac<\/p>\n<p>[\/et_pb_text][et_pb_text _builder_version=&#8221;4.23.1&#8243; _module_preset=&#8221;default&#8221; text_font=&#8221;|600|||||||&#8221; text_orientation=&#8221;center&#8221; custom_margin=&#8221;0px||0px||false|false&#8221; custom_padding=&#8221;0px||0px||false|false&#8221; global_colors_info=&#8221;{}&#8221;]<\/p>\n<p>21% IVA incl\u00f2s<\/p>\n<p>[\/et_pb_text][et_pb_text _builder_version=&#8221;4.23.1&#8243; _module_preset=&#8221;default&#8221; text_font=&#8221;|700|||||||&#8221; text_text_color=&#8221;#FFFFFF&#8221; text_font_size=&#8221;20px&#8221; text_orientation=&#8221;center&#8221; custom_margin=&#8221;10px||20px||false|false&#8221; custom_padding=&#8221;0px||0px||false|false&#8221; global_colors_info=&#8221;{}&#8221;]Preu per grup[\/et_pb_text][et_pb_text _builder_version=&#8221;4.23.1&#8243; _module_preset=&#8221;default&#8221; text_font=&#8221;||||||||&#8221; text_font_size=&#8221;15px&#8221; text_line_height=&#8221;1em&#8221; text_orientation=&#8221;center&#8221; custom_margin=&#8221;0px||0px||false|false&#8221; custom_padding=&#8221;0px||0px||false|false&#8221; locked=&#8221;off&#8221; global_colors_info=&#8221;{}&#8221;]*Consulta les restriccions existents sobre la grand\u00e0ria dels grups.[\/et_pb_text][\/et_pb_column][\/et_pb_row][et_pb_row column_structure=&#8221;2_5,3_5&#8243; _builder_version=&#8221;4.21.0&#8243; _module_preset=&#8221;default&#8221; global_colors_info=&#8221;{}&#8221;][et_pb_column type=&#8221;2_5&#8243; _builder_version=&#8221;4.21.0&#8243; _module_preset=&#8221;default&#8221; global_colors_info=&#8221;{}&#8221;][et_pb_image src=&#8221;https:\/\/teguioenbarcelona.com\/wp-content\/uploads\/2023\/12\/plaza-rei-colegio2.webp&#8221; alt=&#8221;Barcelona medieval&#8221; title_text=&#8221;Barcelona medieval&#8221; _builder_version=&#8221;4.23.1&#8243; _module_preset=&#8221;default&#8221; border_radii=&#8221;on|22px|22px|22px|22px&#8221; global_colors_info=&#8221;{}&#8221;][\/et_pb_image][et_pb_image src=&#8221;https:\/\/teguioenbarcelona.com\/wp-content\/uploads\/2023\/12\/barcelona-romana.webp&#8221; alt=&#8221;barcelona romana&#8221; title_text=&#8221;barcelona romana&#8221; _builder_version=&#8221;4.23.1&#8243; _module_preset=&#8221;default&#8221; border_radii=&#8221;on|22px|22px|22px|22px&#8221; global_colors_info=&#8221;{}&#8221;][\/et_pb_image][\/et_pb_column][et_pb_column type=&#8221;3_5&#8243; _builder_version=&#8221;4.21.0&#8243; _module_preset=&#8221;default&#8221; global_colors_info=&#8221;{}&#8221;][et_pb_text _builder_version=&#8221;4.21.0&#8243; _module_preset=&#8221;default&#8221; text_font=&#8221;|300|||||||&#8221; text_font_size=&#8221;21px&#8221; text_line_height=&#8221;1.1em&#8221; locked=&#8221;off&#8221; global_colors_info=&#8221;{}&#8221;]<\/p>\n<p>La Ruta pret\u00e9n ser un recorregut per l&#8217;evoluci\u00f3 de la ciutat, des de la fundaci\u00f3 de la col\u00f2nia Iulia Augusta Faventia Paterna Barcino fins a la Barcelona del 1700.<\/p>\n<p>[\/et_pb_text][et_pb_text _builder_version=&#8221;4.23.1&#8243; _module_preset=&#8221;default&#8221; text_font=&#8221;|300|||||||&#8221; custom_margin=&#8221;-15px||||false|false&#8221; locked=&#8221;off&#8221; global_colors_info=&#8221;{}&#8221;]<\/p>\n<p>La Ruta s&#8217;iniciar\u00e0 amb un recorregut per la Muralla Romana, la seva Porta d&#8217;Entrada, restes de l&#8217;Aq\u00fceducte, Columnes d&#8217;Augusto i Necr\u00f2poli Romana, per a ajudar-nos a entendre la ideologia i forma de vida Romana: politeisme, higiene, cultura, ritus funeraris i tradicions.<br \/>La segona part se centrar\u00e0 en l&#8217;\u00e8poca Medieval. La ciutat creix d&#8217;una manera constant, fins a haver d&#8217;ampliar el seu per\u00edmetre emmurallat en el S. XIII, amb la incorporaci\u00f3 dels barris extramurs. Visitarem els llocs m\u00e9s emblem\u00e0tics: La Catedral, Santa Mar\u00eda del Pi, *Sant Just i Pastor, la Casa de la Ciutat, la Generalitat, els seus edificis gremials i Santa Mar\u00eda de la Mar.<br \/>Santa Mar\u00eda de la Mar ens far\u00e0 de frontissa per a passar a l&#8217;\u00e8poca moderna, finalitzant la visita en el <strong>BORN CC, el que \u00e9s el jaciment arqueol\u00f2gic modern m\u00e9s gran d&#8217;Europa.<\/strong><\/p>\n<p>[\/et_pb_text][et_pb_button button_url=&#8221;#formulari&#8221; button_text=&#8221;M&#8217;interessa&#8221; _builder_version=&#8221;4.23.1&#8243; _module_preset=&#8221;default&#8221; custom_button=&#8221;on&#8221; button_text_size=&#8221;22px&#8221; button_text_color=&#8221;#FFFFFF&#8221; button_bg_color=&#8221;#FF6237&#8243; button_icon=&#8221;&#x35;||divi||400&#8243; button_on_hover=&#8221;off&#8221; custom_margin=&#8221;||||false|false&#8221; custom_padding=&#8221;|||29px|false|false&#8221; button_text_size_tablet=&#8221;20px&#8221; button_text_size_phone=&#8221;18px&#8221; button_text_size_last_edited=&#8221;on|phone&#8221; locked=&#8221;off&#8221; global_colors_info=&#8221;{}&#8221;][\/et_pb_button][\/et_pb_column][\/et_pb_row][\/et_pb_section][et_pb_section fb_built=&#8221;1&#8243; module_id=&#8221;c02&#8243; _builder_version=&#8221;4.21.0&#8243; _module_preset=&#8221;default&#8221; custom_padding=&#8221;20px||20px||true|false&#8221; global_colors_info=&#8221;{}&#8221;][et_pb_row _builder_version=&#8221;4.21.0&#8243; _module_preset=&#8221;default&#8221; custom_padding=&#8221;||17px|||&#8221; global_colors_info=&#8221;{}&#8221;][et_pb_column type=&#8221;4_4&#8243; _builder_version=&#8221;4.21.0&#8243; _module_preset=&#8221;default&#8221; global_colors_info=&#8221;{}&#8221;][et_pb_text _builder_version=&#8221;4.23.1&#8243; _module_preset=&#8221;default&#8221; text_font=&#8221;|600|||||||&#8221; text_text_color=&#8221;#FF6237&#8243; text_font_size=&#8221;34px&#8221; header_2_font=&#8221;|700|||||||&#8221; header_2_text_align=&#8221;center&#8221; header_2_font_size=&#8221;37px&#8221; text_orientation=&#8221;center&#8221; text_line_height_tablet=&#8221;&#8221; text_line_height_phone=&#8221;0.8em&#8221; text_line_height_last_edited=&#8221;on|phone&#8221; header_2_font_size_tablet=&#8221;33px&#8221; header_2_font_size_phone=&#8221;28px&#8221; header_2_font_size_last_edited=&#8221;on|tablet&#8221; global_colors_info=&#8221;{}&#8221;]<\/p>\n<h2>C02 &#8211; Barcelona \u00a0modernista<\/h2>\n<p>[\/et_pb_text][\/et_pb_column][\/et_pb_row][et_pb_row column_structure=&#8221;1_4,1_4,1_4,1_4&#8243; make_equal=&#8221;on&#8221; _builder_version=&#8221;4.23.1&#8243; _module_preset=&#8221;default&#8221; background_color=&#8221;rgba(255,98,55,0.13)&#8221; width=&#8221;100%&#8221; width_tablet=&#8221;100%&#8221; width_phone=&#8221;100%&#8221; width_last_edited=&#8221;on|tablet&#8221; max_width=&#8221;90%&#8221; max_width_tablet=&#8221;100%&#8221; max_width_phone=&#8221;100%&#8221; max_width_last_edited=&#8221;on|tablet&#8221; custom_margin=&#8221;0px||0px||false|false&#8221; custom_padding=&#8221;0px||0px||true|false&#8221; locked=&#8221;off&#8221; global_colors_info=&#8221;{}&#8221;][et_pb_column type=&#8221;1_4&#8243; _builder_version=&#8221;4.21.0&#8243; _module_preset=&#8221;default&#8221; custom_padding=&#8221;30px|||40px|false|false&#8221; custom_padding_tablet=&#8221;30px|||40px|false|false&#8221; custom_padding_phone=&#8221;30px|||40px|false|false&#8221; custom_padding_last_edited=&#8221;on|phone&#8221; global_colors_info=&#8221;{}&#8221;][et_pb_image src=&#8221;https:\/\/teguioenbarcelona.com\/wp-content\/uploads\/2023\/07\/donde.svg&#8221; alt=&#8221;donde&#8221; title_text=&#8221;donde&#8221; _builder_version=&#8221;4.21.0&#8243; _module_preset=&#8221;default&#8221; width=&#8221;30px&#8221; width_tablet=&#8221;14%&#8221; width_phone=&#8221;10%&#8221; width_last_edited=&#8221;on|phone&#8221; custom_margin=&#8221;0px||13px||false|false&#8221; custom_padding=&#8221;0px||0px||false|false&#8221; global_colors_info=&#8221;{}&#8221;][\/et_pb_image][et_pb_text _builder_version=&#8221;4.23.1&#8243; _module_preset=&#8221;default&#8221; text_font=&#8221;|700|||||||&#8221; text_text_color=&#8221;#FF6237&#8243; text_font_size=&#8221;18px&#8221; background_color=&#8221;RGBA(255,255,255,0)&#8221; custom_margin=&#8221;0px||10px||false|false&#8221; custom_margin_tablet=&#8221;0px||9px|40px|false|false&#8221; custom_margin_phone=&#8221;0px||9px|40px|false|false&#8221; custom_margin_last_edited=&#8221;on|tablet&#8221; custom_padding=&#8221;0px||0px||false|false&#8221; global_colors_info=&#8221;{}&#8221;]On[\/et_pb_text][et_pb_text _builder_version=&#8221;4.23.1&#8243; _module_preset=&#8221;default&#8221; text_font=&#8221;Bitter|500|on||||||&#8221; text_text_color=&#8221;#000000&#8243; text_font_size=&#8221;18px&#8221; background_color=&#8221;RGBA(255,255,255,0)&#8221; custom_margin=&#8221;0px||0px||false|false&#8221; custom_padding=&#8221;0px||0px||false|false&#8221; global_colors_info=&#8221;{}&#8221;]<\/p>\n<p>Passeig de Gr\u00e0cia, Eixample i Sagrada Fam\u00edlia<\/p>\n<p>[\/et_pb_text][\/et_pb_column][et_pb_column type=&#8221;1_4&#8243; _builder_version=&#8221;4.21.0&#8243; _module_preset=&#8221;default&#8221; custom_padding=&#8221;30px||||false|false&#8221; custom_padding_tablet=&#8221;30px||||false|false&#8221; custom_padding_phone=&#8221;0px||||false|false&#8221; custom_padding_last_edited=&#8221;on|phone&#8221; global_colors_info=&#8221;{}&#8221;][et_pb_image src=&#8221;https:\/\/teguioenbarcelona.com\/wp-content\/uploads\/2023\/07\/como.svg&#8221; alt=&#8221;como&#8221; title_text=&#8221;como&#8221; _builder_version=&#8221;4.21.0&#8243; _module_preset=&#8221;default&#8221; width=&#8221;40px&#8221; width_tablet=&#8221;41px&#8221; width_phone=&#8221;39px&#8221; width_last_edited=&#8221;on|phone&#8221; custom_margin=&#8221;0px||20px||false|false&#8221; custom_margin_tablet=&#8221;0px||20px||false|false&#8221; custom_margin_phone=&#8221;0px|30px|20px|40px|false|false&#8221; custom_margin_last_edited=&#8221;on|phone&#8221; custom_padding=&#8221;0px||0px||false|false&#8221; global_colors_info=&#8221;{}&#8221;][\/et_pb_image][et_pb_text _builder_version=&#8221;4.23.1&#8243; _module_preset=&#8221;default&#8221; text_font=&#8221;|700|||||||&#8221; text_text_color=&#8221;#FF6237&#8243; text_font_size=&#8221;18px&#8221; background_color=&#8221;RGBA(255,255,255,0)&#8221; custom_margin=&#8221;0px||10px||false|false&#8221; custom_margin_tablet=&#8221;0px||9px|40px|false|false&#8221; custom_margin_phone=&#8221;0px||9px|40px|false|false&#8221; custom_margin_last_edited=&#8221;on|tablet&#8221; custom_padding=&#8221;0px||0px||false|false&#8221; global_colors_info=&#8221;{}&#8221;]<\/p>\n<p>Com<\/p>\n<p>[\/et_pb_text][et_pb_text _builder_version=&#8221;4.23.1&#8243; _module_preset=&#8221;default&#8221; text_font=&#8221;Bitter|500|on||||||&#8221; text_text_color=&#8221;#000000&#8243; text_font_size=&#8221;18px&#8221; background_color=&#8221;RGBA(255,255,255,0)&#8221; custom_margin=&#8221;0px||20px||false|false&#8221; custom_margin_tablet=&#8221;0px||20px||false|false&#8221; custom_margin_phone=&#8221;0px|30px|0px|40px|false|false&#8221; custom_margin_last_edited=&#8221;on|phone&#8221; custom_padding=&#8221;0px||0px||false|false&#8221; locked=&#8221;off&#8221; global_colors_info=&#8221;{}&#8221;]<\/p>\n<p>Combinem Ruta a peu amb transport en el vostre Autocar per a anar fins a la Sagrada Famil\u00eda<\/p>\n<p>[\/et_pb_text][\/et_pb_column][et_pb_column type=&#8221;1_4&#8243; _builder_version=&#8221;4.21.0&#8243; _module_preset=&#8221;default&#8221; custom_padding=&#8221;30px||||false|false&#8221; custom_padding_tablet=&#8221;30px||||false|false&#8221; custom_padding_phone=&#8221;0px||||false|false&#8221; custom_padding_last_edited=&#8221;on|phone&#8221; global_colors_info=&#8221;{}&#8221;][et_pb_image src=&#8221;https:\/\/teguioenbarcelona.com\/wp-content\/uploads\/2023\/07\/duracion.svg&#8221; alt=&#8221;duracion&#8221; title_text=&#8221;duracion&#8221; _builder_version=&#8221;4.23.1&#8243; _module_preset=&#8221;default&#8221; width=&#8221;40px&#8221; width_tablet=&#8221;41px&#8221; width_phone=&#8221;39px&#8221; width_last_edited=&#8221;on|tablet&#8221; custom_margin=&#8221;0px||20px||false|false&#8221; custom_margin_tablet=&#8221;0px||9px|40px|false|false&#8221; custom_margin_phone=&#8221;||||false|false&#8221; custom_margin_last_edited=&#8221;on|tablet&#8221; custom_padding=&#8221;0px||0px||false|false&#8221; global_colors_info=&#8221;{}&#8221;][\/et_pb_image][et_pb_text _builder_version=&#8221;4.23.1&#8243; _module_preset=&#8221;default&#8221; text_font=&#8221;|700|||||||&#8221; text_text_color=&#8221;#FF6237&#8243; text_font_size=&#8221;18px&#8221; background_color=&#8221;RGBA(255,255,255,0)&#8221; custom_margin=&#8221;0px||10px||false|false&#8221; custom_margin_tablet=&#8221;0px||9px|40px|false|false&#8221; custom_margin_phone=&#8221;0px||9px|40px|false|false&#8221; custom_margin_last_edited=&#8221;on|tablet&#8221; custom_padding=&#8221;0px||0px||false|false&#8221; global_colors_info=&#8221;{}&#8221;]<\/p>\n<p>Durada<\/p>\n<p>[\/et_pb_text][et_pb_text _builder_version=&#8221;4.21.0&#8243; _module_preset=&#8221;default&#8221; text_font=&#8221;Bitter|500|on||||||&#8221; text_text_color=&#8221;#000000&#8243; text_font_size=&#8221;18px&#8221; background_color=&#8221;RGBA(255,255,255,0)&#8221; custom_margin=&#8221;0px||9px||false|false&#8221; custom_margin_tablet=&#8221;0px||9px|40px|false|false&#8221; custom_margin_phone=&#8221;|30px|||false|false&#8221; custom_margin_last_edited=&#8221;on|tablet&#8221; custom_padding=&#8221;0px||0px||false|false&#8221; locked=&#8221;off&#8221; global_colors_info=&#8221;{}&#8221;]<\/p>\n<p>Entre 3,5 i 4 hores. La Ruta comen\u00e7aria entre 9.30 i 10.00, i finalitzaria entre 13.30 i 14.00<\/p>\n<p>[\/et_pb_text][\/et_pb_column][et_pb_column type=&#8221;1_4&#8243; _builder_version=&#8221;4.23.1&#8243; _module_preset=&#8221;default&#8221; background_color=&#8221;#FF6237&#8243; custom_padding=&#8221;30px|15px|30px|15px|false|true&#8221; global_colors_info=&#8221;{}&#8221;][et_pb_text _builder_version=&#8221;4.27.4&#8243; _module_preset=&#8221;default&#8221; text_font=&#8221;Poppins|700|||||||&#8221; text_text_color=&#8221;#000000&#8243; text_font_size=&#8221;60px&#8221; text_line_height=&#8221;1.1em&#8221; background_color=&#8221;RGBA(255,255,255,0)&#8221; text_orientation=&#8221;center&#8221; custom_margin=&#8221;0px||0px||false|false&#8221; custom_padding=&#8221;0px||0px||false|false&#8221; hover_enabled=&#8221;0&#8243; global_colors_info=&#8221;{}&#8221; sticky_enabled=&#8221;0&#8243;]<\/p>\n<p>315\u20ac<\/p>\n<p>[\/et_pb_text][et_pb_text _builder_version=&#8221;4.23.1&#8243; _module_preset=&#8221;default&#8221; text_font=&#8221;|600|||||||&#8221; text_orientation=&#8221;center&#8221; custom_margin=&#8221;0px||0px||false|false&#8221; custom_padding=&#8221;0px||0px||false|false&#8221; global_colors_info=&#8221;{}&#8221;]<\/p>\n<p>21% IVA incl\u00f2s<\/p>\n<p>[\/et_pb_text][et_pb_text _builder_version=&#8221;4.23.1&#8243; _module_preset=&#8221;default&#8221; text_font=&#8221;|700|||||||&#8221; text_text_color=&#8221;#FFFFFF&#8221; text_font_size=&#8221;20px&#8221; text_orientation=&#8221;center&#8221; custom_margin=&#8221;10px||20px||false|false&#8221; custom_padding=&#8221;0px||0px||false|false&#8221; global_colors_info=&#8221;{}&#8221;]Preu per grup[\/et_pb_text][et_pb_text _builder_version=&#8221;4.23.1&#8243; _module_preset=&#8221;default&#8221; text_font=&#8221;||||||||&#8221; text_font_size=&#8221;15px&#8221; text_line_height=&#8221;1em&#8221; text_orientation=&#8221;center&#8221; custom_margin=&#8221;0px||0px||false|false&#8221; custom_padding=&#8221;0px||0px||false|false&#8221; locked=&#8221;off&#8221; global_colors_info=&#8221;{}&#8221;]*Consulta les restriccions existents sobre la grand\u00e0ria dels grups.[\/et_pb_text][\/et_pb_column][\/et_pb_row][et_pb_row column_structure=&#8221;2_5,3_5&#8243; _builder_version=&#8221;4.21.0&#8243; _module_preset=&#8221;default&#8221; global_colors_info=&#8221;{}&#8221;][et_pb_column type=&#8221;2_5&#8243; _builder_version=&#8221;4.21.0&#8243; _module_preset=&#8221;default&#8221; global_colors_info=&#8221;{}&#8221;][et_pb_image src=&#8221;https:\/\/teguioenbarcelona.com\/wp-content\/uploads\/2023\/12\/Barcelona-modernista.webp&#8221; alt=&#8221;Barcelona modernista&#8221; title_text=&#8221;Barcelona modernista&#8221; _builder_version=&#8221;4.23.1&#8243; _module_preset=&#8221;default&#8221; border_radii=&#8221;on|22px|22px|22px|22px&#8221; global_colors_info=&#8221;{}&#8221;][\/et_pb_image][et_pb_image src=&#8221;https:\/\/teguioenbarcelona.com\/wp-content\/uploads\/2023\/12\/barcelona-modernista2.webp&#8221; alt=&#8221;barcelona modernista2&#8243; title_text=&#8221;barcelona modernista2&#8243; _builder_version=&#8221;4.23.1&#8243; _module_preset=&#8221;default&#8221; border_radii=&#8221;on|22px|22px|22px|22px&#8221; global_colors_info=&#8221;{}&#8221;][\/et_pb_image][\/et_pb_column][et_pb_column type=&#8221;3_5&#8243; _builder_version=&#8221;4.21.0&#8243; _module_preset=&#8221;default&#8221; global_colors_info=&#8221;{}&#8221;][et_pb_text _builder_version=&#8221;4.23.1&#8243; _module_preset=&#8221;default&#8221; text_font=&#8221;|300|||||||&#8221; text_font_size=&#8221;21px&#8221; text_line_height=&#8221;1.1em&#8221; locked=&#8221;off&#8221; global_colors_info=&#8221;{}&#8221;]<\/p>\n<p>En 1854, una Reial orde del Govern de Madrid autoritza l&#8217;enderrocament de les muralles\u2026 Barcelona s&#8217;expandeix, la burgesia aprofita el moment i construeix grans edificis s\u00edmbol del seu estatus i posici\u00f3.<\/p>\n<p>[\/et_pb_text][et_pb_text _builder_version=&#8221;4.23.1&#8243; _module_preset=&#8221;default&#8221; text_font=&#8221;|300|||||||&#8221; custom_margin=&#8221;-15px||||false|false&#8221; locked=&#8221;off&#8221; global_colors_info=&#8221;{}&#8221;]<\/p>\n<p>El recorregut ensenya el llegat de la Barcelona burgesa, els seus edificis \u00fanics que es rebel\u00b7len dins d&#8217;un pla urban\u00edstic uniformador: El Pla Cerd\u00e0.<\/p>\n<p>Veurem edificis singulars caracter\u00edstics del Modernisme com la Casa Fuster, Palau Bar\u00f3 de Quadras, Casa Thomas, Antoni Costa, Casa Mil\u00e0 (La Pedrera), Casa *Ametller i Casa *Lle\u00f3 Morera, entre altres.<\/p>\n<p>El patrimoni de la ciutat ens introduir\u00e0 a la Barcelona a la fi del s.XIX i principis del XX, (les seves llums i les seves ombres), aix\u00ed com els seus grans arquitectes: Dom\u00e8nech i Montaner, Puig i Cadafalch i Antoni Gaud\u00ed.<\/p>\n<p>Ens despla\u00e7arem despr\u00e9s a <strong>la Sagrada Fam\u00edlia<\/strong>, obra mestra d&#8217;Antoni Gaud\u00ed, on des de l&#8217;exterior, explicarem la hist\u00f2ria del temple, la simbologia de les fa\u00e7anes , els conjunts escult\u00f2rics, aix\u00ed com la interpretaci\u00f3 teol\u00f2gica i qualsevol dubte que desperti la meravellosa representaci\u00f3 simb\u00f2lica del temple.<\/p>\n<p>[\/et_pb_text][et_pb_button button_url=&#8221;#formulari&#8221; button_text=&#8221;M&#8217;interessa&#8221; _builder_version=&#8221;4.23.1&#8243; _module_preset=&#8221;default&#8221; custom_button=&#8221;on&#8221; button_text_size=&#8221;22px&#8221; button_text_color=&#8221;#FFFFFF&#8221; button_bg_color=&#8221;#FF6237&#8243; button_icon=&#8221;&#x35;||divi||400&#8243; button_on_hover=&#8221;off&#8221; custom_margin=&#8221;||||false|false&#8221; custom_padding=&#8221;|||29px|false|false&#8221; button_text_size_tablet=&#8221;20px&#8221; button_text_size_phone=&#8221;18px&#8221; button_text_size_last_edited=&#8221;on|phone&#8221; locked=&#8221;off&#8221; global_colors_info=&#8221;{}&#8221;][\/et_pb_button][\/et_pb_column][\/et_pb_row][\/et_pb_section][et_pb_section fb_built=&#8221;1&#8243; module_id=&#8221;c03&#8243; _builder_version=&#8221;4.23.1&#8243; _module_preset=&#8221;default&#8221; custom_padding=&#8221;20px||20px||true|false&#8221; global_colors_info=&#8221;{}&#8221;][et_pb_row _builder_version=&#8221;4.21.0&#8243; _module_preset=&#8221;default&#8221; custom_padding=&#8221;||17px|||&#8221; global_colors_info=&#8221;{}&#8221;][et_pb_column type=&#8221;4_4&#8243; _builder_version=&#8221;4.21.0&#8243; _module_preset=&#8221;default&#8221; global_colors_info=&#8221;{}&#8221;][et_pb_text _builder_version=&#8221;4.23.1&#8243; _module_preset=&#8221;default&#8221; text_font=&#8221;|600|||||||&#8221; text_text_color=&#8221;#FF6237&#8243; text_font_size=&#8221;34px&#8221; header_2_font=&#8221;|700|||||||&#8221; header_2_text_align=&#8221;center&#8221; header_2_font_size=&#8221;37px&#8221; text_orientation=&#8221;center&#8221; text_line_height_tablet=&#8221;&#8221; text_line_height_phone=&#8221;0.8em&#8221; text_line_height_last_edited=&#8221;on|phone&#8221; header_2_font_size_tablet=&#8221;33px&#8221; header_2_font_size_phone=&#8221;28px&#8221; header_2_font_size_last_edited=&#8221;on|tablet&#8221; global_colors_info=&#8221;{}&#8221;]<\/p>\n<h2>C03 -&#8220;\u00daltimas tardes con Teresa&#8221;<\/h2>\n<p>[\/et_pb_text][\/et_pb_column][\/et_pb_row][et_pb_row column_structure=&#8221;1_4,1_4,1_4,1_4&#8243; make_equal=&#8221;on&#8221; _builder_version=&#8221;4.23.1&#8243; _module_preset=&#8221;default&#8221; background_color=&#8221;rgba(255,98,55,0.13)&#8221; width=&#8221;100%&#8221; width_tablet=&#8221;100%&#8221; width_phone=&#8221;100%&#8221; width_last_edited=&#8221;on|tablet&#8221; max_width=&#8221;90%&#8221; max_width_tablet=&#8221;100%&#8221; max_width_phone=&#8221;100%&#8221; max_width_last_edited=&#8221;on|tablet&#8221; custom_margin=&#8221;0px||0px||false|false&#8221; custom_padding=&#8221;0px||0px||true|false&#8221; locked=&#8221;off&#8221; global_colors_info=&#8221;{}&#8221;][et_pb_column type=&#8221;1_4&#8243; _builder_version=&#8221;4.21.0&#8243; _module_preset=&#8221;default&#8221; custom_padding=&#8221;30px|||40px|false|false&#8221; custom_padding_tablet=&#8221;30px|||40px|false|false&#8221; custom_padding_phone=&#8221;30px|||40px|false|false&#8221; custom_padding_last_edited=&#8221;on|phone&#8221; global_colors_info=&#8221;{}&#8221;][et_pb_image src=&#8221;https:\/\/teguioenbarcelona.com\/wp-content\/uploads\/2023\/07\/donde.svg&#8221; alt=&#8221;donde&#8221; title_text=&#8221;donde&#8221; _builder_version=&#8221;4.21.0&#8243; _module_preset=&#8221;default&#8221; width=&#8221;30px&#8221; width_tablet=&#8221;14%&#8221; width_phone=&#8221;10%&#8221; width_last_edited=&#8221;on|phone&#8221; custom_margin=&#8221;0px||13px||false|false&#8221; custom_padding=&#8221;0px||0px||false|false&#8221; global_colors_info=&#8221;{}&#8221;][\/et_pb_image][et_pb_text _builder_version=&#8221;4.23.1&#8243; _module_preset=&#8221;default&#8221; text_font=&#8221;|700|||||||&#8221; text_text_color=&#8221;#FF6237&#8243; text_font_size=&#8221;18px&#8221; background_color=&#8221;RGBA(255,255,255,0)&#8221; custom_margin=&#8221;0px||10px||false|false&#8221; custom_margin_tablet=&#8221;0px||9px|40px|false|false&#8221; custom_margin_phone=&#8221;0px||9px|40px|false|false&#8221; custom_margin_last_edited=&#8221;on|tablet&#8221; custom_padding=&#8221;0px||0px||false|false&#8221; global_colors_info=&#8221;{}&#8221;]On[\/et_pb_text][et_pb_text _builder_version=&#8221;4.23.1&#8243; _module_preset=&#8221;default&#8221; text_font=&#8221;Bitter|500|on||||||&#8221; text_text_color=&#8221;#000000&#8243; text_font_size=&#8221;18px&#8221; background_color=&#8221;RGBA(255,255,255,0)&#8221; custom_margin=&#8221;0px||0px||false|false&#8221; custom_padding=&#8221;0px||0px||false|false&#8221; locked=&#8221;off&#8221; global_colors_info=&#8221;{}&#8221;]<\/p>\n<p>Barcelona<\/p>\n<p>[\/et_pb_text][\/et_pb_column][et_pb_column type=&#8221;1_4&#8243; _builder_version=&#8221;4.21.0&#8243; _module_preset=&#8221;default&#8221; custom_padding=&#8221;30px||||false|false&#8221; custom_padding_tablet=&#8221;30px||||false|false&#8221; custom_padding_phone=&#8221;0px||||false|false&#8221; custom_padding_last_edited=&#8221;on|phone&#8221; global_colors_info=&#8221;{}&#8221;][et_pb_image src=&#8221;https:\/\/teguioenbarcelona.com\/wp-content\/uploads\/2023\/07\/como.svg&#8221; alt=&#8221;como&#8221; title_text=&#8221;como&#8221; _builder_version=&#8221;4.21.0&#8243; _module_preset=&#8221;default&#8221; width=&#8221;40px&#8221; width_tablet=&#8221;41px&#8221; width_phone=&#8221;39px&#8221; width_last_edited=&#8221;on|phone&#8221; custom_margin=&#8221;0px||20px||false|false&#8221; custom_margin_tablet=&#8221;0px||20px||false|false&#8221; custom_margin_phone=&#8221;0px|30px|20px|40px|false|false&#8221; custom_margin_last_edited=&#8221;on|phone&#8221; custom_padding=&#8221;0px||0px||false|false&#8221; global_colors_info=&#8221;{}&#8221;][\/et_pb_image][et_pb_text _builder_version=&#8221;4.23.1&#8243; _module_preset=&#8221;default&#8221; text_font=&#8221;|700|||||||&#8221; text_text_color=&#8221;#FF6237&#8243; text_font_size=&#8221;18px&#8221; background_color=&#8221;RGBA(255,255,255,0)&#8221; custom_margin=&#8221;0px||10px||false|false&#8221; custom_margin_tablet=&#8221;0px||9px|40px|false|false&#8221; custom_margin_phone=&#8221;0px||9px|40px|false|false&#8221; custom_margin_last_edited=&#8221;on|tablet&#8221; custom_padding=&#8221;0px||0px||false|false&#8221; global_colors_info=&#8221;{}&#8221;]<\/p>\n<p>Com<\/p>\n<p>[\/et_pb_text][et_pb_text _builder_version=&#8221;4.23.1&#8243; _module_preset=&#8221;default&#8221; text_font=&#8221;Bitter|500|on||||||&#8221; text_text_color=&#8221;#000000&#8243; text_font_size=&#8221;18px&#8221; background_color=&#8221;RGBA(255,255,255,0)&#8221; custom_margin=&#8221;0px||20px||false|false&#8221; custom_margin_tablet=&#8221;0px||20px||false|false&#8221; custom_margin_phone=&#8221;0px|30px|0px|40px|false|false&#8221; custom_margin_last_edited=&#8221;on|phone&#8221; custom_padding=&#8221;0px||0px||false|false&#8221; locked=&#8221;off&#8221; global_colors_info=&#8221;{}&#8221;]\u00c9s necessari autocar[\/et_pb_text][\/et_pb_column][et_pb_column type=&#8221;1_4&#8243; _builder_version=&#8221;4.21.0&#8243; _module_preset=&#8221;default&#8221; custom_padding=&#8221;30px||||false|false&#8221; custom_padding_tablet=&#8221;30px||||false|false&#8221; custom_padding_phone=&#8221;0px||||false|false&#8221; custom_padding_last_edited=&#8221;on|phone&#8221; global_colors_info=&#8221;{}&#8221;][et_pb_image src=&#8221;https:\/\/teguioenbarcelona.com\/wp-content\/uploads\/2023\/07\/duracion.svg&#8221; alt=&#8221;duracion&#8221; title_text=&#8221;duracion&#8221; _builder_version=&#8221;4.23.1&#8243; _module_preset=&#8221;default&#8221; width=&#8221;40px&#8221; width_tablet=&#8221;41px&#8221; width_phone=&#8221;39px&#8221; width_last_edited=&#8221;on|tablet&#8221; custom_margin=&#8221;0px||20px||false|false&#8221; custom_margin_tablet=&#8221;0px||9px|40px|false|false&#8221; custom_margin_phone=&#8221;||||false|false&#8221; custom_margin_last_edited=&#8221;on|tablet&#8221; custom_padding=&#8221;0px||0px||false|false&#8221; global_colors_info=&#8221;{}&#8221;][\/et_pb_image][et_pb_text _builder_version=&#8221;4.23.1&#8243; _module_preset=&#8221;default&#8221; text_font=&#8221;|700|||||||&#8221; text_text_color=&#8221;#FF6237&#8243; text_font_size=&#8221;18px&#8221; background_color=&#8221;RGBA(255,255,255,0)&#8221; custom_margin=&#8221;0px||10px||false|false&#8221; custom_margin_tablet=&#8221;0px||9px|40px|false|false&#8221; custom_margin_phone=&#8221;0px||9px|40px|false|false&#8221; custom_margin_last_edited=&#8221;on|tablet&#8221; custom_padding=&#8221;0px||0px||false|false&#8221; global_colors_info=&#8221;{}&#8221;]<\/p>\n<p>Durada<\/p>\n<p>[\/et_pb_text][et_pb_text _builder_version=&#8221;4.23.1&#8243; _module_preset=&#8221;default&#8221; text_font=&#8221;Bitter|500|on||||||&#8221; text_text_color=&#8221;#000000&#8243; text_font_size=&#8221;18px&#8221; background_color=&#8221;RGBA(255,255,255,0)&#8221; custom_margin=&#8221;0px||9px||false|false&#8221; custom_margin_tablet=&#8221;0px||9px|40px|false|false&#8221; custom_margin_phone=&#8221;|30px|||false|false&#8221; custom_margin_last_edited=&#8221;on|tablet&#8221; custom_padding=&#8221;0px||0px||false|false&#8221; locked=&#8221;off&#8221; global_colors_info=&#8221;{}&#8221;]4 hores. La Ruta comen\u00e7aria entre 9.30 i 10.00, i finalitzaria entre 13.30 i 14.00.[\/et_pb_text][\/et_pb_column][et_pb_column type=&#8221;1_4&#8243; _builder_version=&#8221;4.23.1&#8243; _module_preset=&#8221;default&#8221; background_color=&#8221;#FF6237&#8243; custom_padding=&#8221;30px|15px|30px|15px|false|true&#8221; global_colors_info=&#8221;{}&#8221;][et_pb_text _builder_version=&#8221;4.23.1&#8243; _module_preset=&#8221;default&#8221; text_font=&#8221;Poppins|700|||||||&#8221; text_text_color=&#8221;#000000&#8243; text_font_size=&#8221;60px&#8221; text_line_height=&#8221;1.1em&#8221; background_color=&#8221;RGBA(255,255,255,0)&#8221; text_orientation=&#8221;center&#8221; custom_margin=&#8221;0px||0px||false|false&#8221; custom_padding=&#8221;0px||0px||false|false&#8221; global_colors_info=&#8221;{}&#8221;]<\/p>\n<p>363\u20ac*<\/p>\n<p>[\/et_pb_text][et_pb_text _builder_version=&#8221;4.23.1&#8243; _module_preset=&#8221;default&#8221; text_font=&#8221;|600|||||||&#8221; text_orientation=&#8221;center&#8221; custom_margin=&#8221;0px||0px||false|false&#8221; custom_padding=&#8221;0px||0px||false|false&#8221; global_colors_info=&#8221;{}&#8221;]<\/p>\n<p>21% IVA incl\u00f2s<\/p>\n<p>[\/et_pb_text][et_pb_text _builder_version=&#8221;4.23.1&#8243; _module_preset=&#8221;default&#8221; text_font=&#8221;|700|||||||&#8221; text_text_color=&#8221;#FFFFFF&#8221; text_font_size=&#8221;20px&#8221; text_orientation=&#8221;center&#8221; custom_margin=&#8221;10px||20px||false|false&#8221; custom_padding=&#8221;0px||0px||false|false&#8221; global_colors_info=&#8221;{}&#8221;]Preu per grup[\/et_pb_text][et_pb_text _builder_version=&#8221;4.23.1&#8243; _module_preset=&#8221;default&#8221; text_font=&#8221;||||||||&#8221; text_font_size=&#8221;15px&#8221; text_line_height=&#8221;1em&#8221; text_orientation=&#8221;center&#8221; custom_margin=&#8221;0px||0px||false|false&#8221; custom_padding=&#8221;0px||0px||false|false&#8221; locked=&#8221;off&#8221; global_colors_info=&#8221;{}&#8221;]*Consulta les restriccions existents sobre la grand\u00e0ria dels grups.[\/et_pb_text][\/et_pb_column][\/et_pb_row][et_pb_row make_equal=&#8221;on&#8221; _builder_version=&#8221;4.23.1&#8243; _module_preset=&#8221;default&#8221; width=&#8221;100%&#8221; width_tablet=&#8221;100%&#8221; width_phone=&#8221;100%&#8221; width_last_edited=&#8221;on|tablet&#8221; max_width=&#8221;90%&#8221; max_width_tablet=&#8221;100%&#8221; max_width_phone=&#8221;100%&#8221; max_width_last_edited=&#8221;on|tablet&#8221; custom_margin=&#8221;10px||10px||true|false&#8221; custom_padding=&#8221;0px||0px||true|false&#8221; global_colors_info=&#8221;{}&#8221;][et_pb_column type=&#8221;4_4&#8243; _builder_version=&#8221;4.23.1&#8243; _module_preset=&#8221;default&#8221; global_colors_info=&#8221;{}&#8221;][et_pb_text _builder_version=&#8221;4.23.1&#8243; _module_preset=&#8221;default&#8221; text_font=&#8221;||||||||&#8221; text_text_color=&#8221;#181F27&#8243; text_orientation=&#8221;center&#8221; custom_margin=&#8221;0px||0px||false|false&#8221; custom_padding=&#8221;0px||0px||false|false&#8221; global_colors_info=&#8221;{}&#8221;]<\/p>\n<p><strong>*<\/strong> Heu de preveure el cost d&#8217;un autocar per a despla\u00e7ar-nos pels diferents llocs. Consulteu-nos si voleu que ens encarreguem nosaltres.<\/p>\n<p>[\/et_pb_text][\/et_pb_column][\/et_pb_row][et_pb_row column_structure=&#8221;2_5,3_5&#8243; _builder_version=&#8221;4.21.0&#8243; _module_preset=&#8221;default&#8221; global_colors_info=&#8221;{}&#8221;][et_pb_column type=&#8221;2_5&#8243; _builder_version=&#8221;4.21.0&#8243; _module_preset=&#8221;default&#8221; global_colors_info=&#8221;{}&#8221;][et_pb_image src=&#8221;https:\/\/teguioenbarcelona.com\/wp-content\/uploads\/2023\/12\/tardes-con-teresa-vertical2.webp&#8221; title_text=&#8221;tardes con teresa vertical2&#8243; _builder_version=&#8221;4.23.1&#8243; _module_preset=&#8221;default&#8221; border_radii=&#8221;on|22px|22px|22px|22px&#8221; global_colors_info=&#8221;{}&#8221;][\/et_pb_image][\/et_pb_column][et_pb_column type=&#8221;3_5&#8243; _builder_version=&#8221;4.21.0&#8243; _module_preset=&#8221;default&#8221; global_colors_info=&#8221;{}&#8221;][et_pb_text _builder_version=&#8221;4.23.1&#8243; _module_preset=&#8221;default&#8221; text_font=&#8221;|300|||||||&#8221; text_font_size=&#8221;21px&#8221; text_line_height=&#8221;1.1em&#8221; locked=&#8221;off&#8221; global_colors_info=&#8221;{}&#8221;]<\/p>\n<p>La primera gran obra de la literatura de <strong>Juan Mars\u00e9<\/strong> (lectura obligada en batxillerat), utilitza com a escenari les diferents Barcelones dels anys 50-60 del s.XX.: La burgesa, l&#8217;obrera i la interclassista.<\/p>\n<p>[\/et_pb_text][et_pb_text _builder_version=&#8221;4.23.1&#8243; _module_preset=&#8221;default&#8221; text_font=&#8221;|300|||||||&#8221; custom_margin=&#8221;-15px||||false|false&#8221; locked=&#8221;off&#8221; global_colors_info=&#8221;{}&#8221;]<\/p>\n<p>La novel\u00b7la ens submergeix en mons oposats: la burgesia, motor industrial de Catalunya dels anys 60, eix de la recuperaci\u00f3 econ\u00f2mica d&#8217;un pa\u00eds de postguerra, i els emigrants vinguts de tot arreu d&#8217;Espanya per a treballar en aquesta ind\u00fastria.<\/p>\n<p>La novel\u00b7la narra els amors de Manolo, m\u00e9s conegut com &#8220;Pijoaparte&#8221;, t\u00edpic exponent de les classes baixes marginades, la major aspiraci\u00f3 de les quals \u00e9s aconseguir prestigi social, i Teresa, una bella noia rossa, estudiant i filla de l&#8217;alta burgesia catalana.<\/p>\n<p>El punt d&#8217;inici en l&#8217;itinerari \u00e9s el <strong>Tur\u00f3 de la Rovira<\/strong>, mirador privilegiat de Barcelona. All\u00ed parlarem del *barraquismo i les seves condicions de vida mitjan\u00e7ant fotos i testimoniatges. Assenyalarem \u201c<strong>El bar Del\u00edcies\u201d,\u201del Tibet\u201d, la \u201csuposada\u201d casa del Cardenal i el Carmelo.<\/strong><\/p>\n<p>Passant pel <strong>Park<\/strong> <strong>G\u00fcell, El Cottolengo del Pare Alegre, la pla\u00e7a Sanhelly i el barri de Gr\u00e0cia<\/strong> arribarem al barri <strong> de Sant Gervasi<\/strong>, on pararem en una casa paradigma de l&#8217;alta burgesia dels anys 50-60, a la qual pertany Teresa, la protagonista, per a dirigir-nos al Turo <strong>Park<\/strong>. All\u00ed realitzarem un debat de les dues realitats dels protagonistes per a comprendre el pes de l&#8217;estructura social en els personatges. Despr\u00e9s de realitzar aquest interessant exercici, ens traslladarem a la <strong>Rambla<\/strong> de Barcelona fixant-nos en la personalitat \u00fanica d&#8217;aquesta part de la ciutat, finalitzarem el recorregut en la <strong>Pla\u00e7a Real<\/strong>, per a acabar l&#8217;an\u00e0lisi de l&#8217;obra en la part m\u00e9s interclassista i din\u00e0mica del llibre.<\/p>\n<p>L&#8217;objectiu de la ruta \u00e9s dinamitzar la lectura a trav\u00e9s d&#8217;espais viscuts de la ciutat i reflectir la realitat que l&#8217;autor ens transmet en la novel\u00b7la d&#8217;una manera din\u00e0mica, pedag\u00f2gica i divertida.<\/p>\n<p>[\/et_pb_text][et_pb_button button_url=&#8221;#formulari&#8221; button_text=&#8221;M&apos;interessa&#8221; _builder_version=&#8221;4.21.0&#8243; _module_preset=&#8221;default&#8221; custom_button=&#8221;on&#8221; button_text_size=&#8221;22px&#8221; button_text_color=&#8221;#FFFFFF&#8221; button_bg_color=&#8221;#FF6237&#8243; button_icon=&#8221;&#x35;||divi||400&#8243; button_on_hover=&#8221;off&#8221; custom_margin=&#8221;||||false|false&#8221; custom_padding=&#8221;|||29px|false|false&#8221; button_text_size_tablet=&#8221;20px&#8221; button_text_size_phone=&#8221;18px&#8221; button_text_size_last_edited=&#8221;on|phone&#8221; locked=&#8221;off&#8221; global_colors_info=&#8221;{}&#8221;][\/et_pb_button][\/et_pb_column][\/et_pb_row][\/et_pb_section][et_pb_section fb_built=&#8221;1&#8243; admin_label=&#8221;c04&#8243; module_id=&#8221;c04&#8243; _builder_version=&#8221;4.23.1&#8243; _module_preset=&#8221;default&#8221; custom_padding=&#8221;20px||20px||true|false&#8221; locked=&#8221;off&#8221; collapsed=&#8221;on&#8221; global_colors_info=&#8221;{}&#8221;][et_pb_row _builder_version=&#8221;4.21.0&#8243; _module_preset=&#8221;default&#8221; custom_padding=&#8221;||17px|||&#8221; global_colors_info=&#8221;{}&#8221;][et_pb_column type=&#8221;4_4&#8243; _builder_version=&#8221;4.21.0&#8243; _module_preset=&#8221;default&#8221; global_colors_info=&#8221;{}&#8221;][et_pb_text _builder_version=&#8221;4.23.1&#8243; _module_preset=&#8221;default&#8221; text_font=&#8221;|600|||||||&#8221; text_text_color=&#8221;#FF6237&#8243; text_font_size=&#8221;34px&#8221; header_2_font=&#8221;|700|||||||&#8221; header_2_text_align=&#8221;center&#8221; header_2_font_size=&#8221;37px&#8221; text_orientation=&#8221;center&#8221; text_line_height_tablet=&#8221;&#8221; text_line_height_phone=&#8221;0.8em&#8221; text_line_height_last_edited=&#8221;on|phone&#8221; header_2_font_size_tablet=&#8221;33px&#8221; header_2_font_size_phone=&#8221;28px&#8221; header_2_font_size_last_edited=&#8221;on|tablet&#8221; global_colors_info=&#8221;{}&#8221;]<\/p>\n<h2>C04 \u2013 Modernisme en Passeig de Gr\u00e0cia i Barri G\u00f2tic<\/h2>\n<p>[\/et_pb_text][\/et_pb_column][\/et_pb_row][et_pb_row column_structure=&#8221;1_4,1_4,1_4,1_4&#8243; make_equal=&#8221;on&#8221; _builder_version=&#8221;4.23.1&#8243; _module_preset=&#8221;default&#8221; background_color=&#8221;rgba(255,98,55,0.13)&#8221; width=&#8221;100%&#8221; width_tablet=&#8221;100%&#8221; width_phone=&#8221;100%&#8221; width_last_edited=&#8221;on|tablet&#8221; max_width=&#8221;90%&#8221; max_width_tablet=&#8221;100%&#8221; max_width_phone=&#8221;100%&#8221; max_width_last_edited=&#8221;on|tablet&#8221; custom_margin=&#8221;0px||0px||false|false&#8221; custom_padding=&#8221;0px||0px||true|false&#8221; locked=&#8221;off&#8221; global_colors_info=&#8221;{}&#8221;][et_pb_column type=&#8221;1_4&#8243; _builder_version=&#8221;4.21.0&#8243; _module_preset=&#8221;default&#8221; custom_padding=&#8221;30px|||40px|false|false&#8221; custom_padding_tablet=&#8221;30px|||40px|false|false&#8221; custom_padding_phone=&#8221;30px|||40px|false|false&#8221; custom_padding_last_edited=&#8221;on|phone&#8221; global_colors_info=&#8221;{}&#8221;][et_pb_image src=&#8221;https:\/\/teguioenbarcelona.com\/wp-content\/uploads\/2023\/07\/donde.svg&#8221; alt=&#8221;donde&#8221; title_text=&#8221;donde&#8221; _builder_version=&#8221;4.21.0&#8243; _module_preset=&#8221;default&#8221; width=&#8221;30px&#8221; width_tablet=&#8221;14%&#8221; width_phone=&#8221;10%&#8221; width_last_edited=&#8221;on|phone&#8221; custom_margin=&#8221;0px||13px||false|false&#8221; custom_padding=&#8221;0px||0px||false|false&#8221; global_colors_info=&#8221;{}&#8221;][\/et_pb_image][et_pb_text _builder_version=&#8221;4.23.1&#8243; _module_preset=&#8221;default&#8221; text_font=&#8221;|700|||||||&#8221; text_text_color=&#8221;#FF6237&#8243; text_font_size=&#8221;18px&#8221; background_color=&#8221;RGBA(255,255,255,0)&#8221; custom_margin=&#8221;0px||10px||false|false&#8221; custom_margin_tablet=&#8221;0px||9px|40px|false|false&#8221; custom_margin_phone=&#8221;0px||9px|40px|false|false&#8221; custom_margin_last_edited=&#8221;on|tablet&#8221; custom_padding=&#8221;0px||0px||false|false&#8221; global_colors_info=&#8221;{}&#8221;]On[\/et_pb_text][et_pb_text _builder_version=&#8221;4.23.1&#8243; _module_preset=&#8221;default&#8221; text_font=&#8221;Bitter|500|on||||||&#8221; text_text_color=&#8221;#000000&#8243; text_font_size=&#8221;18px&#8221; background_color=&#8221;RGBA(255,255,255,0)&#8221; custom_margin=&#8221;0px||0px||false|false&#8221; custom_padding=&#8221;0px||0px||false|false&#8221; locked=&#8221;off&#8221; global_colors_info=&#8221;{}&#8221;]<\/p>\n<p>Passeig de Gr\u00e0cia i Barri G\u00f2tic<\/p>\n<p>[\/et_pb_text][\/et_pb_column][et_pb_column type=&#8221;1_4&#8243; _builder_version=&#8221;4.21.0&#8243; _module_preset=&#8221;default&#8221; custom_padding=&#8221;30px||||false|false&#8221; custom_padding_tablet=&#8221;30px||||false|false&#8221; custom_padding_phone=&#8221;0px||||false|false&#8221; custom_padding_last_edited=&#8221;on|phone&#8221; global_colors_info=&#8221;{}&#8221;][et_pb_image src=&#8221;https:\/\/teguioenbarcelona.com\/wp-content\/uploads\/2023\/07\/como.svg&#8221; alt=&#8221;como&#8221; title_text=&#8221;como&#8221; _builder_version=&#8221;4.21.0&#8243; _module_preset=&#8221;default&#8221; width=&#8221;40px&#8221; width_tablet=&#8221;41px&#8221; width_phone=&#8221;39px&#8221; width_last_edited=&#8221;on|phone&#8221; custom_margin=&#8221;0px||20px||false|false&#8221; custom_margin_tablet=&#8221;0px||20px||false|false&#8221; custom_margin_phone=&#8221;0px|30px|20px|40px|false|false&#8221; custom_margin_last_edited=&#8221;on|phone&#8221; custom_padding=&#8221;0px||0px||false|false&#8221; global_colors_info=&#8221;{}&#8221;][\/et_pb_image][et_pb_text _builder_version=&#8221;4.23.1&#8243; _module_preset=&#8221;default&#8221; text_font=&#8221;|700|||||||&#8221; text_text_color=&#8221;#FF6237&#8243; text_font_size=&#8221;18px&#8221; background_color=&#8221;RGBA(255,255,255,0)&#8221; custom_margin=&#8221;0px||10px||false|false&#8221; custom_margin_tablet=&#8221;0px||9px|40px|false|false&#8221; custom_margin_phone=&#8221;0px||9px|40px|false|false&#8221; custom_margin_last_edited=&#8221;on|tablet&#8221; custom_padding=&#8221;0px||0px||false|false&#8221; global_colors_info=&#8221;{}&#8221;]<\/p>\n<p>Com<\/p>\n<p>[\/et_pb_text][et_pb_text _builder_version=&#8221;4.23.1&#8243; _module_preset=&#8221;default&#8221; text_font=&#8221;Bitter|500|on||||||&#8221; text_text_color=&#8221;#000000&#8243; text_font_size=&#8221;18px&#8221; background_color=&#8221;RGBA(255,255,255,0)&#8221; custom_margin=&#8221;0px||20px||false|false&#8221; custom_margin_tablet=&#8221;0px||20px||false|false&#8221; custom_margin_phone=&#8221;0px|30px|0px|40px|false|false&#8221; custom_margin_last_edited=&#8221;on|phone&#8221; custom_padding=&#8221;0px||0px||false|false&#8221; locked=&#8221;off&#8221; global_colors_info=&#8221;{}&#8221;]<\/p>\n<p>Ruta a peu<\/p>\n<p>[\/et_pb_text][\/et_pb_column][et_pb_column type=&#8221;1_4&#8243; _builder_version=&#8221;4.21.0&#8243; _module_preset=&#8221;default&#8221; custom_padding=&#8221;30px||||false|false&#8221; custom_padding_tablet=&#8221;30px||||false|false&#8221; custom_padding_phone=&#8221;0px||||false|false&#8221; custom_padding_last_edited=&#8221;on|phone&#8221; global_colors_info=&#8221;{}&#8221;][et_pb_image src=&#8221;https:\/\/teguioenbarcelona.com\/wp-content\/uploads\/2023\/07\/duracion.svg&#8221; alt=&#8221;duracion&#8221; title_text=&#8221;duracion&#8221; _builder_version=&#8221;4.23.1&#8243; _module_preset=&#8221;default&#8221; width=&#8221;40px&#8221; width_tablet=&#8221;41px&#8221; width_phone=&#8221;39px&#8221; width_last_edited=&#8221;on|tablet&#8221; custom_margin=&#8221;0px||20px||false|false&#8221; custom_margin_tablet=&#8221;0px||9px|40px|false|false&#8221; custom_margin_phone=&#8221;||||false|false&#8221; custom_margin_last_edited=&#8221;on|tablet&#8221; custom_padding=&#8221;0px||0px||false|false&#8221; global_colors_info=&#8221;{}&#8221;][\/et_pb_image][et_pb_text _builder_version=&#8221;4.23.1&#8243; _module_preset=&#8221;default&#8221; text_font=&#8221;|700|||||||&#8221; text_text_color=&#8221;#FF6237&#8243; text_font_size=&#8221;18px&#8221; background_color=&#8221;RGBA(255,255,255,0)&#8221; custom_margin=&#8221;0px||10px||false|false&#8221; custom_margin_tablet=&#8221;0px||9px|40px|false|false&#8221; custom_margin_phone=&#8221;0px||9px|40px|false|false&#8221; custom_margin_last_edited=&#8221;on|tablet&#8221; custom_padding=&#8221;0px||0px||false|false&#8221; global_colors_info=&#8221;{}&#8221;]<\/p>\n<p>Durada<\/p>\n<p>[\/et_pb_text][et_pb_text _builder_version=&#8221;4.23.1&#8243; _module_preset=&#8221;default&#8221; text_font=&#8221;Bitter|500|on||||||&#8221; text_text_color=&#8221;#000000&#8243; text_font_size=&#8221;18px&#8221; background_color=&#8221;RGBA(255,255,255,0)&#8221; custom_margin=&#8221;0px||9px||false|false&#8221; custom_margin_tablet=&#8221;0px||9px|40px|false|false&#8221; custom_margin_phone=&#8221;|30px|||false|false&#8221; custom_margin_last_edited=&#8221;on|tablet&#8221; custom_padding=&#8221;0px||0px||false|false&#8221; locked=&#8221;off&#8221; global_colors_info=&#8221;{}&#8221;]<\/p>\n<p>4 hores<\/p>\n<p>[\/et_pb_text][\/et_pb_column][et_pb_column type=&#8221;1_4&#8243; _builder_version=&#8221;4.23.1&#8243; _module_preset=&#8221;default&#8221; background_color=&#8221;#FF6237&#8243; custom_padding=&#8221;30px|15px|30px|15px|false|true&#8221; global_colors_info=&#8221;{}&#8221;][et_pb_text _builder_version=&#8221;4.27.4&#8243; _module_preset=&#8221;default&#8221; text_font=&#8221;Poppins|700|||||||&#8221; text_text_color=&#8221;#000000&#8243; text_font_size=&#8221;60px&#8221; text_line_height=&#8221;1.1em&#8221; background_color=&#8221;RGBA(255,255,255,0)&#8221; text_orientation=&#8221;center&#8221; custom_margin=&#8221;0px||0px||false|false&#8221; custom_padding=&#8221;0px||0px||false|false&#8221; hover_enabled=&#8221;0&#8243; global_colors_info=&#8221;{}&#8221; sticky_enabled=&#8221;0&#8243;]<\/p>\n<p>315\u20ac<\/p>\n<p>[\/et_pb_text][et_pb_text _builder_version=&#8221;4.23.1&#8243; _module_preset=&#8221;default&#8221; text_font=&#8221;|600|||||||&#8221; text_orientation=&#8221;center&#8221; custom_margin=&#8221;0px||0px||false|false&#8221; custom_padding=&#8221;0px||0px||false|false&#8221; global_colors_info=&#8221;{}&#8221;]<\/p>\n<p>21% IVA incl\u00f2s<\/p>\n<p>[\/et_pb_text][et_pb_text _builder_version=&#8221;4.23.1&#8243; _module_preset=&#8221;default&#8221; text_font=&#8221;|700|||||||&#8221; text_text_color=&#8221;#FFFFFF&#8221; text_font_size=&#8221;20px&#8221; text_orientation=&#8221;center&#8221; custom_margin=&#8221;10px||20px||false|false&#8221; custom_padding=&#8221;0px||0px||false|false&#8221; global_colors_info=&#8221;{}&#8221;]Preu per grup[\/et_pb_text][et_pb_text _builder_version=&#8221;4.23.1&#8243; _module_preset=&#8221;default&#8221; text_font=&#8221;||||||||&#8221; text_font_size=&#8221;15px&#8221; text_line_height=&#8221;1em&#8221; text_orientation=&#8221;center&#8221; custom_margin=&#8221;0px||0px||false|false&#8221; custom_padding=&#8221;0px||0px||false|false&#8221; locked=&#8221;off&#8221; global_colors_info=&#8221;{}&#8221;]*Consulta les restriccions existents sobre la grand\u00e0ria dels grups.[\/et_pb_text][\/et_pb_column][\/et_pb_row][et_pb_row column_structure=&#8221;2_5,3_5&#8243; _builder_version=&#8221;4.21.0&#8243; _module_preset=&#8221;default&#8221; global_colors_info=&#8221;{}&#8221;][et_pb_column type=&#8221;2_5&#8243; _builder_version=&#8221;4.21.0&#8243; _module_preset=&#8221;default&#8221; global_colors_info=&#8221;{}&#8221;][et_pb_image src=&#8221;https:\/\/teguioenbarcelona.com\/wp-content\/uploads\/2023\/12\/barcelona-paseo-gracia.webp&#8221; alt=&#8221;barcelona paseo gracia&#8221; title_text=&#8221;barcelona paseo gracia&#8221; _builder_version=&#8221;4.23.1&#8243; _module_preset=&#8221;default&#8221; border_radii=&#8221;on|22px|22px|22px|22px&#8221; global_colors_info=&#8221;{}&#8221;][\/et_pb_image][et_pb_image src=&#8221;https:\/\/teguioenbarcelona.com\/wp-content\/uploads\/2023\/12\/plaza-rei-colegio2.webp&#8221; alt=&#8221;Barcelona medieval&#8221; title_text=&#8221;Barcelona medieval&#8221; _builder_version=&#8221;4.23.1&#8243; _module_preset=&#8221;default&#8221; border_radii=&#8221;on|22px|22px|22px|22px&#8221; global_colors_info=&#8221;{}&#8221;][\/et_pb_image][\/et_pb_column][et_pb_column type=&#8221;3_5&#8243; _builder_version=&#8221;4.21.0&#8243; _module_preset=&#8221;default&#8221; global_colors_info=&#8221;{}&#8221;][et_pb_text _builder_version=&#8221;4.23.1&#8243; _module_preset=&#8221;default&#8221; text_font=&#8221;|300|||||||&#8221; text_font_size=&#8221;21px&#8221; text_line_height=&#8221;1.1em&#8221; locked=&#8221;off&#8221; global_colors_info=&#8221;{}&#8221;]<\/p>\n<p>En 1854, una Reial orde del Govern de Madrid autoritza l&#8217;enderrocament de les muralles\u2026 Barcelona s&#8217;expandeix, la burgesia aprofita el moment i construeix grans edificis s\u00edmbol del seu estatus i posici\u00f3.<\/p>\n<p>[\/et_pb_text][et_pb_text _builder_version=&#8221;4.23.1&#8243; _module_preset=&#8221;default&#8221; text_font=&#8221;|300|||||||&#8221; custom_margin=&#8221;-15px||||false|false&#8221; locked=&#8221;off&#8221; global_colors_info=&#8221;{}&#8221;]<\/p>\n<p>Recorrerem a peu <strong>Passeig de Gr\u00e0cia<\/strong>, per a contemplar des de l&#8217;exterior alguns dels edificis modernistes m\u00e9s significatius de la ciutat: la Casa Fuster, Palau Bar\u00f3 de Quadras, Casa Thomas, Antoni Costa, Casa Mil\u00e0 (La Pedrera), Casa Ametller i Casa Lle\u00f3 Morera, entre altres.<\/p>\n<p>El final de Passeig de Gr\u00e0cia ens porta a Plaza Catalunya, des d&#8217;on ens introduirem en el <strong>Barri G\u00f2tic<\/strong>.<\/p>\n<p>En el centre hist\u00f2ric descobrirem l&#8217;origen Romano de la ciutat, i la seva evoluci\u00f3 Medieval i Moderna.<\/p>\n<p>[\/et_pb_text][et_pb_button button_url=&#8221;#formulari&#8221; button_text=&#8221;M&#8217;interessa&#8221; _builder_version=&#8221;4.23.1&#8243; _module_preset=&#8221;default&#8221; custom_button=&#8221;on&#8221; button_text_size=&#8221;22px&#8221; button_text_color=&#8221;#FFFFFF&#8221; button_bg_color=&#8221;#FF6237&#8243; button_icon=&#8221;&#x35;||divi||400&#8243; button_on_hover=&#8221;off&#8221; custom_margin=&#8221;||||false|false&#8221; custom_padding=&#8221;|||29px|false|false&#8221; button_text_size_tablet=&#8221;20px&#8221; button_text_size_phone=&#8221;18px&#8221; button_text_size_last_edited=&#8221;on|phone&#8221; locked=&#8221;off&#8221; global_colors_info=&#8221;{}&#8221;][\/et_pb_button][\/et_pb_column][\/et_pb_row][\/et_pb_section][et_pb_section fb_built=&#8221;1&#8243; admin_label=&#8221;c05&#8243; module_id=&#8221;c05&#8243; _builder_version=&#8221;4.23.1&#8243; _module_preset=&#8221;default&#8221; custom_padding=&#8221;20px||20px||true|false&#8221; locked=&#8221;off&#8221; collapsed=&#8221;on&#8221; global_colors_info=&#8221;{}&#8221;][et_pb_row _builder_version=&#8221;4.21.0&#8243; _module_preset=&#8221;default&#8221; custom_padding=&#8221;||17px|||&#8221; global_colors_info=&#8221;{}&#8221;][et_pb_column type=&#8221;4_4&#8243; _builder_version=&#8221;4.21.0&#8243; _module_preset=&#8221;default&#8221; global_colors_info=&#8221;{}&#8221;][et_pb_text _builder_version=&#8221;4.23.1&#8243; _module_preset=&#8221;default&#8221; text_font=&#8221;|600|||||||&#8221; text_text_color=&#8221;#FF6237&#8243; text_font_size=&#8221;34px&#8221; header_2_font=&#8221;|700|||||||&#8221; header_2_text_align=&#8221;center&#8221; header_2_font_size=&#8221;37px&#8221; text_orientation=&#8221;center&#8221; text_line_height_tablet=&#8221;&#8221; text_line_height_phone=&#8221;0.8em&#8221; text_line_height_last_edited=&#8221;on|phone&#8221; header_2_font_size_tablet=&#8221;33px&#8221; header_2_font_size_phone=&#8221;28px&#8221; header_2_font_size_last_edited=&#8221;on|tablet&#8221; global_colors_info=&#8221;{}&#8221;]<\/p>\n<h2>C05 \u2013 Ruta Panor\u00e0mica i Barri G\u00f2tic<\/h2>\n<p>[\/et_pb_text][\/et_pb_column][\/et_pb_row][et_pb_row column_structure=&#8221;1_4,1_4,1_4,1_4&#8243; make_equal=&#8221;on&#8221; _builder_version=&#8221;4.23.1&#8243; _module_preset=&#8221;default&#8221; background_color=&#8221;rgba(255,98,55,0.13)&#8221; width=&#8221;100%&#8221; width_tablet=&#8221;100%&#8221; width_phone=&#8221;100%&#8221; width_last_edited=&#8221;on|tablet&#8221; max_width=&#8221;90%&#8221; max_width_tablet=&#8221;100%&#8221; max_width_phone=&#8221;100%&#8221; max_width_last_edited=&#8221;on|tablet&#8221; custom_margin=&#8221;0px||0px||false|false&#8221; custom_padding=&#8221;0px||0px||true|false&#8221; locked=&#8221;off&#8221; global_colors_info=&#8221;{}&#8221;][et_pb_column type=&#8221;1_4&#8243; _builder_version=&#8221;4.21.0&#8243; _module_preset=&#8221;default&#8221; custom_padding=&#8221;30px|||40px|false|false&#8221; custom_padding_tablet=&#8221;30px|||40px|false|false&#8221; custom_padding_phone=&#8221;30px|||40px|false|false&#8221; custom_padding_last_edited=&#8221;on|phone&#8221; global_colors_info=&#8221;{}&#8221;][et_pb_image src=&#8221;https:\/\/teguioenbarcelona.com\/wp-content\/uploads\/2023\/07\/donde.svg&#8221; alt=&#8221;donde&#8221; title_text=&#8221;donde&#8221; _builder_version=&#8221;4.21.0&#8243; _module_preset=&#8221;default&#8221; width=&#8221;30px&#8221; width_tablet=&#8221;14%&#8221; width_phone=&#8221;10%&#8221; width_last_edited=&#8221;on|phone&#8221; custom_margin=&#8221;0px||13px||false|false&#8221; custom_padding=&#8221;0px||0px||false|false&#8221; global_colors_info=&#8221;{}&#8221;][\/et_pb_image][et_pb_text _builder_version=&#8221;4.23.1&#8243; _module_preset=&#8221;default&#8221; text_font=&#8221;|700|||||||&#8221; text_text_color=&#8221;#FF6237&#8243; text_font_size=&#8221;18px&#8221; background_color=&#8221;RGBA(255,255,255,0)&#8221; custom_margin=&#8221;0px||10px||false|false&#8221; custom_margin_tablet=&#8221;0px||9px|40px|false|false&#8221; custom_margin_phone=&#8221;0px||9px|40px|false|false&#8221; custom_margin_last_edited=&#8221;on|tablet&#8221; custom_padding=&#8221;0px||0px||false|false&#8221; global_colors_info=&#8221;{}&#8221;]On[\/et_pb_text][et_pb_text _builder_version=&#8221;4.23.1&#8243; _module_preset=&#8221;default&#8221; text_font=&#8221;Bitter|500|on||||||&#8221; text_text_color=&#8221;#000000&#8243; text_font_size=&#8221;18px&#8221; background_color=&#8221;RGBA(255,255,255,0)&#8221; custom_margin=&#8221;0px||0px||false|false&#8221; custom_padding=&#8221;0px||0px||false|false&#8221; locked=&#8221;off&#8221; global_colors_info=&#8221;{}&#8221;]<\/p>\n<p>Barcelona en autocar i Barri G\u00f2tic<\/p>\n<p>[\/et_pb_text][\/et_pb_column][et_pb_column type=&#8221;1_4&#8243; _builder_version=&#8221;4.21.0&#8243; _module_preset=&#8221;default&#8221; custom_padding=&#8221;30px||||false|false&#8221; custom_padding_tablet=&#8221;30px||||false|false&#8221; custom_padding_phone=&#8221;0px||||false|false&#8221; custom_padding_last_edited=&#8221;on|phone&#8221; global_colors_info=&#8221;{}&#8221;][et_pb_image src=&#8221;https:\/\/teguioenbarcelona.com\/wp-content\/uploads\/2023\/07\/como.svg&#8221; alt=&#8221;como&#8221; title_text=&#8221;como&#8221; _builder_version=&#8221;4.21.0&#8243; _module_preset=&#8221;default&#8221; width=&#8221;40px&#8221; width_tablet=&#8221;41px&#8221; width_phone=&#8221;39px&#8221; width_last_edited=&#8221;on|phone&#8221; custom_margin=&#8221;0px||20px||false|false&#8221; custom_margin_tablet=&#8221;0px||20px||false|false&#8221; custom_margin_phone=&#8221;0px|30px|20px|40px|false|false&#8221; custom_margin_last_edited=&#8221;on|phone&#8221; custom_padding=&#8221;0px||0px||false|false&#8221; global_colors_info=&#8221;{}&#8221;][\/et_pb_image][et_pb_text _builder_version=&#8221;4.23.1&#8243; _module_preset=&#8221;default&#8221; text_font=&#8221;|700|||||||&#8221; text_text_color=&#8221;#FF6237&#8243; text_font_size=&#8221;18px&#8221; background_color=&#8221;RGBA(255,255,255,0)&#8221; custom_margin=&#8221;0px||10px||false|false&#8221; custom_margin_tablet=&#8221;0px||9px|40px|false|false&#8221; custom_margin_phone=&#8221;0px||9px|40px|false|false&#8221; custom_margin_last_edited=&#8221;on|tablet&#8221; custom_padding=&#8221;0px||0px||false|false&#8221; global_colors_info=&#8221;{}&#8221;]<\/p>\n<p>Com<\/p>\n<p>[\/et_pb_text][et_pb_text _builder_version=&#8221;4.23.1&#8243; _module_preset=&#8221;default&#8221; text_font=&#8221;Bitter|500|on||||||&#8221; text_text_color=&#8221;#000000&#8243; text_font_size=&#8221;18px&#8221; background_color=&#8221;RGBA(255,255,255,0)&#8221; custom_margin=&#8221;0px||20px||false|false&#8221; custom_margin_tablet=&#8221;0px||20px||false|false&#8221; custom_margin_phone=&#8221;0px|30px|0px|40px|false|false&#8221; custom_margin_last_edited=&#8221;on|phone&#8221; custom_padding=&#8221;0px||0px||false|false&#8221; locked=&#8221;off&#8221; global_colors_info=&#8221;{}&#8221;]<\/p>\n<p>Ruta que combina autocar i a peu<\/p>\n<p>[\/et_pb_text][\/et_pb_column][et_pb_column type=&#8221;1_4&#8243; _builder_version=&#8221;4.21.0&#8243; _module_preset=&#8221;default&#8221; custom_padding=&#8221;30px||||false|false&#8221; custom_padding_tablet=&#8221;30px||||false|false&#8221; custom_padding_phone=&#8221;0px||||false|false&#8221; custom_padding_last_edited=&#8221;on|phone&#8221; global_colors_info=&#8221;{}&#8221;][et_pb_image src=&#8221;https:\/\/teguioenbarcelona.com\/wp-content\/uploads\/2023\/07\/duracion.svg&#8221; alt=&#8221;duracion&#8221; title_text=&#8221;duracion&#8221; _builder_version=&#8221;4.23.1&#8243; _module_preset=&#8221;default&#8221; width=&#8221;40px&#8221; width_tablet=&#8221;41px&#8221; width_phone=&#8221;39px&#8221; width_last_edited=&#8221;on|tablet&#8221; custom_margin=&#8221;0px||20px||false|false&#8221; custom_margin_tablet=&#8221;0px||9px|40px|false|false&#8221; custom_margin_phone=&#8221;||||false|false&#8221; custom_margin_last_edited=&#8221;on|tablet&#8221; custom_padding=&#8221;0px||0px||false|false&#8221; global_colors_info=&#8221;{}&#8221;][\/et_pb_image][et_pb_text _builder_version=&#8221;4.23.1&#8243; _module_preset=&#8221;default&#8221; text_font=&#8221;|700|||||||&#8221; text_text_color=&#8221;#FF6237&#8243; text_font_size=&#8221;18px&#8221; background_color=&#8221;RGBA(255,255,255,0)&#8221; custom_margin=&#8221;0px||10px||false|false&#8221; custom_margin_tablet=&#8221;0px||9px|40px|false|false&#8221; custom_margin_phone=&#8221;0px||9px|40px|false|false&#8221; custom_margin_last_edited=&#8221;on|tablet&#8221; custom_padding=&#8221;0px||0px||false|false&#8221; global_colors_info=&#8221;{}&#8221;]<\/p>\n<p>Durada<\/p>\n<p>[\/et_pb_text][et_pb_text _builder_version=&#8221;4.23.1&#8243; _module_preset=&#8221;default&#8221; text_font=&#8221;Bitter|500|on||||||&#8221; text_text_color=&#8221;#000000&#8243; text_font_size=&#8221;18px&#8221; background_color=&#8221;RGBA(255,255,255,0)&#8221; custom_margin=&#8221;0px||9px||false|false&#8221; custom_margin_tablet=&#8221;0px||9px|40px|false|false&#8221; custom_margin_phone=&#8221;|30px|||false|false&#8221; custom_margin_last_edited=&#8221;on|tablet&#8221; custom_padding=&#8221;0px||0px||false|false&#8221; locked=&#8221;off&#8221; global_colors_info=&#8221;{}&#8221;]<\/p>\n<p>4 hores<\/p>\n<p>[\/et_pb_text][\/et_pb_column][et_pb_column type=&#8221;1_4&#8243; _builder_version=&#8221;4.23.1&#8243; _module_preset=&#8221;default&#8221; background_color=&#8221;#FF6237&#8243; custom_padding=&#8221;30px|15px|30px|15px|false|true&#8221; global_colors_info=&#8221;{}&#8221;][et_pb_text _builder_version=&#8221;4.27.4&#8243; _module_preset=&#8221;default&#8221; text_font=&#8221;Poppins|700|||||||&#8221; text_text_color=&#8221;#000000&#8243; text_font_size=&#8221;60px&#8221; text_line_height=&#8221;1.1em&#8221; background_color=&#8221;RGBA(255,255,255,0)&#8221; text_orientation=&#8221;center&#8221; custom_margin=&#8221;0px||0px||false|false&#8221; custom_padding=&#8221;0px||0px||false|false&#8221; hover_enabled=&#8221;0&#8243; global_colors_info=&#8221;{}&#8221; sticky_enabled=&#8221;0&#8243;]<\/p>\n<p>315\u20ac*<\/p>\n<p>[\/et_pb_text][et_pb_text _builder_version=&#8221;4.23.1&#8243; _module_preset=&#8221;default&#8221; text_font=&#8221;|600|||||||&#8221; text_orientation=&#8221;center&#8221; custom_margin=&#8221;0px||0px||false|false&#8221; custom_padding=&#8221;0px||0px||false|false&#8221; global_colors_info=&#8221;{}&#8221;]<\/p>\n<p>21% IVA incl\u00f2s<\/p>\n<p>[\/et_pb_text][et_pb_text _builder_version=&#8221;4.23.1&#8243; _module_preset=&#8221;default&#8221; text_font=&#8221;|700|||||||&#8221; text_text_color=&#8221;#FFFFFF&#8221; text_font_size=&#8221;20px&#8221; text_orientation=&#8221;center&#8221; custom_margin=&#8221;10px||20px||false|false&#8221; custom_padding=&#8221;0px||0px||false|false&#8221; global_colors_info=&#8221;{}&#8221;]Preu per grup[\/et_pb_text][et_pb_text _builder_version=&#8221;4.23.1&#8243; _module_preset=&#8221;default&#8221; text_font=&#8221;||||||||&#8221; text_font_size=&#8221;15px&#8221; text_line_height=&#8221;1em&#8221; text_orientation=&#8221;center&#8221; custom_margin=&#8221;0px||0px||false|false&#8221; custom_padding=&#8221;0px||0px||false|false&#8221; locked=&#8221;off&#8221; global_colors_info=&#8221;{}&#8221;]*Consulta les restriccions existents sobre la grand\u00e0ria dels grups.[\/et_pb_text][\/et_pb_column][\/et_pb_row][et_pb_row make_equal=&#8221;on&#8221; _builder_version=&#8221;4.23.1&#8243; _module_preset=&#8221;default&#8221; width=&#8221;100%&#8221; width_tablet=&#8221;100%&#8221; width_phone=&#8221;100%&#8221; width_last_edited=&#8221;on|tablet&#8221; max_width=&#8221;90%&#8221; max_width_tablet=&#8221;100%&#8221; max_width_phone=&#8221;100%&#8221; max_width_last_edited=&#8221;on|tablet&#8221; custom_margin=&#8221;10px||10px||true|false&#8221; custom_padding=&#8221;0px||0px||true|false&#8221; locked=&#8221;off&#8221; global_colors_info=&#8221;{}&#8221;][et_pb_column type=&#8221;4_4&#8243; _builder_version=&#8221;4.23.1&#8243; _module_preset=&#8221;default&#8221; global_colors_info=&#8221;{}&#8221;][et_pb_text _builder_version=&#8221;4.23.1&#8243; _module_preset=&#8221;default&#8221; text_font=&#8221;||||||||&#8221; text_text_color=&#8221;#181F27&#8243; text_orientation=&#8221;center&#8221; custom_margin=&#8221;0px||0px||false|false&#8221; custom_padding=&#8221;0px||0px||false|false&#8221; global_colors_info=&#8221;{}&#8221;]<\/p>\n<p><strong>*<\/strong> Heu de preveure el cost d&#8217;un autocar per a despla\u00e7ar-nos pels diferents llocs. Consulteu-nos si voleu que ens encarreguem nosaltres.<\/p>\n<p>[\/et_pb_text][\/et_pb_column][\/et_pb_row][et_pb_row column_structure=&#8221;2_5,3_5&#8243; _builder_version=&#8221;4.21.0&#8243; _module_preset=&#8221;default&#8221; global_colors_info=&#8221;{}&#8221;][et_pb_column type=&#8221;2_5&#8243; _builder_version=&#8221;4.21.0&#8243; _module_preset=&#8221;default&#8221; global_colors_info=&#8221;{}&#8221;][et_pb_image src=&#8221;https:\/\/teguioenbarcelona.com\/wp-content\/uploads\/2023\/12\/ruta-panoramica.webp&#8221; alt=&#8221;ruta panoramica&#8221; title_text=&#8221;ruta panoramica&#8221; _builder_version=&#8221;4.23.1&#8243; _module_preset=&#8221;default&#8221; border_radii=&#8221;on|22px|22px|22px|22px&#8221; global_colors_info=&#8221;{}&#8221;][\/et_pb_image][et_pb_image src=&#8221;https:\/\/teguioenbarcelona.com\/wp-content\/uploads\/2023\/12\/plaza-rei-colegio2.webp&#8221; alt=&#8221;Barcelona medieval&#8221; title_text=&#8221;Barcelona medieval&#8221; _builder_version=&#8221;4.23.1&#8243; _module_preset=&#8221;default&#8221; border_radii=&#8221;on|22px|22px|22px|22px&#8221; global_colors_info=&#8221;{}&#8221;][\/et_pb_image][\/et_pb_column][et_pb_column type=&#8221;3_5&#8243; _builder_version=&#8221;4.21.0&#8243; _module_preset=&#8221;default&#8221; global_colors_info=&#8221;{}&#8221;][et_pb_text _builder_version=&#8221;4.23.1&#8243; _module_preset=&#8221;default&#8221; text_font=&#8221;|300|||||||&#8221; text_font_size=&#8221;21px&#8221; text_line_height=&#8221;1.1em&#8221; locked=&#8221;off&#8221; global_colors_info=&#8221;{}&#8221;]<\/p>\n<p>Us proposem comen\u00e7ar la ruta amb un recorregut panor\u00e0mic de 2 hores en autocar. Visitarem la muntanya Ol\u00edmpica, C\u00f2lon, Moll de l&#8217;Assot, Sagrada Fam\u00edlia (exterior), Passeig de Gr\u00e0cia (on veurem els famosos edificis modernistes que all\u00ed es troben), per a finalitzar en pla\u00e7a Catalunya, on deixarem l&#8217;autocar.<\/p>\n<p>[\/et_pb_text][et_pb_text _builder_version=&#8221;4.23.1&#8243; _module_preset=&#8221;default&#8221; text_font=&#8221;|300|||||||&#8221; custom_margin=&#8221;-15px||||false|false&#8221; locked=&#8221;off&#8221; global_colors_info=&#8221;{}&#8221;]<\/p>\n<p>Des de Plaza Catalunya ens introduirem en el <strong>Barri G\u00f2tic<\/strong>. En el centre hist\u00f2ric descobrirem l&#8217;origen Romano de la ciutat, i la seva evoluci\u00f3 Medieval i Moderna.<\/p>\n<p>[\/et_pb_text][et_pb_button button_url=&#8221;#formulari&#8221; button_text=&#8221;M&#8217;interessa&#8221; _builder_version=&#8221;4.23.1&#8243; _module_preset=&#8221;default&#8221; custom_button=&#8221;on&#8221; button_text_size=&#8221;22px&#8221; button_text_color=&#8221;#FFFFFF&#8221; button_bg_color=&#8221;#FF6237&#8243; button_icon=&#8221;&#x35;||divi||400&#8243; button_on_hover=&#8221;off&#8221; custom_margin=&#8221;||||false|false&#8221; custom_padding=&#8221;|||29px|false|false&#8221; button_text_size_tablet=&#8221;20px&#8221; button_text_size_phone=&#8221;18px&#8221; button_text_size_last_edited=&#8221;on|phone&#8221; locked=&#8221;off&#8221; global_colors_info=&#8221;{}&#8221;][\/et_pb_button][\/et_pb_column][\/et_pb_row][\/et_pb_section][et_pb_section fb_built=&#8221;1&#8243; admin_label=&#8221;c06&#8243; module_id=&#8221;c06&#8243; _builder_version=&#8221;4.23.1&#8243; _module_preset=&#8221;default&#8221; custom_padding=&#8221;20px||20px||true|false&#8221; locked=&#8221;off&#8221; collapsed=&#8221;on&#8221; global_colors_info=&#8221;{}&#8221;][et_pb_row _builder_version=&#8221;4.21.0&#8243; _module_preset=&#8221;default&#8221; custom_padding=&#8221;||17px|||&#8221; global_colors_info=&#8221;{}&#8221;][et_pb_column type=&#8221;4_4&#8243; _builder_version=&#8221;4.21.0&#8243; _module_preset=&#8221;default&#8221; global_colors_info=&#8221;{}&#8221;][et_pb_text _builder_version=&#8221;4.23.1&#8243; _module_preset=&#8221;default&#8221; text_font=&#8221;|600|||||||&#8221; text_text_color=&#8221;#FF6237&#8243; text_font_size=&#8221;34px&#8221; header_2_font=&#8221;|700|||||||&#8221; header_2_text_align=&#8221;center&#8221; header_2_font_size=&#8221;37px&#8221; text_orientation=&#8221;center&#8221; text_line_height_tablet=&#8221;&#8221; text_line_height_phone=&#8221;0.8em&#8221; text_line_height_last_edited=&#8221;on|phone&#8221; header_2_font_size_tablet=&#8221;33px&#8221; header_2_font_size_phone=&#8221;28px&#8221; header_2_font_size_last_edited=&#8221;on|tablet&#8221; global_colors_info=&#8221;{}&#8221;]<\/p>\n<h2>C06 \u2013 Sagrada Fam\u00edlia, minipanor\u00e0mic al Passeig de Gr\u00e0cia i Barri G\u00f2tic<\/h2>\n<p>[\/et_pb_text][\/et_pb_column][\/et_pb_row][et_pb_row column_structure=&#8221;1_4,1_4,1_4,1_4&#8243; make_equal=&#8221;on&#8221; _builder_version=&#8221;4.23.1&#8243; _module_preset=&#8221;default&#8221; background_color=&#8221;rgba(255,98,55,0.13)&#8221; width=&#8221;100%&#8221; width_tablet=&#8221;100%&#8221; width_phone=&#8221;100%&#8221; width_last_edited=&#8221;on|tablet&#8221; max_width=&#8221;90%&#8221; max_width_tablet=&#8221;100%&#8221; max_width_phone=&#8221;100%&#8221; max_width_last_edited=&#8221;on|tablet&#8221; custom_margin=&#8221;0px||0px||false|false&#8221; custom_padding=&#8221;0px||0px||true|false&#8221; locked=&#8221;off&#8221; global_colors_info=&#8221;{}&#8221;][et_pb_column type=&#8221;1_4&#8243; _builder_version=&#8221;4.21.0&#8243; _module_preset=&#8221;default&#8221; custom_padding=&#8221;30px|||40px|false|false&#8221; custom_padding_tablet=&#8221;30px|||40px|false|false&#8221; custom_padding_phone=&#8221;30px|||40px|false|false&#8221; custom_padding_last_edited=&#8221;on|phone&#8221; global_colors_info=&#8221;{}&#8221;][et_pb_image src=&#8221;https:\/\/teguioenbarcelona.com\/wp-content\/uploads\/2023\/07\/donde.svg&#8221; alt=&#8221;donde&#8221; title_text=&#8221;donde&#8221; _builder_version=&#8221;4.21.0&#8243; _module_preset=&#8221;default&#8221; width=&#8221;30px&#8221; width_tablet=&#8221;14%&#8221; width_phone=&#8221;10%&#8221; width_last_edited=&#8221;on|phone&#8221; custom_margin=&#8221;0px||13px||false|false&#8221; custom_padding=&#8221;0px||0px||false|false&#8221; global_colors_info=&#8221;{}&#8221;][\/et_pb_image][et_pb_text _builder_version=&#8221;4.23.1&#8243; _module_preset=&#8221;default&#8221; text_font=&#8221;|700|||||||&#8221; text_text_color=&#8221;#FF6237&#8243; text_font_size=&#8221;18px&#8221; background_color=&#8221;RGBA(255,255,255,0)&#8221; custom_margin=&#8221;0px||10px||false|false&#8221; custom_margin_tablet=&#8221;0px||9px|40px|false|false&#8221; custom_margin_phone=&#8221;0px||9px|40px|false|false&#8221; custom_margin_last_edited=&#8221;on|tablet&#8221; custom_padding=&#8221;0px||0px||false|false&#8221; global_colors_info=&#8221;{}&#8221;]On[\/et_pb_text][et_pb_text _builder_version=&#8221;4.23.1&#8243; _module_preset=&#8221;default&#8221; text_font=&#8221;Bitter|500|on||||||&#8221; text_text_color=&#8221;#000000&#8243; text_font_size=&#8221;18px&#8221; background_color=&#8221;RGBA(255,255,255,0)&#8221; custom_margin=&#8221;0px||0px||false|false&#8221; custom_padding=&#8221;0px||0px||false|false&#8221; locked=&#8221;off&#8221; global_colors_info=&#8221;{}&#8221;]<\/p>\n<p>Sagrada Fam\u00edlia i Barri G\u00f2tic<\/p>\n<p>[\/et_pb_text][\/et_pb_column][et_pb_column type=&#8221;1_4&#8243; _builder_version=&#8221;4.21.0&#8243; _module_preset=&#8221;default&#8221; custom_padding=&#8221;30px||||false|false&#8221; custom_padding_tablet=&#8221;30px||||false|false&#8221; custom_padding_phone=&#8221;0px||||false|false&#8221; custom_padding_last_edited=&#8221;on|phone&#8221; global_colors_info=&#8221;{}&#8221;][et_pb_image src=&#8221;https:\/\/teguioenbarcelona.com\/wp-content\/uploads\/2023\/07\/como.svg&#8221; alt=&#8221;como&#8221; title_text=&#8221;como&#8221; _builder_version=&#8221;4.21.0&#8243; _module_preset=&#8221;default&#8221; width=&#8221;40px&#8221; width_tablet=&#8221;41px&#8221; width_phone=&#8221;39px&#8221; width_last_edited=&#8221;on|phone&#8221; custom_margin=&#8221;0px||20px||false|false&#8221; custom_margin_tablet=&#8221;0px||20px||false|false&#8221; custom_margin_phone=&#8221;0px|30px|20px|40px|false|false&#8221; custom_margin_last_edited=&#8221;on|phone&#8221; custom_padding=&#8221;0px||0px||false|false&#8221; global_colors_info=&#8221;{}&#8221;][\/et_pb_image][et_pb_text _builder_version=&#8221;4.23.1&#8243; _module_preset=&#8221;default&#8221; text_font=&#8221;|700|||||||&#8221; text_text_color=&#8221;#FF6237&#8243; text_font_size=&#8221;18px&#8221; background_color=&#8221;RGBA(255,255,255,0)&#8221; custom_margin=&#8221;0px||10px||false|false&#8221; custom_margin_tablet=&#8221;0px||9px|40px|false|false&#8221; custom_margin_phone=&#8221;0px||9px|40px|false|false&#8221; custom_margin_last_edited=&#8221;on|tablet&#8221; custom_padding=&#8221;0px||0px||false|false&#8221; global_colors_info=&#8221;{}&#8221;]<\/p>\n<p>Com<\/p>\n<p>[\/et_pb_text][et_pb_text _builder_version=&#8221;4.23.1&#8243; _module_preset=&#8221;default&#8221; text_font=&#8221;Bitter|500|on||||||&#8221; text_text_color=&#8221;#000000&#8243; text_font_size=&#8221;18px&#8221; background_color=&#8221;RGBA(255,255,255,0)&#8221; custom_margin=&#8221;0px||20px||false|false&#8221; custom_margin_tablet=&#8221;0px||20px||false|false&#8221; custom_margin_phone=&#8221;0px|30px|0px|40px|false|false&#8221; custom_margin_last_edited=&#8221;on|phone&#8221; custom_padding=&#8221;0px||0px||false|false&#8221; locked=&#8221;off&#8221; global_colors_info=&#8221;{}&#8221;]<\/p>\n<p>Ruta que combina autocar i a peu<\/p>\n<p>[\/et_pb_text][\/et_pb_column][et_pb_column type=&#8221;1_4&#8243; _builder_version=&#8221;4.21.0&#8243; _module_preset=&#8221;default&#8221; custom_padding=&#8221;30px||||false|false&#8221; custom_padding_tablet=&#8221;30px||||false|false&#8221; custom_padding_phone=&#8221;0px||||false|false&#8221; custom_padding_last_edited=&#8221;on|phone&#8221; global_colors_info=&#8221;{}&#8221;][et_pb_image src=&#8221;https:\/\/teguioenbarcelona.com\/wp-content\/uploads\/2023\/07\/duracion.svg&#8221; alt=&#8221;duracion&#8221; title_text=&#8221;duracion&#8221; _builder_version=&#8221;4.23.1&#8243; _module_preset=&#8221;default&#8221; width=&#8221;40px&#8221; width_tablet=&#8221;41px&#8221; width_phone=&#8221;39px&#8221; width_last_edited=&#8221;on|tablet&#8221; custom_margin=&#8221;0px||20px||false|false&#8221; custom_margin_tablet=&#8221;0px||9px|40px|false|false&#8221; custom_margin_phone=&#8221;||||false|false&#8221; custom_margin_last_edited=&#8221;on|tablet&#8221; custom_padding=&#8221;0px||0px||false|false&#8221; global_colors_info=&#8221;{}&#8221;][\/et_pb_image][et_pb_text _builder_version=&#8221;4.23.1&#8243; _module_preset=&#8221;default&#8221; text_font=&#8221;|700|||||||&#8221; text_text_color=&#8221;#FF6237&#8243; text_font_size=&#8221;18px&#8221; background_color=&#8221;RGBA(255,255,255,0)&#8221; custom_margin=&#8221;0px||10px||false|false&#8221; custom_margin_tablet=&#8221;0px||9px|40px|false|false&#8221; custom_margin_phone=&#8221;0px||9px|40px|false|false&#8221; custom_margin_last_edited=&#8221;on|tablet&#8221; custom_padding=&#8221;0px||0px||false|false&#8221; global_colors_info=&#8221;{}&#8221;]<\/p>\n<p>Durada<\/p>\n<p>[\/et_pb_text][et_pb_text _builder_version=&#8221;4.23.1&#8243; _module_preset=&#8221;default&#8221; text_font=&#8221;Bitter|500|on||||||&#8221; text_text_color=&#8221;#000000&#8243; text_font_size=&#8221;18px&#8221; background_color=&#8221;RGBA(255,255,255,0)&#8221; custom_margin=&#8221;0px||9px||false|false&#8221; custom_margin_tablet=&#8221;0px||9px|40px|false|false&#8221; custom_margin_phone=&#8221;|30px|||false|false&#8221; custom_margin_last_edited=&#8221;on|tablet&#8221; custom_padding=&#8221;0px||0px||false|false&#8221; locked=&#8221;off&#8221; global_colors_info=&#8221;{}&#8221;]<\/p>\n<p>4 hores<\/p>\n<p>[\/et_pb_text][\/et_pb_column][et_pb_column type=&#8221;1_4&#8243; _builder_version=&#8221;4.23.1&#8243; _module_preset=&#8221;default&#8221; background_color=&#8221;#FF6237&#8243; custom_padding=&#8221;30px|15px|30px|15px|false|true&#8221; global_colors_info=&#8221;{}&#8221;][et_pb_text _builder_version=&#8221;4.27.4&#8243; _module_preset=&#8221;default&#8221; text_font=&#8221;Poppins|700|||||||&#8221; text_text_color=&#8221;#000000&#8243; text_font_size=&#8221;60px&#8221; text_line_height=&#8221;1.1em&#8221; background_color=&#8221;RGBA(255,255,255,0)&#8221; text_orientation=&#8221;center&#8221; custom_margin=&#8221;0px||0px||false|false&#8221; custom_padding=&#8221;0px||0px||false|false&#8221; hover_enabled=&#8221;0&#8243; global_colors_info=&#8221;{}&#8221; sticky_enabled=&#8221;0&#8243;]<\/p>\n<p>315\u20ac*<\/p>\n<p>[\/et_pb_text][et_pb_text _builder_version=&#8221;4.23.1&#8243; _module_preset=&#8221;default&#8221; text_font=&#8221;|600|||||||&#8221; text_orientation=&#8221;center&#8221; custom_margin=&#8221;0px||0px||false|false&#8221; custom_padding=&#8221;0px||0px||false|false&#8221; global_colors_info=&#8221;{}&#8221;]<\/p>\n<p>21% IVA incl\u00f2s<\/p>\n<p>[\/et_pb_text][et_pb_text _builder_version=&#8221;4.23.1&#8243; _module_preset=&#8221;default&#8221; text_font=&#8221;|700|||||||&#8221; text_text_color=&#8221;#FFFFFF&#8221; text_font_size=&#8221;20px&#8221; text_orientation=&#8221;center&#8221; custom_margin=&#8221;10px||20px||false|false&#8221; custom_padding=&#8221;0px||0px||false|false&#8221; global_colors_info=&#8221;{}&#8221;]Preu per grup<\/p>\n<p>M\u00e9s cost d&#8217;entrades a Sagrada Fam\u00edlia[\/et_pb_text][et_pb_text _builder_version=&#8221;4.23.1&#8243; _module_preset=&#8221;default&#8221; text_font=&#8221;||||||||&#8221; text_font_size=&#8221;15px&#8221; text_line_height=&#8221;1em&#8221; text_orientation=&#8221;center&#8221; custom_margin=&#8221;0px||0px||false|false&#8221; custom_padding=&#8221;0px||0px||false|false&#8221; locked=&#8221;off&#8221; global_colors_info=&#8221;{}&#8221;]*Consulta les restriccions existents sobre la grand\u00e0ria dels grups.[\/et_pb_text][\/et_pb_column][\/et_pb_row][et_pb_row make_equal=&#8221;on&#8221; _builder_version=&#8221;4.23.1&#8243; _module_preset=&#8221;default&#8221; width=&#8221;100%&#8221; width_tablet=&#8221;100%&#8221; width_phone=&#8221;100%&#8221; width_last_edited=&#8221;on|tablet&#8221; max_width=&#8221;90%&#8221; max_width_tablet=&#8221;100%&#8221; max_width_phone=&#8221;100%&#8221; max_width_last_edited=&#8221;on|tablet&#8221; custom_margin=&#8221;10px||10px||true|false&#8221; custom_padding=&#8221;0px||0px||true|false&#8221; locked=&#8221;off&#8221; global_colors_info=&#8221;{}&#8221;][et_pb_column type=&#8221;4_4&#8243; _builder_version=&#8221;4.23.1&#8243; _module_preset=&#8221;default&#8221; global_colors_info=&#8221;{}&#8221;][et_pb_text _builder_version=&#8221;4.23.1&#8243; _module_preset=&#8221;default&#8221; text_font=&#8221;||||||||&#8221; text_text_color=&#8221;#181F27&#8243; text_orientation=&#8221;center&#8221; custom_margin=&#8221;0px||0px||false|false&#8221; custom_padding=&#8221;0px||0px||false|false&#8221; global_colors_info=&#8221;{}&#8221;]<strong>*<\/strong>Heu de preveure el cost d&#8217;un autocar per a despla\u00e7ar-nos pels diferents llocs. Consulteu-nos si voleu que ens encarreguem nosaltres.[\/et_pb_text][\/et_pb_column][\/et_pb_row][et_pb_row column_structure=&#8221;2_5,3_5&#8243; _builder_version=&#8221;4.21.0&#8243; _module_preset=&#8221;default&#8221; global_colors_info=&#8221;{}&#8221;][et_pb_column type=&#8221;2_5&#8243; _builder_version=&#8221;4.21.0&#8243; _module_preset=&#8221;default&#8221; global_colors_info=&#8221;{}&#8221;][et_pb_image src=&#8221;https:\/\/teguioenbarcelona.com\/wp-content\/uploads\/2023\/12\/sagrada-familia.webp&#8221; alt=&#8221;sagrada familia&#8221; title_text=&#8221;sagrada familia&#8221; _builder_version=&#8221;4.23.1&#8243; _module_preset=&#8221;default&#8221; border_radii=&#8221;on|22px|22px|22px|22px&#8221; global_colors_info=&#8221;{}&#8221;][\/et_pb_image][et_pb_image src=&#8221;https:\/\/teguioenbarcelona.com\/wp-content\/uploads\/2023\/12\/plaza-rei-colegio2.webp&#8221; alt=&#8221;Barcelona medieval&#8221; title_text=&#8221;Barcelona medieval&#8221; _builder_version=&#8221;4.23.1&#8243; _module_preset=&#8221;default&#8221; border_radii=&#8221;on|22px|22px|22px|22px&#8221; global_colors_info=&#8221;{}&#8221;][\/et_pb_image][\/et_pb_column][et_pb_column type=&#8221;3_5&#8243; _builder_version=&#8221;4.21.0&#8243; _module_preset=&#8221;default&#8221; global_colors_info=&#8221;{}&#8221;][et_pb_text _builder_version=&#8221;4.23.1&#8243; _module_preset=&#8221;default&#8221; text_font=&#8221;|300|||||||&#8221; text_font_size=&#8221;21px&#8221; text_line_height=&#8221;1.1em&#8221; locked=&#8221;off&#8221; global_colors_info=&#8221;{}&#8221;]Iniciem la ruta amb una visita a l&#8217;interior de la Sagrada Fam\u00edlia, dedicant aproximadament 90 minuts a visitar el Temple.[\/et_pb_text][et_pb_text _builder_version=&#8221;4.23.1&#8243; _module_preset=&#8221;default&#8221; text_font=&#8221;|300|||||||&#8221; custom_margin=&#8221;-15px||||false|false&#8221; locked=&#8221;off&#8221; global_colors_info=&#8221;{}&#8221;]<\/p>\n<p>Finalitzada la visita ens dirigirem a Plaza Catalunya en autocar, passant per Passeig de Gr\u00e0cia, per a veure (sense baixar de l&#8217;autocar) els famosos edificis modernista que all\u00ed es troben (La Pedrera, La Casa Batll\u00f3\u2026).<\/p>\n<p>En Plaza Catalunya baixarem de l&#8217;autocar per a introduir-nos en el <strong>Barri G\u00f2tic<\/strong>. En el centre hist\u00f2ric descobrirem l&#8217;origen Romano de la ciutat, i la seva evoluci\u00f3 Medieval i Moderna.<\/p>\n<p>[\/et_pb_text][et_pb_button button_url=&#8221;#formulari&#8221; button_text=&#8221;M&#8217;interessa&#8221; _builder_version=&#8221;4.23.1&#8243; _module_preset=&#8221;default&#8221; custom_button=&#8221;on&#8221; button_text_size=&#8221;22px&#8221; button_text_color=&#8221;#FFFFFF&#8221; button_bg_color=&#8221;#FF6237&#8243; button_icon=&#8221;&#x35;||divi||400&#8243; button_on_hover=&#8221;off&#8221; custom_margin=&#8221;||||false|false&#8221; custom_padding=&#8221;|||29px|false|false&#8221; button_text_size_tablet=&#8221;20px&#8221; button_text_size_phone=&#8221;18px&#8221; button_text_size_last_edited=&#8221;on|phone&#8221; locked=&#8221;off&#8221; global_colors_info=&#8221;{}&#8221;][\/et_pb_button][\/et_pb_column][\/et_pb_row][\/et_pb_section]<\/p>\n","protected":false},"excerpt":{"rendered":"<p>Les nostres excursions per la ciutat poden ensenyar la hist\u00f2ria, la cultura i arquitectura a alumnes de centres educatius, instituts, i tots els grups docents.<\/p>\n","protected":false},"author":4,"featured_media":605,"parent":0,"menu_order":0,"comment_status":"closed","ping_status":"closed","template":"","meta":{"_acf_changed":false,"_et_pb_use_builder":"on","_et_pb_old_content":"","_et_gb_content_width":"","footnotes":""},"class_list":["post-4652","page","type-page","status-publish","has-post-thumbnail","hentry"],"acf":[],"yoast_head":"<!-- This site is optimized with the Yoast SEO plugin v27.5 - https:\/\/yoast.com\/product\/yoast-seo-wordpress\/ -->\n<title>Escoles - TeGuioEnBarcelona<\/title>\n<meta name=\"description\" content=\"Ensenyem la hist\u00f2ria, la cultura i arquitectura a alumnes de centres educatius, instituts, i tots els grups docents. Coneix-nos!\" \/>\n<meta name=\"robots\" content=\"index, follow, max-snippet:-1, max-image-preview:large, max-video-preview:-1\" \/>\n<link rel=\"canonical\" href=\"https:\/\/teguioenbarcelona.com\/colegios\/\" \/>\n<meta property=\"og:locale\" content=\"ca_ES\" \/>\n<meta property=\"og:type\" content=\"article\" \/>\n<meta property=\"og:title\" content=\"Escoles - TeGuioEnBarcelona\" \/>\n<meta property=\"og:description\" content=\"Ensenyem la hist\u00f2ria, la cultura i arquitectura a alumnes de centres educatius, instituts, i tots els grups docents. Coneix-nos!\" \/>\n<meta property=\"og:url\" content=\"https:\/\/teguioenbarcelona.com\/colegios\/\" \/>\n<meta property=\"og:site_name\" content=\"TeGuioEnBarcelona\" \/>\n<meta property=\"article:modified_time\" content=\"2025-12-21T13:55:47+00:00\" \/>\n<meta property=\"og:image\" content=\"https:\/\/teguioenbarcelona.com\/wp-content\/uploads\/2023\/07\/teguio-logo-pagina.png\" \/>\n\t<meta property=\"og:image:width\" content=\"600\" \/>\n\t<meta property=\"og:image:height\" content=\"269\" \/>\n\t<meta property=\"og:image:type\" content=\"image\/png\" \/>\n<meta name=\"twitter:card\" content=\"summary_large_image\" \/>\n<meta name=\"twitter:label1\" content=\"Temps estimat de lectura\" \/>\n\t<meta name=\"twitter:data1\" content=\"86 minuts\" \/>\n<script type=\"application\/ld+json\" class=\"yoast-schema-graph\">{\"@context\":\"https:\\\/\\\/schema.org\",\"@graph\":[{\"@type\":\"WebPage\",\"@id\":\"https:\\\/\\\/teguioenbarcelona.com\\\/colegios\\\/\",\"url\":\"https:\\\/\\\/teguioenbarcelona.com\\\/colegios\\\/\",\"name\":\"Escoles - TeGuioEnBarcelona\",\"isPartOf\":{\"@id\":\"https:\\\/\\\/teguioenbarcelona.com\\\/#website\"},\"primaryImageOfPage\":{\"@id\":\"https:\\\/\\\/teguioenbarcelona.com\\\/colegios\\\/#primaryimage\"},\"image\":{\"@id\":\"https:\\\/\\\/teguioenbarcelona.com\\\/colegios\\\/#primaryimage\"},\"thumbnailUrl\":\"https:\\\/\\\/teguioenbarcelona.com\\\/wp-content\\\/uploads\\\/2023\\\/07\\\/teguio-logo-pagina.png\",\"datePublished\":\"2023-11-23T16:39:13+00:00\",\"dateModified\":\"2025-12-21T13:55:47+00:00\",\"description\":\"Ensenyem la hist\u00f2ria, la cultura i arquitectura a alumnes de centres educatius, instituts, i tots els grups docents. Coneix-nos!\",\"breadcrumb\":{\"@id\":\"https:\\\/\\\/teguioenbarcelona.com\\\/colegios\\\/#breadcrumb\"},\"inLanguage\":\"ca\",\"potentialAction\":[{\"@type\":\"ReadAction\",\"target\":[\"https:\\\/\\\/teguioenbarcelona.com\\\/colegios\\\/\"]}]},{\"@type\":\"ImageObject\",\"inLanguage\":\"ca\",\"@id\":\"https:\\\/\\\/teguioenbarcelona.com\\\/colegios\\\/#primaryimage\",\"url\":\"https:\\\/\\\/teguioenbarcelona.com\\\/wp-content\\\/uploads\\\/2023\\\/07\\\/teguio-logo-pagina.png\",\"contentUrl\":\"https:\\\/\\\/teguioenbarcelona.com\\\/wp-content\\\/uploads\\\/2023\\\/07\\\/teguio-logo-pagina.png\",\"width\":600,\"height\":269,\"caption\":\"TeGuioEnBarcelona\"},{\"@type\":\"BreadcrumbList\",\"@id\":\"https:\\\/\\\/teguioenbarcelona.com\\\/colegios\\\/#breadcrumb\",\"itemListElement\":[{\"@type\":\"ListItem\",\"position\":1,\"name\":\"Portada\",\"item\":\"https:\\\/\\\/teguioenbarcelona.com\\\/\"},{\"@type\":\"ListItem\",\"position\":2,\"name\":\"Escoles\"}]},{\"@type\":\"WebSite\",\"@id\":\"https:\\\/\\\/teguioenbarcelona.com\\\/#website\",\"url\":\"https:\\\/\\\/teguioenbarcelona.com\\\/\",\"name\":\"TeGuioEnBarcelona\",\"description\":\"Visita Barcelona con Gu\u00eda Oficial\",\"potentialAction\":[{\"@type\":\"SearchAction\",\"target\":{\"@type\":\"EntryPoint\",\"urlTemplate\":\"https:\\\/\\\/teguioenbarcelona.com\\\/?s={search_term_string}\"},\"query-input\":{\"@type\":\"PropertyValueSpecification\",\"valueRequired\":true,\"valueName\":\"search_term_string\"}}],\"inLanguage\":\"ca\"}]}<\/script>\n<!-- \/ Yoast SEO plugin. -->","yoast_head_json":{"title":"Escoles - TeGuioEnBarcelona","description":"Ensenyem la hist\u00f2ria, la cultura i arquitectura a alumnes de centres educatius, instituts, i tots els grups docents. Coneix-nos!","robots":{"index":"index","follow":"follow","max-snippet":"max-snippet:-1","max-image-preview":"max-image-preview:large","max-video-preview":"max-video-preview:-1"},"canonical":"https:\/\/teguioenbarcelona.com\/colegios\/","og_locale":"ca_ES","og_type":"article","og_title":"Escoles - TeGuioEnBarcelona","og_description":"Ensenyem la hist\u00f2ria, la cultura i arquitectura a alumnes de centres educatius, instituts, i tots els grups docents. Coneix-nos!","og_url":"https:\/\/teguioenbarcelona.com\/colegios\/","og_site_name":"TeGuioEnBarcelona","article_modified_time":"2025-12-21T13:55:47+00:00","og_image":[{"width":600,"height":269,"url":"https:\/\/teguioenbarcelona.com\/wp-content\/uploads\/2023\/07\/teguio-logo-pagina.png","type":"image\/png"}],"twitter_card":"summary_large_image","twitter_misc":{"Temps estimat de lectura":"86 minuts"},"schema":{"@context":"https:\/\/schema.org","@graph":[{"@type":"WebPage","@id":"https:\/\/teguioenbarcelona.com\/colegios\/","url":"https:\/\/teguioenbarcelona.com\/colegios\/","name":"Escoles - TeGuioEnBarcelona","isPartOf":{"@id":"https:\/\/teguioenbarcelona.com\/#website"},"primaryImageOfPage":{"@id":"https:\/\/teguioenbarcelona.com\/colegios\/#primaryimage"},"image":{"@id":"https:\/\/teguioenbarcelona.com\/colegios\/#primaryimage"},"thumbnailUrl":"https:\/\/teguioenbarcelona.com\/wp-content\/uploads\/2023\/07\/teguio-logo-pagina.png","datePublished":"2023-11-23T16:39:13+00:00","dateModified":"2025-12-21T13:55:47+00:00","description":"Ensenyem la hist\u00f2ria, la cultura i arquitectura a alumnes de centres educatius, instituts, i tots els grups docents. Coneix-nos!","breadcrumb":{"@id":"https:\/\/teguioenbarcelona.com\/colegios\/#breadcrumb"},"inLanguage":"ca","potentialAction":[{"@type":"ReadAction","target":["https:\/\/teguioenbarcelona.com\/colegios\/"]}]},{"@type":"ImageObject","inLanguage":"ca","@id":"https:\/\/teguioenbarcelona.com\/colegios\/#primaryimage","url":"https:\/\/teguioenbarcelona.com\/wp-content\/uploads\/2023\/07\/teguio-logo-pagina.png","contentUrl":"https:\/\/teguioenbarcelona.com\/wp-content\/uploads\/2023\/07\/teguio-logo-pagina.png","width":600,"height":269,"caption":"TeGuioEnBarcelona"},{"@type":"BreadcrumbList","@id":"https:\/\/teguioenbarcelona.com\/colegios\/#breadcrumb","itemListElement":[{"@type":"ListItem","position":1,"name":"Portada","item":"https:\/\/teguioenbarcelona.com\/"},{"@type":"ListItem","position":2,"name":"Escoles"}]},{"@type":"WebSite","@id":"https:\/\/teguioenbarcelona.com\/#website","url":"https:\/\/teguioenbarcelona.com\/","name":"TeGuioEnBarcelona","description":"Visita Barcelona con Gu\u00eda Oficial","potentialAction":[{"@type":"SearchAction","target":{"@type":"EntryPoint","urlTemplate":"https:\/\/teguioenbarcelona.com\/?s={search_term_string}"},"query-input":{"@type":"PropertyValueSpecification","valueRequired":true,"valueName":"search_term_string"}}],"inLanguage":"ca"}]}},"_links":{"self":[{"href":"https:\/\/teguioenbarcelona.com\/ca\/wp-json\/wp\/v2\/pages\/4652","targetHints":{"allow":["GET"]}}],"collection":[{"href":"https:\/\/teguioenbarcelona.com\/ca\/wp-json\/wp\/v2\/pages"}],"about":[{"href":"https:\/\/teguioenbarcelona.com\/ca\/wp-json\/wp\/v2\/types\/page"}],"author":[{"embeddable":true,"href":"https:\/\/teguioenbarcelona.com\/ca\/wp-json\/wp\/v2\/users\/4"}],"replies":[{"embeddable":true,"href":"https:\/\/teguioenbarcelona.com\/ca\/wp-json\/wp\/v2\/comments?post=4652"}],"version-history":[{"count":31,"href":"https:\/\/teguioenbarcelona.com\/ca\/wp-json\/wp\/v2\/pages\/4652\/revisions"}],"predecessor-version":[{"id":6056,"href":"https:\/\/teguioenbarcelona.com\/ca\/wp-json\/wp\/v2\/pages\/4652\/revisions\/6056"}],"wp:featuredmedia":[{"embeddable":true,"href":"https:\/\/teguioenbarcelona.com\/ca\/wp-json\/wp\/v2\/media\/605"}],"wp:attachment":[{"href":"https:\/\/teguioenbarcelona.com\/ca\/wp-json\/wp\/v2\/media?parent=4652"}],"curies":[{"name":"wp","href":"https:\/\/api.w.org\/{rel}","templated":true}]}}